{"id":5291,"date":"2021-09-29T19:07:57","date_gmt":"2021-09-29T19:07:57","guid":{"rendered":"https:\/\/marianist.org\/?page_id=5291"},"modified":"2021-09-29T19:38:20","modified_gmt":"2021-09-29T19:38:20","slug":"deaths_2005_fr","status":"publish","type":"page","link":"https:\/\/marianist.org\/es\/deaths_2005_fr\/","title":{"rendered":"Deaths 2005 &#8211; FR"},"content":{"rendered":"\t\t<div data-elementor-type=\"wp-page\" data-elementor-id=\"5291\" class=\"elementor elementor-5291\" data-elementor-post-type=\"page\">\n\t\t\t\t\t\t<section class=\"elementor-section elementor-top-section elementor-element elementor-element-33e336f elementor-section-full_width elementor-section-height-default elementor-section-height-default\" data-id=\"33e336f\" data-element_type=\"section\" data-e-type=\"section\" data-settings=\"{&quot;background_background&quot;:&quot;classic&quot;}\">\n\t\t\t\t\t\t<div class=\"elementor-container elementor-column-gap-default\">\n\t\t\t\t\t<div class=\"elementor-column elementor-col-100 elementor-top-column elementor-element elementor-element-3cf63d9\" data-id=\"3cf63d9\" data-element_type=\"column\" data-e-type=\"column\" data-settings=\"{&quot;background_background&quot;:&quot;classic&quot;}\">\n\t\t\t<div class=\"elementor-widget-wrap elementor-element-populated\">\n\t\t\t\t\t\t<div class=\"elementor-element elementor-element-8011311 elementor-nav-menu--dropdown-none elementor-widget__width-inherit elementor-widget elementor-widget-nav-menu\" data-id=\"8011311\" data-element_type=\"widget\" data-e-type=\"widget\" data-settings=\"{&quot;layout&quot;:&quot;horizontal&quot;,&quot;submenu_icon&quot;:{&quot;value&quot;:&quot;&lt;i class=\\&quot;fas fa-caret-down\\&quot; aria-hidden=\\&quot;true\\&quot;&gt;&lt;\\\/i&gt;&quot;,&quot;library&quot;:&quot;fa-solid&quot;}}\" data-widget_type=\"nav-menu.default\">\n\t\t\t\t<div class=\"elementor-widget-container\">\n\t\t\t\t\t\t\t\t<nav aria-label=\"Men\u00fa\" class=\"elementor-nav-menu--main elementor-nav-menu__container elementor-nav-menu--layout-horizontal e--pointer-background e--animation-fade\">\n\t\t\t\t<ul id=\"menu-1-8011311\" class=\"elementor-nav-menu\"><li class=\"menu-item menu-item-type-post_type menu-item-object-page menu-item-home menu-item-866\"><a href=\"https:\/\/marianist.org\/es\/\" class=\"elementor-item menu-link\">Home<\/a><\/li>\n<li class=\"menu-item menu-item-type-post_type menu-item-object-page menu-item-964\"><a href=\"https:\/\/marianist.org\/es\/elementor-761\/society-of-mary-sm\/\" class=\"elementor-item menu-link\">Society of Mary (SM)<\/a><\/li>\n<li class=\"menu-item menu-item-type-custom menu-item-object-custom menu-item-has-children menu-item-982\"><a role=\"button\" aria-expanded=\"false\" class=\"elementor-item menu-link\">Marianist Family<\/a>\n<ul class=\"sub-menu elementor-nav-menu--dropdown\">\n\t<li class=\"menu-item menu-item-type-post_type menu-item-object-page menu-item-987\"><a href=\"https:\/\/marianist.org\/es\/elementor-761\/world-council\/\" class=\"elementor-sub-item menu-link\">World Council<\/a><\/li>\n\t<li class=\"menu-item menu-item-type-post_type menu-item-object-page menu-item-867\"><a href=\"https:\/\/marianist.org\/es\/elementor-761\/alliance-mariale\/\" class=\"elementor-sub-item menu-link\">Alliance Mariale (AM)<\/a><\/li>\n\t<li class=\"menu-item menu-item-type-custom menu-item-object-custom menu-item-977\"><a href=\"https:\/\/www.fmi-adele.org\/en\/\" class=\"elementor-sub-item menu-link\">Daughters of Mary Immaculate (FMI)<\/a><\/li>\n\t<li class=\"menu-item menu-item-type-custom menu-item-object-custom menu-item-978\"><a href=\"http:\/\/www.clm-mlc.org\/\" class=\"elementor-sub-item menu-link\">Lay Communities (MLC-CLM)<\/a><\/li>\n<\/ul>\n<\/li>\n<li class=\"menu-item menu-item-type-post_type menu-item-object-page menu-item-has-children menu-item-8825\"><a role=\"button\" aria-expanded=\"false\" href=\"https:\/\/marianist.org\/es\/elementor-761\/world-council\/who-we-are\/\" class=\"elementor-item menu-link\">Who we are<\/a>\n<ul class=\"sub-menu elementor-nav-menu--dropdown\">\n\t<li class=\"menu-item menu-item-type-post_type menu-item-object-page menu-item-8770\"><a href=\"https:\/\/marianist.org\/es\/elementor-761\/society-of-mary-sm\/sm-about\/sm-marianist-world-map\/\" class=\"elementor-sub-item menu-link\">SM &#8211; Interactive Marianist World Map<\/a><\/li>\n<\/ul>\n<\/li>\n<\/ul>\t\t\t<\/nav>\n\t\t\t\t\t\t<nav class=\"elementor-nav-menu--dropdown elementor-nav-menu__container\" aria-hidden=\"true\">\n\t\t\t\t<ul id=\"menu-2-8011311\" class=\"elementor-nav-menu\"><li class=\"menu-item menu-item-type-post_type menu-item-object-page menu-item-home menu-item-866\"><a href=\"https:\/\/marianist.org\/es\/\" class=\"elementor-item menu-link\" tabindex=\"-1\">Home<\/a><\/li>\n<li class=\"menu-item menu-item-type-post_type menu-item-object-page menu-item-964\"><a href=\"https:\/\/marianist.org\/es\/elementor-761\/society-of-mary-sm\/\" class=\"elementor-item menu-link\" tabindex=\"-1\">Society of Mary (SM)<\/a><\/li>\n<li class=\"menu-item menu-item-type-custom menu-item-object-custom menu-item-has-children menu-item-982\"><a role=\"button\" aria-expanded=\"false\" class=\"elementor-item menu-link\" tabindex=\"-1\">Marianist Family<\/a>\n<ul class=\"sub-menu elementor-nav-menu--dropdown\">\n\t<li class=\"menu-item menu-item-type-post_type menu-item-object-page menu-item-987\"><a href=\"https:\/\/marianist.org\/es\/elementor-761\/world-council\/\" class=\"elementor-sub-item menu-link\" tabindex=\"-1\">World Council<\/a><\/li>\n\t<li class=\"menu-item menu-item-type-post_type menu-item-object-page menu-item-867\"><a href=\"https:\/\/marianist.org\/es\/elementor-761\/alliance-mariale\/\" class=\"elementor-sub-item menu-link\" tabindex=\"-1\">Alliance Mariale (AM)<\/a><\/li>\n\t<li class=\"menu-item menu-item-type-custom menu-item-object-custom menu-item-977\"><a href=\"https:\/\/www.fmi-adele.org\/en\/\" class=\"elementor-sub-item menu-link\" tabindex=\"-1\">Daughters of Mary Immaculate (FMI)<\/a><\/li>\n\t<li class=\"menu-item menu-item-type-custom menu-item-object-custom menu-item-978\"><a href=\"http:\/\/www.clm-mlc.org\/\" class=\"elementor-sub-item menu-link\" tabindex=\"-1\">Lay Communities (MLC-CLM)<\/a><\/li>\n<\/ul>\n<\/li>\n<li class=\"menu-item menu-item-type-post_type menu-item-object-page menu-item-has-children menu-item-8825\"><a role=\"button\" aria-expanded=\"false\" href=\"https:\/\/marianist.org\/es\/elementor-761\/world-council\/who-we-are\/\" class=\"elementor-item menu-link\" tabindex=\"-1\">Who we are<\/a>\n<ul class=\"sub-menu elementor-nav-menu--dropdown\">\n\t<li class=\"menu-item menu-item-type-post_type menu-item-object-page menu-item-8770\"><a href=\"https:\/\/marianist.org\/es\/elementor-761\/society-of-mary-sm\/sm-about\/sm-marianist-world-map\/\" class=\"elementor-sub-item menu-link\" tabindex=\"-1\">SM &#8211; Interactive Marianist World Map<\/a><\/li>\n<\/ul>\n<\/li>\n<\/ul>\t\t\t<\/nav>\n\t\t\t\t\t\t<\/div>\n\t\t\t\t<\/div>\n\t\t\t\t\t<\/div>\n\t\t<\/div>\n\t\t\t\t\t<\/div>\n\t\t<\/section>\n\t\t\t\t<section class=\"elementor-section elementor-top-section elementor-element elementor-element-08e59e5 elementor-section-boxed elementor-section-height-default elementor-section-height-default\" data-id=\"08e59e5\" data-element_type=\"section\" data-e-type=\"section\">\n\t\t\t\t\t\t<div class=\"elementor-container elementor-column-gap-default\">\n\t\t\t\t\t<div class=\"elementor-column elementor-col-100 elementor-top-column elementor-element elementor-element-d956420\" data-id=\"d956420\" data-element_type=\"column\" data-e-type=\"column\">\n\t\t\t<div class=\"elementor-widget-wrap elementor-element-populated\">\n\t\t\t\t\t\t<div class=\"elementor-element elementor-element-d357620 elementor-widget elementor-widget-template\" data-id=\"d357620\" data-element_type=\"widget\" data-e-type=\"widget\" data-widget_type=\"template.default\">\n\t\t\t\t<div class=\"elementor-widget-container\">\n\t\t\t\t\t\t\t<div class=\"elementor-template\">\n\t\t\t\t\t<div data-elementor-type=\"section\" data-elementor-id=\"1351\" class=\"elementor elementor-1351\" data-elementor-post-type=\"elementor_library\">\n\t\t\t\t\t<section class=\"elementor-section elementor-top-section elementor-element elementor-element-6626138 elementor-section-boxed elementor-section-height-default elementor-section-height-default\" data-id=\"6626138\" data-element_type=\"section\" data-e-type=\"section\">\n\t\t\t\t\t\t<div class=\"elementor-container elementor-column-gap-default\">\n\t\t\t\t\t<div class=\"elementor-column elementor-col-100 elementor-top-column elementor-element elementor-element-d8ba6f2\" data-id=\"d8ba6f2\" data-element_type=\"column\" data-e-type=\"column\">\n\t\t\t<div class=\"elementor-widget-wrap elementor-element-populated\">\n\t\t\t\t\t\t<section class=\"elementor-section elementor-inner-section elementor-element elementor-element-9d41fca elementor-section-boxed elementor-section-height-default elementor-section-height-default\" data-id=\"9d41fca\" data-element_type=\"section\" data-e-type=\"section\">\n\t\t\t\t\t\t<div class=\"elementor-container elementor-column-gap-default\">\n\t\t\t\t\t<div class=\"elementor-column elementor-col-100 elementor-inner-column elementor-element elementor-element-3e53fd9\" data-id=\"3e53fd9\" data-element_type=\"column\" data-e-type=\"column\">\n\t\t\t<div class=\"elementor-widget-wrap elementor-element-populated\">\n\t\t\t\t\t\t<div class=\"elementor-element elementor-element-d83d560 elementor-widget elementor-widget-heading\" data-id=\"d83d560\" data-element_type=\"widget\" data-e-type=\"widget\" data-widget_type=\"heading.default\">\n\t\t\t\t<div class=\"elementor-widget-container\">\n\t\t\t\t\t<h2 class=\"elementor-heading-title elementor-size-default\">Portal for the Members of the SM <\/h2>\t\t\t\t<\/div>\n\t\t\t\t<\/div>\n\t\t\t\t\t<\/div>\n\t\t<\/div>\n\t\t\t\t\t<\/div>\n\t\t<\/section>\n\t\t\t\t<section class=\"elementor-section elementor-inner-section elementor-element elementor-element-466f03f elementor-section-boxed elementor-section-height-default elementor-section-height-default\" data-id=\"466f03f\" data-element_type=\"section\" data-e-type=\"section\">\n\t\t\t\t\t\t<div class=\"elementor-container elementor-column-gap-default\">\n\t\t\t\t\t<div class=\"elementor-column elementor-col-50 elementor-inner-column elementor-element elementor-element-37c5c15\" data-id=\"37c5c15\" data-element_type=\"column\" data-e-type=\"column\">\n\t\t\t<div class=\"elementor-widget-wrap elementor-element-populated\">\n\t\t\t\t\t\t<div class=\"elementor-element elementor-element-2d4990f elementor-align-right elementor-widget elementor-widget-button\" data-id=\"2d4990f\" data-element_type=\"widget\" data-e-type=\"widget\" data-widget_type=\"button.default\">\n\t\t\t\t<div class=\"elementor-widget-container\">\n\t\t\t\t\t\t\t\t\t<div class=\"elementor-button-wrapper\">\n\t\t\t\t\t<a class=\"elementor-button elementor-button-link elementor-size-sm\" href=\"https:\/\/marianist.org\/elementor-761\/sm-portal-page\/\">\n\t\t\t\t\t\t<span class=\"elementor-button-content-wrapper\">\n\t\t\t\t\t\t\t\t\t<span class=\"elementor-button-text\">Enter<\/span>\n\t\t\t\t\t<\/span>\n\t\t\t\t\t<\/a>\n\t\t\t\t<\/div>\n\t\t\t\t\t\t\t\t<\/div>\n\t\t\t\t<\/div>\n\t\t\t\t\t<\/div>\n\t\t<\/div>\n\t\t\t\t<div class=\"elementor-column elementor-col-50 elementor-inner-column elementor-element elementor-element-5d515e5\" data-id=\"5d515e5\" data-element_type=\"column\" data-e-type=\"column\">\n\t\t\t<div class=\"elementor-widget-wrap elementor-element-populated\">\n\t\t\t\t\t\t<div class=\"elementor-element elementor-element-af091d4 elementor-button-info elementor-align-left elementor-widget elementor-widget-button\" data-id=\"af091d4\" data-element_type=\"widget\" data-e-type=\"widget\" data-widget_type=\"button.default\">\n\t\t\t\t<div class=\"elementor-widget-container\">\n\t\t\t\t\t\t\t\t\t<div class=\"elementor-button-wrapper\">\n\t\t\t\t\t<a class=\"elementor-button elementor-button-link elementor-size-xs\" href=\"#elementor-action%3Aaction%3Dpopup%3Aopen%26settings%3DeyJpZCI6IjE0ODYiLCJ0b2dnbGUiOmZhbHNlfQ%3D%3D\" id=\"Password Help\">\n\t\t\t\t\t\t<span class=\"elementor-button-content-wrapper\">\n\t\t\t\t\t\t\t\t\t<span class=\"elementor-button-text\">Click for Password Help<\/span>\n\t\t\t\t\t<\/span>\n\t\t\t\t\t<\/a>\n\t\t\t\t<\/div>\n\t\t\t\t\t\t\t\t<\/div>\n\t\t\t\t<\/div>\n\t\t\t\t\t<\/div>\n\t\t<\/div>\n\t\t\t\t\t<\/div>\n\t\t<\/section>\n\t\t\t\t\t<\/div>\n\t\t<\/div>\n\t\t\t\t\t<\/div>\n\t\t<\/section>\n\t\t\t\t<section class=\"elementor-section elementor-top-section elementor-element elementor-element-a026ef6 elementor-section-boxed elementor-section-height-default elementor-section-height-default\" data-id=\"a026ef6\" data-element_type=\"section\" data-e-type=\"section\">\n\t\t\t\t\t\t<div class=\"elementor-container elementor-column-gap-default\">\n\t\t\t\t\t<div class=\"elementor-column elementor-col-100 elementor-top-column elementor-element elementor-element-6f90c0d\" data-id=\"6f90c0d\" data-element_type=\"column\" data-e-type=\"column\">\n\t\t\t<div class=\"elementor-widget-wrap\">\n\t\t\t\t\t\t\t<\/div>\n\t\t<\/div>\n\t\t\t\t\t<\/div>\n\t\t<\/section>\n\t\t\t\t<\/div>\n\t\t\t\t<\/div>\n\t\t\t\t\t\t<\/div>\n\t\t\t\t<\/div>\n\t\t\t\t\t<\/div>\n\t\t<\/div>\n\t\t\t\t\t<\/div>\n\t\t<\/section>\n\t\t\t\t<section class=\"elementor-section elementor-top-section elementor-element elementor-element-01733fd elementor-section-boxed elementor-section-height-default elementor-section-height-default\" data-id=\"01733fd\" data-element_type=\"section\" data-e-type=\"section\">\n\t\t\t\t\t\t<div class=\"elementor-container elementor-column-gap-default\">\n\t\t\t\t\t<div class=\"elementor-column elementor-col-100 elementor-top-column elementor-element elementor-element-5bd9510\" data-id=\"5bd9510\" data-element_type=\"column\" data-e-type=\"column\">\n\t\t\t<div class=\"elementor-widget-wrap elementor-element-populated\">\n\t\t\t\t\t\t<div class=\"elementor-element elementor-element-63ca207 elementor-widget elementor-widget-text-editor\" data-id=\"63ca207\" data-element_type=\"widget\" data-e-type=\"widget\" data-widget_type=\"text-editor.default\">\n\t\t\t\t<div class=\"elementor-widget-container\">\n\t\t\t\t\t\t\t\t\t<table border=\"0\" width=\"782\" cellspacing=\"0\" cellpadding=\"0\"><!--DWLayoutTable-->\n<tbody>\n<tr>\n<td colspan=\"5\" valign=\"top\" height=\"543\">\n<table class=\"text\" width=\"100%\" cellspacing=\"0\" cellpadding=\"0\"><!--DWLayoutTable-->\n<tbody>\n<tr>\n<td align=\"middle\" width=\"15%\" height=\"18\"><span style=\"font-family: Arial;\"><strong><em> <span style=\"font-size: small;\">N<span lang=\"en-us\">o<\/span>mb<span lang=\"en-us\">r<\/span>e<\/span><\/em><\/strong><i><b> <\/b><\/i><\/span><\/td>\n<td width=\"40%\" height=\"18\"><i><b><span lang=\"en-us\"> <span style=\"font-family: Arial; font-size: small;\">Nom<\/span><\/span><\/b><\/i><\/td>\n<td align=\"middle\" width=\"26%\" height=\"18\"><span style=\"font-family: Arial;\"><b><em> <span style=\"font-size: small;\">Date<\/span><\/em><i> <\/i> <\/b><\/span><\/td>\n<td align=\"middle\" width=\"19%\" height=\"18\"><span style=\"font-family: Arial;\"><b><em> <span style=\"font-size: small;\">SM Unit<\/span><\/em><i><span style=\"font-size: small;\"><span lang=\"en-us\">\u00e9<\/span> <\/span><\/i><\/b><\/span><\/td>\n<\/tr>\n<tr>\n<td align=\"middle\" width=\"15%\" height=\"18\"><span style=\"font-family: Arial; font-size: small;\"><a href=\"#2005-28\">2005-28<\/a> <\/span><\/td>\n<td width=\"40%\" height=\"18\"><span style=\"font-family: Arial; font-size: small;\">Fr\u00e8re Jakob Thalmann <\/span><\/td>\n<td align=\"middle\" width=\"26%\" height=\"18\"><span style=\"font-family: Arial; font-size: small;\">\u00a030 D<span lang=\"en-us\">\u00e9<\/span>cembr<span lang=\"en-us\">e<\/span> 2005 <\/span><\/td>\n<td align=\"middle\" width=\"19%\" height=\"18\"><span style=\"font-family: Arial; font-size: small;\">Switzerland\/Togo <\/span><\/td>\n<\/tr>\n<tr>\n<td align=\"middle\" width=\"15%\" height=\"18\"><span style=\"font-family: Arial; font-size: small;\"><a href=\"#2005-27\">2005-27<\/a> <\/span><\/td>\n<td width=\"40%\" height=\"18\"><span style=\"font-family: Arial; font-size: small;\">Fr\u00e8re Bernard Diethorn <\/span><\/td>\n<td align=\"middle\" width=\"26%\" height=\"18\"><span style=\"font-family: Arial; font-size: small;\">27 D<span lang=\"en-us\">\u00e9<\/span>cembr<span lang=\"en-us\">e<\/span> 2005 <\/span><\/td>\n<td align=\"middle\" width=\"19%\" height=\"18\"><span style=\"font-family: Arial; font-size: small;\">USA <\/span><\/td>\n<\/tr>\n<tr>\n<td align=\"middle\" width=\"15%\" height=\"18\"><span style=\"font-family: Arial; font-size: small;\"><a href=\"#2005-26\">2005-26<\/a> <\/span><\/td>\n<td width=\"40%\" height=\"18\"><span style=\"font-family: Arial; font-size: small;\">Fr\u00e8re Paul Nomi <\/span><\/td>\n<td align=\"middle\" width=\"26%\" height=\"18\"><span style=\"font-family: Arial; font-size: small;\">20 D<span lang=\"en-us\">\u00e9<\/span>cembr<span lang=\"en-us\">e<\/span> 2005 <\/span><\/td>\n<td align=\"middle\" width=\"19%\" height=\"18\"><span style=\"font-family: Arial; font-size: small;\">USA <\/span><\/td>\n<\/tr>\n<tr>\n<td align=\"middle\" width=\"15%\" height=\"18\"><span style=\"font-family: Arial; font-size: small;\"><a href=\"#2005-25\">2005-25<\/a> <\/span><\/td>\n<td width=\"40%\" height=\"18\"><span style=\"font-family: Arial; font-size: small;\">Fr\u00e8re Remigio Franch <\/span><\/td>\n<td align=\"middle\" width=\"26%\" height=\"18\"><span style=\"font-family: Arial; font-size: small;\">13 D<span lang=\"en-us\">\u00e9<\/span>cembr<span lang=\"en-us\">e<\/span> 2005 <\/span><\/td>\n<td align=\"middle\" width=\"19%\" height=\"18\"><span style=\"font-family: Arial; font-size: small;\">Italy <\/span><\/td>\n<\/tr>\n<tr>\n<td align=\"middle\" width=\"15%\" height=\"18\"><span style=\"font-family: Arial; font-size: small;\"><a href=\"#2005-24\">2005-24<\/a> <\/span><\/td>\n<td width=\"40%\" height=\"18\"><span style=\"font-family: Arial; font-size: small;\">P\u00e8re Juan Vesga Cuevas <\/span><\/td>\n<td align=\"middle\" width=\"26%\" height=\"18\"><span style=\"font-family: Arial; font-size: small;\">\u00a0<span lang=\"en-us\">9 <\/span>D<span lang=\"en-us\">\u00e9<\/span>cembr<span lang=\"en-us\">e<\/span> 2005 <\/span><\/td>\n<td align=\"middle\" width=\"19%\" height=\"18\"><span style=\"font-family: Arial; font-size: small;\">Zaragoza <\/span><\/td>\n<\/tr>\n<tr>\n<td align=\"middle\" width=\"15%\" height=\"18\"><span style=\"font-family: Arial; font-size: small;\"><a href=\"#2005-23\">2005-23<\/a> <\/span><\/td>\n<td width=\"40%\" height=\"18\"><span style=\"font-family: Arial; font-size: small;\">Fr\u00e8re Anthony Young <\/span><\/td>\n<td align=\"middle\" width=\"26%\" height=\"18\"><span style=\"font-family: Arial; font-size: small;\">25 D<span lang=\"en-us\">\u00e9<\/span>cembr<span lang=\"en-us\">e<\/span> 2005 <\/span><\/td>\n<td align=\"middle\" width=\"19%\" height=\"18\"><span style=\"font-family: Arial; font-size: small;\">USA <\/span><\/td>\n<\/tr>\n<tr>\n<td align=\"middle\" width=\"15%\" height=\"18\"><span style=\"font-family: Arial; font-size: small;\"><a href=\"#2005-22\">2005-22<\/a> <\/span><\/td>\n<td width=\"40%\" height=\"18\"><span style=\"font-family: Arial; font-size: small;\">Fr\u00e8re Bernardo \u00e1lvarez<span lang=\"en-us\" xml:lang=\"en-us\"> Gut\u00ederrez<\/span> <\/span><\/td>\n<td align=\"middle\" width=\"26%\" height=\"18\"><span style=\"font-family: Arial; font-size: small;\">1<span lang=\"en-us\">6 novembre<\/span> 2005 <\/span><\/td>\n<td align=\"middle\" width=\"19%\" height=\"18\"><span style=\"font-family: Arial; font-size: small;\">Madrid <\/span><\/td>\n<\/tr>\n<tr>\n<td align=\"middle\" width=\"15%\" height=\"18\"><span style=\"font-family: Arial; font-size: small;\">2005-21 <\/span><\/td>\n<td width=\"40%\" height=\"18\"><span style=\"font-family: Arial; font-size: small;\">P\u00e8re Miguel Lete Alday <\/span><\/td>\n<td align=\"middle\" width=\"26%\" height=\"18\"><span style=\"font-family: Arial; font-size: small;\">14<span lang=\"en-us\"> novembre<\/span> 2005 <\/span><\/td>\n<td align=\"middle\" width=\"19%\" height=\"18\"><span style=\"font-family: Arial; font-size: small;\">Colombia\/Equador <\/span><\/td>\n<\/tr>\n<tr>\n<td align=\"middle\" width=\"15%\" height=\"18\"><span style=\"font-family: Arial; font-size: small;\"><a href=\"#2005-20\">2005-20<\/a> <\/span><\/td>\n<td width=\"40%\" height=\"18\"><span style=\"font-family: Arial; font-size: small;\">Fr\u00e8re Iwao Jean Nagata <\/span><\/td>\n<td align=\"middle\" width=\"26%\" height=\"18\"><span style=\"font-family: Arial; font-size: small;\">7<span lang=\"en-us\"> novembre<\/span> 2005 <\/span><\/td>\n<td align=\"middle\" width=\"19%\" height=\"18\"><span style=\"font-family: Arial; font-size: small;\">Japan <\/span><\/td>\n<\/tr>\n<tr>\n<td align=\"middle\" width=\"15%\" height=\"18\"><span style=\"font-family: Arial; font-size: small;\"><a href=\"#2005-19\">2005-19<\/a> <\/span><\/td>\n<td width=\"40%\" height=\"18\"><span style=\"font-family: Arial; font-size: small;\">P\u00e8re Francisco P\u00e9rez de Mendiguren <\/span><\/td>\n<td align=\"middle\" width=\"26%\" height=\"18\"><span style=\"font-family: Arial; font-size: small;\">4<span lang=\"en-us\"> novembre<\/span> 2005 <\/span><\/td>\n<td align=\"middle\" width=\"19%\" height=\"18\"><span style=\"font-family: Arial; font-size: small;\">Zaragoza <\/span><\/td>\n<\/tr>\n<tr>\n<td align=\"middle\" width=\"15%\" height=\"18\"><span style=\"font-family: Arial; font-size: small;\"><a href=\"#2005-18\">2005-18<\/a> <\/span><\/td>\n<td width=\"40%\" height=\"18\"><span style=\"font-family: Arial; font-size: small;\">Fr\u00e8re Bernardo Guevara Landa <\/span><\/td>\n<td align=\"middle\" width=\"26%\" height=\"18\"><span style=\"font-family: Arial; font-size: small;\">31<span lang=\"en-us\"> octobre<\/span> 2005 <\/span><\/td>\n<td align=\"middle\" width=\"19%\" height=\"18\"><span style=\"font-family: Arial; font-size: small;\">Madrid <\/span><\/td>\n<\/tr>\n<tr>\n<td align=\"middle\" width=\"15%\" height=\"18\"><span style=\"font-family: Arial; font-size: small;\"><a href=\"#2005-17\">2005-17<\/a> <\/span><\/td>\n<td width=\"40%\" height=\"18\"><span style=\"font-family: Arial; font-size: small;\">P\u00e8re Tokuichi Joseph Tomonaga <\/span><\/td>\n<td align=\"middle\" width=\"26%\" height=\"18\"><span style=\"font-family: Arial; font-size: small;\">20<span lang=\"en-us\"> octobre <\/span>2005 <\/span><\/td>\n<td align=\"middle\" width=\"19%\" height=\"18\"><span style=\"font-family: Arial; font-size: small;\">Japan <\/span><\/td>\n<\/tr>\n<tr>\n<td align=\"middle\" width=\"15%\" height=\"18\"><span style=\"font-family: Arial; font-size: small;\"><a href=\"#2005-16\">2005-16<\/a> <\/span><\/td>\n<td width=\"40%\" height=\"18\"><span style=\"font-family: Arial; font-size: small;\">Fr\u00e8re Agustin Calzada Guti\u00e9rrez <\/span><\/td>\n<td align=\"middle\" width=\"26%\" height=\"18\"><span style=\"font-family: Arial; font-size: small;\">16<span lang=\"en-us\"> septembre<\/span> 2005 <\/span><\/td>\n<td align=\"middle\" width=\"19%\" height=\"18\"><span style=\"font-family: Arial; font-size: small;\">Madrid <\/span><\/td>\n<\/tr>\n<tr>\n<td align=\"middle\" width=\"15%\" height=\"18\"><span style=\"font-family: Arial; font-size: small;\"><a href=\"#2005-15\">2005-15<\/a> <\/span><\/td>\n<td width=\"40%\" height=\"18\"><span style=\"font-family: Arial; font-size: small;\">Fr\u00e8re Robert C. Kraft <\/span><\/td>\n<td align=\"middle\" width=\"26%\" height=\"18\"><span style=\"font-family: Arial; font-size: small;\">12<span lang=\"en-us\"> septembre<\/span> 2005 <\/span><\/td>\n<td align=\"middle\" width=\"19%\" height=\"18\"><span style=\"font-family: Arial; font-size: small;\">USA <\/span><\/td>\n<\/tr>\n<tr>\n<td align=\"middle\" width=\"15%\" height=\"18\"><span style=\"font-family: Arial; font-size: small;\"><a href=\"#2003-14\">2005-14<\/a> <\/span><\/td>\n<td width=\"40%\" height=\"18\"><span style=\"font-family: Arial; font-size: small;\">Fr\u00e8re B<span lang=\"en-us\" xml:lang=\"en-us\">enito<\/span> R<span lang=\"en-us\" xml:lang=\"en-us\">evuelta <\/span>A<span lang=\"en-us\" xml:lang=\"en-us\">becia<\/span> <\/span><\/td>\n<td align=\"middle\" width=\"26%\" height=\"18\"><span style=\"font-family: Arial; font-size: small;\">7<span lang=\"en-us\"> septembre<\/span> 2005 <\/span><\/td>\n<td align=\"middle\" width=\"19%\" height=\"18\"><span style=\"font-family: Arial; font-size: small;\">Zaragoza <\/span><\/td>\n<\/tr>\n<tr>\n<td align=\"middle\" width=\"15%\" height=\"18\"><span style=\"font-family: Arial; font-size: small;\"><a href=\"#2005-13\">2005-13<\/a> <\/span><\/td>\n<td width=\"40%\" height=\"18\"><span style=\"font-family: Arial; font-size: small;\">Fr\u00e8re Anthony V. Sobocinski <\/span><\/td>\n<td align=\"middle\" width=\"26%\" height=\"18\"><span style=\"font-family: Arial; font-size: small;\">17<span lang=\"en-us\"> ao\u00fbt<\/span> 2005 <\/span><\/td>\n<td align=\"middle\" width=\"19%\" height=\"18\"><span style=\"font-family: Arial; font-size: small;\">USA <\/span><\/td>\n<\/tr>\n<tr>\n<td align=\"middle\" width=\"15%\" height=\"18\"><span style=\"font-family: Arial; font-size: small;\"><a href=\"#2005-12\">2005-12<\/a> <\/span><\/td>\n<td width=\"40%\" height=\"18\"><span style=\"font-family: Arial; font-size: small;\">P\u00e8re Philip C. Hoelle <\/span><\/td>\n<td align=\"middle\" width=\"26%\" height=\"18\"><span style=\"font-family: Arial; font-size: small;\">13<span lang=\"en-us\"> ao\u00fbt<\/span> 2005 <\/span><\/td>\n<td align=\"middle\" width=\"19%\" height=\"18\"><span style=\"font-family: Arial; font-size: small;\">USA <\/span><\/td>\n<\/tr>\n<tr>\n<td align=\"middle\" width=\"15%\" height=\"18\"><span style=\"font-family: Arial; font-size: small;\"><a href=\"#2005-11\">2005-11<\/a> <\/span><\/td>\n<td width=\"40%\" height=\"18\"><span style=\"font-family: Arial; font-size: small;\">P\u00e8re Richard K. Knuge <\/span><\/td>\n<td align=\"middle\" width=\"26%\" height=\"18\"><span style=\"font-family: Arial; font-size: small;\">6<span lang=\"en-us\"> ao\u00fbt<\/span> 2005 <\/span><\/td>\n<td align=\"middle\" width=\"19%\" height=\"18\"><span style=\"font-family: Arial; font-size: small;\">USA <\/span><\/td>\n<\/tr>\n<tr>\n<td align=\"middle\" width=\"15%\" height=\"18\"><span style=\"font-family: Arial; font-size: small;\"><a href=\"#2005-10\">2005-10<\/a> <\/span><\/td>\n<td width=\"40%\" height=\"18\"><span style=\"font-family: Arial; font-size: small;\">Fr\u00e8re John J. Schneider <\/span><\/td>\n<td align=\"middle\" width=\"26%\" height=\"18\"><span style=\"font-family: Arial; font-size: small;\">21<span lang=\"en-us\"> juin<\/span> 2005 <\/span><\/td>\n<td align=\"middle\" width=\"19%\" height=\"18\"><span style=\"font-family: Arial; font-size: small;\">USA <\/span><\/td>\n<\/tr>\n<tr>\n<td align=\"middle\" width=\"15%\" height=\"18\"><span style=\"font-family: Arial; font-size: small;\"><a href=\"#2005-09\">2005-09<\/a> <\/span><\/td>\n<td width=\"40%\" height=\"18\"><span style=\"font-family: Arial; font-size: small;\">Fr\u00e8re Richard W. Rose <\/span><\/td>\n<td align=\"middle\" width=\"26%\" height=\"18\"><span style=\"font-family: Arial; font-size: small;\">23<span lang=\"en-us\"> mai<\/span> 2005 <\/span><\/td>\n<td align=\"middle\" width=\"19%\" height=\"18\"><span style=\"font-family: Arial; font-size: small;\">USA <\/span><\/td>\n<\/tr>\n<tr>\n<td align=\"middle\" width=\"15%\" height=\"18\"><span style=\"font-family: Arial; font-size: small;\"><a href=\"#2005-08\">2005-08<\/a> <\/span><\/td>\n<td width=\"40%\" height=\"18\"><span style=\"font-family: Arial; font-size: small;\">Fr\u00e8re Norman C. Eckl <\/span><\/td>\n<td align=\"middle\" width=\"26%\" height=\"18\"><span style=\"font-family: Arial; font-size: small;\">14<span lang=\"en-us\"> mai<\/span> 2005 <\/span><\/td>\n<td align=\"middle\" width=\"19%\" height=\"18\"><span style=\"font-family: Arial; font-size: small;\">USA <\/span><\/td>\n<\/tr>\n<tr>\n<td align=\"middle\" width=\"15%\" height=\"18\"><span style=\"font-family: Arial; font-size: small;\"><a href=\"#2005-07\">2005-07<\/a> <\/span><\/td>\n<td width=\"40%\" height=\"18\"><span style=\"font-family: Arial; font-size: small;\">Fr\u00e8re James W. Riley <\/span><\/td>\n<td align=\"middle\" width=\"26%\" height=\"18\"><span style=\"font-family: Arial; font-size: small;\">29<span lang=\"en-us\"> avril<\/span> 2005 <\/span><\/td>\n<td align=\"middle\" width=\"19%\" height=\"18\"><span style=\"font-family: Arial; font-size: small;\">USA <\/span><\/td>\n<\/tr>\n<tr>\n<td align=\"middle\" width=\"15%\" height=\"18\"><span style=\"font-family: Arial; font-size: small;\"><a href=\"#2005-06\">2005-06<\/a> <\/span><\/td>\n<td width=\"40%\" height=\"18\"><span style=\"font-family: Arial; font-size: small;\">Fr\u00e8re George J. Whiston <\/span><\/td>\n<td align=\"middle\" width=\"26%\" height=\"18\"><span style=\"font-family: Arial; font-size: small;\">18<span lang=\"en-us\"> avril<\/span> 2005 <\/span><\/td>\n<td align=\"middle\" width=\"19%\" height=\"18\"><span style=\"font-family: Arial; font-size: small;\">USA <\/span><\/td>\n<\/tr>\n<tr>\n<td align=\"middle\" width=\"15%\" height=\"18\"><span style=\"font-family: Arial; font-size: small;\"><a href=\"#2005-05\">2005-05<\/a> <\/span><\/td>\n<td width=\"40%\" height=\"18\"><span style=\"font-family: Arial; font-size: small;\">Fr\u00e8re Angel Chom\u00f3n Vallejo <\/span><\/td>\n<td align=\"middle\" width=\"26%\" height=\"18\"><span style=\"font-family: Arial; font-size: small;\">22<span lang=\"en-us\"> janvier<\/span> 2005 <\/span><\/td>\n<td align=\"middle\" width=\"19%\" height=\"18\"><span style=\"font-family: Arial; font-size: small;\">Madrid <\/span><\/td>\n<\/tr>\n<tr>\n<td align=\"middle\" width=\"15%\" height=\"18\"><span style=\"font-family: Arial; font-size: small;\"><a href=\"#2005-04\">2005-04<\/a> <\/span><\/td>\n<td width=\"40%\" height=\"18\"><span style=\"font-family: Arial; font-size: small;\">P\u00e8re Emilio Ortega Sebasti\u00e1n <\/span><\/td>\n<td align=\"middle\" width=\"26%\" height=\"18\"><span style=\"font-family: Arial; font-size: small;\">17<span lang=\"en-us\"> janvier<\/span> 2005 <\/span><\/td>\n<td align=\"middle\" width=\"19%\" height=\"18\"><span style=\"font-family: Arial; font-size: small;\">Zaragoza <\/span><\/td>\n<\/tr>\n<tr>\n<td align=\"middle\" width=\"15%\" height=\"18\"><span style=\"font-family: Arial; font-size: small;\"><a href=\"#2005-03\">2005-03<\/a> <\/span><\/td>\n<td width=\"40%\" height=\"18\"><span style=\"font-family: Arial; font-size: small;\">Fr\u00e8re Timoteo Soto Angulo <\/span><\/td>\n<td align=\"middle\" width=\"26%\" height=\"18\"><span style=\"font-family: Arial; font-size: small;\">8<span lang=\"en-us\"> janvier<\/span> 2005 <\/span><\/td>\n<td align=\"middle\" width=\"19%\" height=\"18\"><span style=\"font-family: Arial; font-size: small;\">Zaragoza <\/span><\/td>\n<\/tr>\n<tr>\n<td align=\"middle\" width=\"15%\" height=\"18\"><span style=\"font-family: Arial; font-size: small;\"><a href=\"#2005-02\">2005-02<\/a> <\/span><\/td>\n<td width=\"40%\" height=\"18\"><span style=\"font-family: Arial; font-size: small;\">Fr\u00e8re Marcellus Joseph Ross <\/span><\/td>\n<td align=\"middle\" width=\"26%\" height=\"18\"><span style=\"font-family: Arial; font-size: small;\">2<span lang=\"en-us\"> janvier<\/span> 2005 <\/span><\/td>\n<td align=\"middle\" width=\"19%\" height=\"18\"><span style=\"font-family: Arial; font-size: small;\">Peru <\/span><\/td>\n<\/tr>\n<tr>\n<td align=\"middle\" width=\"15%\" height=\"18\"><span style=\"font-family: Arial; font-size: small;\"><a href=\"#2005-01\">2005-01<\/a> <\/span><\/td>\n<td width=\"40%\" height=\"18\"><span style=\"font-family: Arial; font-size: small;\">Fr\u00e8re Pierre Devanthey <\/span><\/td>\n<td align=\"middle\" width=\"26%\" height=\"18\"><span style=\"font-family: Arial; font-size: small;\">2<span lang=\"en-us\"> janvier<\/span> 2005 <\/span><\/td>\n<td align=\"middle\" width=\"19%\" height=\"18\"><span style=\"font-family: Arial; font-size: small;\">Switzerland\/Togo <\/span><\/td>\n<\/tr>\n\n<tr>\n<td class=\"text\" colspan=\"5\" valign=\"top\" height=\"468\">&nbsp;\n<h3><span lang=\"en-us\"><a name=\"2005-28\"><\/a><span style=\"font-size: small;\">2005-28<\/span><\/span><\/h3>\n&nbsp;\n<p class=\"MsoNormal\" style=\"text-align: justify;\"><span lang=\"FR\" style=\"font-family: Arial;\"><span style=\"font-size: small;\">La R\u00e9gion de Suisse recommande \u00e0 nos fraternelles pri\u00e8res notre cher Fr\u00e8re, Jakob THALMANN, d\u00e9c\u00e9d\u00e9 au service de la Tr\u00e8s Sainte Vierge le 30 d\u00e9cembre 2005 \u00e0 Sion, dans la 96e ann\u00e9e de son \u00e2ge et 1e 69e de sa profession religieuse.<\/span><\/span><\/p>\n<p class=\"MsoNormal\" style=\"text-align: justify;\"><span lang=\"FR\" style=\"font-family: Arial;\"><span style=\"font-size: small;\">Gottshaus (Maison de Dieu) est la commune thurgovienne de Suisse qui a vu na\u00eetre Jakob Thalmann, le 3 avril 1910, le jour de <i>Quasimodo<\/i>. Jakob est le deuxi\u00e8me d\u2019une famille de sept enfants. Sa jeunesse, il la passe \u00e0 Gossau (Saint-Gall) o\u00f9 il fr\u00e9quente l\u2019\u00e9cole primaire.<\/span><\/span><\/p>\n<p class=\"MsoNormal\" style=\"text-align: justify;\"><span lang=\"FR\" style=\"font-family: Arial;\"><span style=\"font-size: small;\">A quatorze ans d\u00e9j\u00e0, en 1924, il travaille dans une broderie. En 1927, on le voit actif dans une fabrique de textiles \u00e0 Herisau (Appenzell).<\/span><\/span><\/p>\n<p class=\"MsoNormal\" style=\"text-align: justify;\"><span lang=\"FR\" style=\"font-family: Arial;\"><span style=\"font-size: small;\">A 26 ans, il entend l\u2019appel de Dieu. A la suite d\u2019une lecture dans une revue, le jeune Thalmann frappe \u00e0 la porte des Marianistes. Il entre au noviciat de Greisinghof (Autriche) et le 12 septembre 1937, il s\u2019engage dans la Soci\u00e9t\u00e9 de Marie par la profession des conseils \u00e9vang\u00e9liques.<\/span><\/span><\/p>\n<p class=\"MsoNormal\" style=\"text-align: justify;\"><span lang=\"FR\" style=\"font-family: Arial;\"><span style=\"font-size: small;\">Un an d\u2019apprentissage d\u2019un nouveau m\u00e9tier, celui de menuisier, \u00e0 Freistadt (Autriche) et un an au Technicum de Fribourg (Suisse) l\u2019introduisent dans son travail dans la Soci\u00e9t\u00e9 de Marie. Le 26 juillet 1941, fr\u00e8re Jakob Thalmann s\u2019engage pour toujours au service de Marie, \u00e0 Fribourg.<\/span><\/span><\/p>\n<p class=\"MsoNormal\" style=\"text-align: justify;\"><span lang=\"FR\" style=\"font-family: Arial;\"><span style=\"font-size: small;\">Grangeneuve (Fribourg), Yseure (France), Rome et Martigny, au coude du Rh\u00f4ne, sont les lieux d\u2019activit\u00e9 professionnelle de fr\u00e8re Jakob. En terre martigneraine, notre fr\u00e8re exerce le m\u00e9tier de saint Joseph quarante ans durant. Il conna\u00eet tous les recoins du coll\u00e8ge Ste-Marie o\u00f9 il effectue des transformations, des r\u00e9parations et des r\u00e9novations.<\/span><\/span><\/p>\n<p class=\"MsoNormal\" style=\"text-align: justify;\"><span lang=\"FR\" style=\"font-family: Arial;\"><span style=\"font-size: small;\">A 84 ans, il quitte la communaut\u00e9 de Martigny, en 1994, qui ferme ses protes et se rend \u00e0 Sion o\u00f9 il continue \u00e0 se passionner pour le travail de menuiserie. Il passe le temps de sa retraite \u00e0 bricoler, \u00e0 lire et \u00e0 prier. Combien de fois ne le rencontrons-nous pas le chapelet en main, un livre religieux sur son pupitre de lecture\u2026 ou \u00e0 la chapelle.<\/span><\/span><\/p>\n<p class=\"MsoNormal\" style=\"text-align: justify;\"><span lang=\"FR\" style=\"font-family: Arial;\"><span style=\"font-size: small;\">\u00a0Depuis quelques ann\u00e9es, fr\u00e8re Jakob exprime son d\u00e9sir de retourner \u00e0 la Maison du P\u00e8re. Les deux derniers mois de sa vie, il les passe entre la clinique, la communaut\u00e9 et l\u2019h\u00f4pital. Il attend sereinement son passage \u00e0 la Patrie c\u00e9leste: <i>je sais o\u00f9 j\u2019en suis<\/i>, dit-il au sup\u00e9rieur qui le conduit de la clinique en communaut\u00e9. Dimanche 25 d\u00e9cembre, il demande: <i>Oh, mon ange, ayez piti\u00e9 d\u2019un pauvre p\u00e9cheur<\/i> et l\u2019infirmi\u00e8re l\u2019installe dans son lit. Vendredi matin 30 d\u00e9cembre 2005, dans sa 96<sup>e<\/sup> ann\u00e9e, Jakob s\u2019\u00e9teint paisiblement \u00e0 l\u2019h\u00f4pital de Gravelone.\u00a0<\/span><\/span><\/p>\n<p class=\"MsoNormal\" style=\"text-align: justify;\"><span lang=\"FR\" style=\"font-family: Arial;\"><span style=\"font-size: small;\">Baptis\u00e9 \u00e0 Gottshaus (Maison de Dieu), fr\u00e8re Jakob s\u2019en est all\u00e9 dans la Maison du P\u00e8re, ce P\u00e8re qu\u2019il a servi en s\u2019engageant dans la Famille marianiste comme religieux faisant alliance avec Marie. Que le Seigneur lui ouvre tout grands ses bras pleins de mis\u00e9ricorde.<\/span><\/span><\/p>\n&nbsp;\n<h3><span lang=\"en-us\"><a name=\"2005-27\"><\/a><span style=\"font-size: small;\">2005-27<\/span><\/span><\/h3>\n&nbsp;\n<p style=\"text-align: justify;\"><span style=\"font-family: Arial; font-size: small;\"> <span lang=\"ES-AR\">La province de Etats-Unis d&#8217;Am\u00e9rique recommande \u00e0 nos pri\u00e8res fraternelles notre cher Fr\u00e8re <b>BERNARD DIETHORN<\/b>, d\u00e9c\u00e9d\u00e9 au service de la Tr\u00e8s Sainte Vierge le 27 d<\/span><span lang=\"en-us\">\u00e9<\/span><span lang=\"ES-AR\">cembre 2005 \u00e0 Dayton, Ohio, USA, dans la 86<sup>e<\/sup> ann\u00e9e de son \u00e2ge et 1e 67<sup>e<\/sup> de sa profession religieuse.<\/span><\/span><\/p>\n<p style=\"text-align: justify;\"><span style=\"font-family: Arial; font-size: small;\"> <span lang=\"ES-AR\">\u00a0<\/span><b><span lang=\"FR\">Bernard Diethorn<\/span><\/b><span lang=\"FR\"> est n\u00e9 le 12 mars 1920 \u00e0 Pittsburgh, Pennsylvanie, fils de Edward et Julia (Appel) Diethorn. Son enfance fut une \u00e9tape d\u00e9cisive pour sa vocation. Il vivait dans le quartier sud de Pittsburgh, dans le voisinage de Holy Hill (Colline sainte), l\u00e0 o\u00f9 jusqu&#8217;aux rues portaient des noms de saints, et fr\u00e9quentait l&#8217;\u00e9glise St Michel et son \u00e9cole primaire. Les fr\u00e8res de Saint Michel\u00a0 ont laiss\u00e9 une impression durable sur le fr\u00e8re Bernie et sa famille. Tr\u00e8s jeune, il \u00e9tait impressionn\u00e9 par l&#8217;int\u00e9r\u00eat que le plus grand de ses fr\u00e8res portait aux fr\u00e8res et \u00e0 ce qu&#8217;ils disaient de Marie. A la fin de la classe de\u2026 (the time he gratuated from eighth grade???), le Fr\u00e8re Bernie partageait l&#8217;enthousiasme de son fr\u00e8re pour ces hommes&#8221; qui ont donn\u00e9 tout leur c\u0153ur \u00e0 J\u00e9sus et Marie&#8221;, comme il les d\u00e9crivait.<\/span><\/span><\/p>\n<p style=\"text-align: justify;\"><span style=\"font-family: Arial; font-size: small;\"><span lang=\"FR\"> \u00a0En 1934, le fr\u00e8re Bernie entre au postulat de la Soci\u00e9t\u00e9 de Marie \u00e0 Mount Saint John \u00e0 Dayton, Ohio; il fait ses premiers v\u0153ux en 1939 et sa profession perp\u00e9tuelle en 1943, toujours \u00e0 Mount Saint John.\u00a0 Il obtient la licence de philosophie et d&#8217;histoire \u00e0 l&#8217;Universit\u00e9 de Dayton, en 1942; la ma\u00eetrise en histoire des Etats Unis en 1952 et un doctorat de conseiller en p\u00e9dagogie en 1966, \u00e0 l&#8217;universit\u00e9\u00a0 Case Western Reserve.<\/span><\/span><\/p>\n<p style=\"text-align: justify;\"><span style=\"font-family: Arial; font-size: small;\"><span lang=\"FR\"> \u00a0Le Fr\u00e8re Bernie a pass\u00e9 toute sa vie dans l&#8217;\u00e9ducation &#8211; comme professeur, administrateur, conseiller et auteur d&#8217;articles sur l&#8217;\u00e9ducation. Il a commenc\u00e9 sa carri\u00e8re d&#8217;enseignement en 1942 \u00e0 la High School Chaminade de Dayton, o\u00f9 il enseignait le latin, l&#8217;anglais et l&#8217;histoire. Les 15 ann\u00e9es suivantes, il enseigne \u00e0 la Cathedral Latin School de Cleveland puis \u00e0 la Purcell High School de Cincinnati.<\/span><\/span><\/p>\n<p style=\"text-align: justify;\"><span style=\"font-family: Arial; font-size: small;\"><span lang=\"FR\"> \u00a0En 1957, il assume des fonctions plus administrative, comme sous-directeur \u00e0 la North Catholic High School de Pittsburgh, puis comme directeur-adjoint \u00e0 la Purcell High School de Cincinnati en 1961. En 1964, il devient conseiller d&#8217;orientation \u00e0 la Cathedral Latin School de Cleveland.<\/span><\/span><\/p>\n<p style=\"text-align: justify;\"><span style=\"font-family: Arial; font-size: small;\"><span lang=\"FR\"> \u00a0Pendant 30 ans, de 1966 \u00e0 1996, le Fr\u00e8re Bernie va enseigner \u00e0 l&#8217;Universit\u00e9 de Dayton,. Il y d\u00e9bute comme professeur-assistant de conseil et, en 1979, comme professeur attitr\u00e9. Ses 10 derni\u00e8res ann\u00e9es \u00e0 l&#8217;Universit\u00e9 de Dayton furent consacr\u00e9es \u00e0 la formation de consultants pour les \u00e9tablissements de services sociaux. En plus de ce travail \u00e0 l&#8217;Universit\u00e9 de Dayton, le fr\u00e8re Bernie assurait les cours d&#8217;\u00e9t\u00e9 \u00e0 l&#8217;Universit\u00e9 Chaminade d&#8217;Honolulu, Hawai&#8217;i de 1977 \u00e0 1997.<\/span><\/span><\/p>\n<p style=\"text-align: justify;\"><span style=\"font-family: Arial; font-size: small;\"><span lang=\"FR\"> \u00a0Le Fr\u00e8re Bernie avait le souci constant d&#8217;am\u00e9liorer ses connaissances en p\u00e9dagogie, et il participa \u00e0 un grand nombre d&#8217;ateliers et de s\u00e9minaires. Il prit aussi une part active dans beaucoup de commissions scolaires et universitaires et d&#8217;organisations professionnelles. &#8220;C&#8217;\u00e9tait un enseignant hors-pair et un professeur de premi\u00e8re classe&#8221; dit le Fr\u00e8re Ray Martin, de la Communaut\u00e9 Indiana de Dayton et ancien \u00e9l\u00e8ve du Fr\u00e8re Bernie.<\/span><\/span><\/p>\n<p style=\"text-align: justify;\"><span style=\"font-family: Arial; font-size: small;\"><span lang=\"FR\"> \u00a0En guise de commentaire, lors de son jubil\u00e9 de 60 ans de vie religieuse, sur la plus grande gr\u00e2ce de sa vie marianiste, le fr\u00e8re Bernie d\u00e9clara: &#8220;L&#8217;occasion d&#8217;aider les autres &#8211; quelques 6000 conseillers dans les high school ou les \u00e9tablissement de sant\u00e9 mentale. J&#8217;ai pu ainsi aider le personnel hospitalier\u00a0 \u00e0 travers tout le pays. Une si grande vari\u00e9t\u00e9 de gens ont crois\u00e9 ma vie.&#8221;<\/span><\/span><\/p>\n<p style=\"text-align: justify;\"><span style=\"font-family: Arial; font-size: small;\"><span lang=\"FR\"> \u00a0Depuis 2004, le Fr\u00e8re Bernie r\u00e9sidait \u00e0 la maison m\u00e9dicalis\u00e9e Mercy Siena de Dayton. Il est mort \u00e0 l&#8217;H\u00f4pital du Bon Samaritain \u00e0 Dayton, d&#8217;une d\u00e9faillance du rein et du foie. Qu&#8217;il repose en paix.<\/span><\/span><\/p>\n&nbsp;\n<h3><span lang=\"en-us\"><a name=\"2005-26\"><\/a><span style=\"font-size: small;\">2005-26<\/span><\/span><\/h3>\n&nbsp;\n\n<span style=\"font-family: Arial;\"><span style=\"font-size: small;\">La province de Etats-Unis d&#8217;Am\u00e9rique recommande \u00e0 nos pri\u00e8res fraternelles notre cher Fr\u00e8re <b>PAUL NOMI<\/b>, d\u00e9c\u00e9d\u00e9 au service de la Tr\u00e8s Sainte Vierge le 20 d<\/span><\/span><span style=\"font-family: Arial; font-size: small;\"><span lang=\"en-us\">\u00e9<\/span><\/span><span style=\"font-family: Arial;\"><span style=\"font-size: small;\">cembre 2005 \u00e0 Honolulu, Hawaii, dans la 65<sup>e<\/sup> ann\u00e9e de son \u00e2ge et 1e 44<sup>e<\/sup> de sa profession religieuse.<\/span><\/span>\n<p class=\"MsoNormal\"><span style=\"font-family: Arial; font-size: small;\"><b><span lang=\"ES-AR\">Paul Nomi <\/span><\/b><span lang=\"ES-AR\">\u00e9tait n\u00e9 le 21 ao\u00fbt 1941 \u00e0 Honolulu (Hawai),\u00a0 fils de Yukito et Flora (Okuda) Nomi. \u2013 Il a suivi l\u2019enseignement primaire \u00e0 l\u2018\u00e9cole de la paroisse du Sacr\u00e9 C\u0153ur. <\/span>Il\u00a0 termina l\u2019enseignement secondaire \u00e0 l\u2019\u00e9cole Saint Louis \u00e0 Honolulu en 1959 et suivit des cours universitaires au Chaminade College (de nos jours, l\u2019Universit\u00e9 Chaminade \u00e0 Honolulu) de 1959-1961.\u00a0 <span lang=\"ES-AR\">En 1961, le futur Fr\u00e8re Paul est entr\u00e9 au noviciat de la Soci\u00e9t\u00e9 de Marie \u00e0 Santa Cruz en Californie. Il a \u00e9mis ses premiers v\u0153ux en 1962 et ses v\u0153ux\u00a0 d\u00e9finitifs en 1966.<\/span><\/span><\/p>\n<p class=\"MsoNormal\"><span style=\"font-family: Arial; font-size: small;\"><span lang=\"ES-AR\">\u00a0Alors que du point de vue religieux il existait dans son milieu familial diverses attaches, y compris avec la religion japonaise de shinto, le bouddhisme ainsi qu\u2019avec l\u2019\u00e9glise baptiste, le Fr\u00e8re Paul se sentit attir\u00e9 vers le catholicisme et plus particuli\u00e8rement vers la Soci\u00e9t\u00e9 de Marie.\u00a0 Une fois devenu religieux marianiste, il croyait qu\u2019il allait pouvoir convertir sa famille et bien d\u2019autres personnes \u00e0 la foi catholique. Ses parents manifestaient de la sympathie pour ses aspirations religieuses et les consid\u00e9raient comme un moyen de ramener leur fils \u00e0 Dieu.<\/span><\/span><\/p>\n<p class=\"MsoNormal\"><span style=\"font-family: Arial; font-size: small;\"><span lang=\"ES-AR\">\u00a0Le Fr\u00e8re Paul a men\u00e9 une vie d\u2019\u00e9ducateur.\u00a0 Ma\u00eetrisant le japonais, il a d\u00e9but\u00e9 dans la vie active en 1964 comme professeur d\u2019anglais \u00e0 Yokohama, au Japon.\u00a0 En 1969, il se rendit \u00e0 S\u00e9oul, en Cor\u00e9e, o\u00f9 il a \u00e9tudi\u00e9 le cor\u00e9en pendant deux ans. Il y resta pour enseigner l\u2019anglais et la religion \u00e0 Mokpo, en Cor\u00e9e, jusqu\u2019en 1981. <\/span>Il fut alors envoy\u00e9 en la communaut\u00e9 et l\u2019\u00e9cole St Jean pour gar\u00e7ons \u00e0 Rockaway Park \u00e0 New York, o\u00f9 il travaillait comme conseiller pendant six ann\u00e9es.\u00a0 De 1990 \u00e0 1996, il a r\u00e9sid\u00e9 \u00e0 la communaut\u00e9 Kieffer \u00e0 Honolulu enseignant \u00e0 l\u2019\u00e9cole Saint Louis. En 1996, il fut transf\u00e9r\u00e9 \u00e0 la communaut\u00e9 \u2018Marianist Hall\u2019 \u00e0 Honolulu et y enseignait\u00a0 \u00ab\u00a0l\u2019 anglais comme deuxi\u00e8me langue\u00a0\u00bb dans la section adulte de la High School McKingley.\u00a0 Le Fr\u00e8re Paul y a enseign\u00e9 jusqu\u2019au d\u00e9but de cette ann\u00e9e, quand des complications dues \u00e0 un cancer du pancr\u00e9as l\u2019ont emp\u00each\u00e9 de poursuivre l\u2019enseignement.<\/span><\/p>\n<p class=\"MsoNormal\"><span style=\"font-family: Arial; font-size: small;\">\u00ab\u00a0Homme simple et religieux\u00a0\u00bb, disait de lui le P\u00e8re John Bolin, ancien provincial du Fr\u00e8re Paul,\u00a0 \u00ab\u00a0il \u00e9tait\u00a0 extr\u00eamement\u00a0 ouvert aux besoins des autres.\u00a0\u00bb\u00a0 Selon le P\u00e8re John, cette caract\u00e9ristique se manifestait dans son travail au Foyer Saint Jean, o\u00f9 bien volontiers il acceptait\u00a0 les travaux plus difficiles.\u00a0 \u00ab\u00a0Bien souvent, il remplissait des t\u00e2ches dont beaucoup d\u2019autres ne voulaient pas. Il \u00e9tait heureux en rendant ces services, tout comme il se d\u00e9vouait aux jeunes, les aidant de bien des mani\u00e8res. Ceux-ci l\u2019appr\u00e9ciaient r\u00e9ellement.\u00a0\u00bb\u00a0 <\/span><\/p>\n<p class=\"MsoNormal\"><span style=\"font-family: Arial; font-size: small;\">Le Fr\u00e8re Paul avait gard\u00e9 dans son c\u0153ur une place \u00e0 part pour les Cor\u00e9ens et pour d\u2019autres immigrants avec lesquels il \u00e9tait amen\u00e9 \u00e0 travailler dans son apostolat \u00e0 Honolulu. <span lang=\"ES-AR\">Il les aidait \u00e0 trouver un logement, du travail, et les assistait dans les multiples d\u00e9marches pour obtenir la citoyennet\u00e9 am\u00e9ricaine. <\/span>\u00ab\u00a0Il exer\u00e7ait une r\u00e9elle influence sur les Cor\u00e9ens,\u00a0\u00bb disait le P\u00e8re Bill O\u2019Connell, qui a travaill\u00e9 avec le Fr\u00e8re Paul \u00e0 Honolulu. \u00ab\u00a0Ils appr\u00e9ciaient grandement l\u2019aide qu\u2019il leur fournissait et qui allait bien au-del\u00e0 de l\u2019enseignement de l\u2019anglais. \u00bb\u00a0<\/span><\/p>\n<span style=\"font-family: Arial;\"><span style=\"font-size: small;\">Le P\u00e8re Tim Kenney, assistant pour l\u2019\u00e9ducation, avait rendu visite au Fr\u00e8re Paul peu avant le d\u00e9c\u00e8s de celui-ci\u00a0; le Fr\u00e8re Paul, disait-il, exprimait une grande reconnaissance pour sa vie de Marianiste.\u00a0 <\/span><\/span> <span lang=\"ES-AR\" style=\"font-family: Arial;\"><span style=\"font-size: small;\">\u00ab\u00a0M\u00eame durant la p\u00e9riode de ses souffrances, il garda le moral et\u00a0 toute son affection pour les gens\u00a0\u00bb, a expliqu\u00e9 le P\u00e8re Tim. \u00ab\u00a0La lutte de Paul contre le cancer nous a enseign\u00e9 la patience, l\u2019espoir et la volont\u00e9 d\u2019affronter le\u00a0 combat et de demander \u00e0 Dieu son secours et sa force.\u00a0\u00bb\u00a0 <\/span><\/span> <span style=\"font-family: Arial;\"><span style=\"font-size: small;\">Qu\u2019il repose dans la paix.<\/span><\/span>\n\n&nbsp;\n<h3><span lang=\"en-us\"><a name=\"2005-25\"><\/a><span style=\"font-size: small;\">2005-25<\/span><\/span><\/h3>\n&nbsp;\n<p style=\"text-align: justify;\"><span style=\"font-family: Arial; font-size: small;\">La province d&#8217;Italie recommande \u00e0 nos pri\u00e8res fraternelles notre cher Fr\u00e8re <b>REMIGIO FRANCH<\/b>, d\u00e9c\u00e9d\u00e9 au service de la Tr\u00e8s Sainte Vierge le 13 d<span lang=\"en-us\">\u00e9<\/span>cembre 2005 \u00e0 Rome, Italie, dans la 96<sup>e<\/sup> ann\u00e9e de son \u00e2ge et 1e 78<sup>e<\/sup> de sa profession religieuse.<\/span><\/p>\n<p class=\"MsoNormal\" style=\"line-height: 12pt; text-align: justify;\"><span style=\"font-family: Arial; font-size: small;\"><span lang=\"FR\">Fr\u00e8re Remigio Franch \u00e9tait n\u00e9 \u00e0 Cloz (Trento), un village dans une vall\u00e9e des Alpes. Il avait fait son Postulat \u00e0 Pallanza (1922-1927), et son Noviciat \u00e0 St. R\u00e9my (France) o\u00f9 il a fait aussi ses premiers v\u0153ux le 12 septembre 1928\u00a0; ses v\u0153ux perp\u00e9tuels \u00e0 Antony, le 26 ao\u00fbt 1934.<\/span><\/span><\/p>\n<p class=\"MsoNormal\" style=\"line-height: 12pt; text-align: justify;\"><span style=\"font-family: Arial; font-size: small;\"><span lang=\"FR\">\u00a0Il \u00e9tait le doyen de la Province marianiste d\u2019Italie et s\u2019est \u00e9teint \u00e0 Rome au d\u00e9but de l\u2019apr\u00e8s-midi du 13 d\u00e9cembre apr\u00e8s avoir eu quelques jours avant une crise d\u2019apoplexie.\u00a0 <\/span><\/span><\/p>\n<p class=\"MsoNormal\" style=\"line-height: 12pt; text-align: justify;\"><span style=\"font-family: Arial; font-size: small;\"><span lang=\"FR\">\u00a0<\/span>Jusque-l\u00e0 et surtout dans les derni\u00e8res ann\u00e9es de sa vie, il passait son temps dans la simplicit\u00e9 et dans la pri\u00e8re\u00a0: il a toujours \u00e9t\u00e9 pr\u00e9sent aux r\u00e9unions de la communaut\u00e9, il participait souvent \u00e0 une seconde messe et il se rendait, tant que sa sant\u00e9 le lui a permis, au Sanctuaire du \u00ab\u00a0Divin Amore\u00a0\u00bb aux portes de Rome.<\/span><\/p>\n<p class=\"MsoNormal\" style=\"line-height: 12pt; text-align: justify;\"><span style=\"font-family: Arial; font-size: small;\">\u00a0<span lang=\"FR\">Quotidiennement il se pr\u00e9occupait de conna\u00eetre l\u2019horaire de la messe pour ne pas la perdre. En communaut\u00e9, il \u00e9tait une pr\u00e9sence discr\u00e8te et aimable\u00a0: il n\u2019\u00e9tait de charge \u00e0 personne \u2013 pas m\u00eame dans les derniers temps- il \u00e9tait agr\u00e9able \u00e0 tous et aimait \u00e9couter les autres. En fait il ne parlait pas beaucoup, mais son regard et son sourire exprimaient un bon accueil et s\u00e9r\u00e9nit\u00e9. Trentin de naissance, tenace et grand travailleur, il a partag\u00e9 avec son fr\u00e8re le P\u00e8re Oreste (mort il y a des ann\u00e9es) l\u2019aventure et la d\u00e9cision de d\u00e9dier sa propre vie au Seigneur et \u00e0 Marie dans notre Congr\u00e9gation. Comme eux, une de leurs s\u0153urs a choisi la Vie Religieuse. <\/span><\/span><\/p>\n<p class=\"MsoNormal\" style=\"line-height: 12pt; text-align: justify;\"><span style=\"font-family: Arial; font-size: small;\"><span lang=\"FR\">\u00a0Remigio a su investir et valoriser ce patrimoine naturel conjointement \u00e0 la formation spirituelle et professionnelle re\u00e7ue dans la SM (il obtint le dipl\u00f4me de l\u2019Ecole Normale en 1934) dans le domaine de l\u2019enseignement aux plus petits et comme \u00e9conome dans diff\u00e9rentes \u0153uvres de la Province.<\/span><\/span><\/p>\n<p class=\"MsoNormal\" style=\"line-height: 12pt; text-align: justify;\"><span style=\"font-family: Arial; font-size: small;\"><span lang=\"FR\">\u00a0A table et dans les moments informels, sa pens\u00e9e et son discours retournaient souvent aux fatigues et \u00e0 l\u2019engagement prodigu\u00e9s pour le bon fonctionnement de nos structures, aux \u00e9v\u00e9nements pass\u00e9s de sa vie religieuse (il aimait se souvenir qu\u2019il fut un des premiers a obtenir de permis de conduire, alors chose rare\u00a0!), aux cultures de pommes de sa vall\u00e9e (le Val di Non).<\/span><\/span><\/p>\n<p class=\"MsoNormal\" style=\"line-height: 12pt; text-align: justify;\"><span style=\"font-family: Arial; font-size: small;\"><span lang=\"FR\">\u00a0Quand il entendait parler de sa terre natale, il revivait et quand, en communaut\u00e9, arrivaient \u00ab\u00a0ses\u00a0\u00bb pommes (ou ses parents ou ses compatriotes) il en \u00e9tait fier et les offrait \u00e0 tous (fr\u00e8res et amis)\u00a0: les d\u00e9guster \u00e9tait le plus beau cadeau que l\u2019on pouvait lui faire. <\/span><\/span><\/p>\n<p class=\"MsoNormal\" style=\"line-height: 12pt; text-align: justify;\"><span style=\"font-family: Arial; font-size: small;\"><span lang=\"FR\">\u00a0Depuis 1974 il \u00e9tait assign\u00e9 \u00e0 la Communaut\u00e9\u00a0 Santa Maria de Rome\u00a0: ayant termin\u00e9 ses fonctions officielles il n\u2019a jamais refus\u00e9 de collaborer, pas m\u00eame pour les petits services comme la distribution des bons-repas aux \u00e9l\u00e8ves de l\u2019Institut. Il \u00e9tait ponctuel et assidu \u00e0 cette t\u00e2che et la rencontre avec les plus petits et leurs parents le remplissait de joie.<\/span><\/span><\/p>\n<p class=\"MsoNormal\" style=\"line-height: 12pt; text-align: justify;\"><span style=\"font-family: Arial; font-size: small;\"><span lang=\"FR\">\u00a0Pendant sa vieillesse et l\u2019alternance de ses conditions physiques il a su montrer son temp\u00e9rament de montagnard trentin et une bonne dose d\u2019endurance\u00a0: c\u2019\u00e9tait tr\u00e8s rare de l\u2019entendre se plaindre. Il a su affronter cette derni\u00e8re \u00e9tape de la vie avec un bon esprit et s\u00e9r\u00e9nit\u00e9. <\/span><\/span><\/p>\n<p class=\"MsoNormal\" style=\"line-height: 12pt; text-align: justify;\"><span style=\"font-family: Arial; font-size: small;\"><span lang=\"FR\">\u00a0Maintenant nous le confions aux mains paternelles de Dieu et aux mains maternelles de Marie pour qu\u2019il puisse recevoir l\u2019h\u00e9ritage promis et puisse se r\u00e9jouir de la paix et la joie d\u00e9finitives.\u00a0<\/span><\/span><\/p>\n&nbsp;\n<h3><span lang=\"en-us\"><a name=\"2005-24\"><\/a><span style=\"font-size: small;\">2005-24<\/span><\/span><\/h3>\n<p class=\"MsoNormal\" style=\"text-align: justify;\"><span style=\"font-size: small;\">P<\/span><span style=\"font-family: Georgia, Times New Roman, Times;\"><span style=\"font-family: Arial; font-size: small;\">rovince des Zaragoza recommande \u00e0 nos pri\u00e8res fraternelles notre cher Fr\u00e8re <b>JUAN VESGA CUEVAS<\/b>, pr\u00eatre, d\u00e9c\u00e9d\u00e9 au service de la Tr\u00e8s Sainte Vierge le 9 d<span lang=\"en-us\">\u00e9<\/span>cembre 2005 \u00e0 Valencia, l&#8217;Espagne dans la 90<sup>e<\/sup> ann\u00e9e de son \u00e2ge et 1e 73<sup>e<\/sup> de sa profession religieuse.<\/span><\/span><\/p>\n<p style=\"text-align: justify;\"><span style=\"font-family: Arial; font-size: small;\"><b> <span lang=\"FR\">Juan Vesga Cuevas <\/span><\/b><span lang=\"FR\">est n\u00e9 le 24 novembre 1916 \u00e0 Saint S\u00e9bastien (Guip\u00fazcoa). Ses parents s&#8217;appelaient Fernando et Juana. Il entre au postulat de Escoriaza (Guip\u00fazcoa) le 3 octobre 1928, commence son noviciat \u00e0 Elorrio (Vizcaya) le 9 juillet 1932, o\u00f9 il prononce ses premiers v\u0153ux le 10 juillet 1933. Apr\u00e8s sa profession, il se rend \u00e0 S\u00e9govie pour y faire trois ans de scolasticat.<\/span><\/span><\/p>\n<p style=\"text-align: justify;\"><span style=\"font-family: Arial; font-size: small;\"><span lang=\"FR\"> Il passe une grande partie de sa vie dans divers coll\u00e8ges comme professeur et aum\u00f4nier.\u00a0 Il d\u00e9bute au coll\u00e8ge\u00a0 \u201cNtra. Sra. del Pilar\u201d de Jerez de la Frontera (C\u00e1diz), en 1936. C&#8217;est l\u00e0 que le surprend l&#8217;explosion de la guerre civile espagnole. Au d\u00e9but de 1937, il est requis pour le service militaire, o\u00f9 il demeure jusqu&#8217;en ao\u00fbt 1939. Il travaille ensuite dans les coll\u00e8ges de Saint S\u00e9bastien,\u00a0 Madrid (El Pilar), Escoriaza, Vitoria et Valencia. Le 15 ao\u00fbt 1940, il fait sa profession d\u00e9finitive. Il commence le s\u00e9minaire \u00e0 Vitoria, le continue \u00e0 Carabanchel (Madrid) et le termine \u00e0 Fribourg (Suisse). Il est ordonn\u00e9 pr\u00eatre le 13 mars 1948.<\/span><\/span><\/p>\n<p style=\"text-align: justify;\"><span style=\"font-family: Arial; font-size: small;\"><span lang=\"FR\"> Sa pi\u00e9t\u00e9 mariale le m\u00e8ne \u00e0 approfondir les \u00e9tudes de mariologie, d&#8217;abord \u00e0 Madrid, puis, durant l&#8217;ann\u00e9e scolaire 1981-1982, \u00e0 la Marian Library de Dayton (U.S.A.). Pendant de nombreuses ann\u00e9es de sa vie, pouss\u00e9 par son amour de Marie, il recueille des donn\u00e9es sur la plupart des images de Marie en Espagne. Ceci lui permet en 1986, \u00e0 70 ans, de pr\u00e9senter \u00e0 l&#8217;Universit\u00e9 gr\u00e9gorienne de Rome une th\u00e8se de doctorat intitul\u00e9e : &#8220;Les vocables de la Vierge Marie sur les images v\u00e9n\u00e9r\u00e9es en Espagne&#8221;, qui lui valut la plus haute mention.<\/span><\/span><\/p>\n<p style=\"text-align: justify;\"><span style=\"font-family: Arial; font-size: small;\"><span lang=\"FR\"> Il travailla aussi comme adjoint du P\u00e8re-ma\u00eetre, le P.Jos\u00e9 Asenjo, au noviciat de Elorrio (Vizcaya), et ensuite, comme secr\u00e9taire provincial, pendant 14 ans.<\/span><\/span><\/p>\n<p style=\"text-align: justify;\"><span style=\"font-family: Arial; font-size: small;\"><span lang=\"FR\"> En 1982, il va \u00e0 la communaut\u00e9 de Valence, o\u00f9 il restera jusqu&#8217;\u00e0 son d\u00e9c\u00e8s en 2005. Durant la nuit du 8 d\u00e9cembre, f\u00eate de l&#8217;Immacul\u00e9e, au 9, \u00e0 quatre heures du matin, il entre dans la maison du P\u00e8re. Il \u00e9tait normal qu&#8217;une personne qui avait tant aim\u00e9 la Vierge meure \u00e0 une date si insigne. Durant toutes ces ann\u00e9es, il aura r\u00e9cit\u00e9 des milliers de rosaires. Des milliers de fois, il aura demand\u00e9 \u00e0 Marie de &#8220;prier pour nous, pauvres p\u00e9cheurs, maintenant et \u00e0 l&#8217;heure de la mort&#8221;.\u00a0 Il est certain qu&#8217;Elle a pri\u00e9 pour lui et l&#8217;a re\u00e7u aupr\u00e8s de son Fils.<\/span><\/span><\/p>\n<p style=\"text-align: justify;\"><span style=\"font-family: Arial; font-size: small;\"><span lang=\"FR\"> Parmi les exemples qu&#8217;il nous a laiss\u00e9s, signalons au moins le t\u00e9moignage de sa foi, de son esp\u00e9rance et de sa d\u00e9votion \u00e0 Marie. Que son exemple nous \u00e9difie et nous aide \u00e0 continuer \u00e0 nous pr\u00e9parer \u00e0 accueillir ce Dieu qui viendra nous chercher pour que son Royaume\u00a0 devienne une r\u00e9alit\u00e9 pleine et enti\u00e8re pour chacun de nous.<\/span><\/span><\/p>\n<p style=\"text-align: justify;\"><span style=\"font-family: Arial; font-size: small;\"><span lang=\"FR\"> Que le Seigneur et notre M\u00e8re, la Vierge del Pilar, l&#8217;accueillent et qu&#8217;il repose dans la paix.<\/span><\/span><\/p>\n&nbsp;\n<h3><span lang=\"en-us\"><a name=\"2005-23\"><\/a><span style=\"font-size: small;\">2005-23<\/span><\/span><\/h3>\n&nbsp;\n<p style=\"text-align: justify;\"><span style=\"font-family: Arial; font-size: small;\">Province des Etats-Unis d\u2019Am\u00e9rique recommande \u00e0 nos pri\u00e8res fraternelles notre cher Fr\u00e8re <b>ANTHONY YOUNG<\/b>, d\u00e9c\u00e9d\u00e9 au service de la Tr\u00e8s Sainte Vierge le 25 novembre 2005 \u00e0 Mountain View, California, dans la 78e ann\u00e9e de son \u00e2ge et 1e 53e de sa profession religieuse.<\/span><\/p>\n<p style=\"text-align: justify;\"><span style=\"font-family: Arial; font-size: small;\"><span lang=\"FR\"> <b>Anthony Young<\/b> est n\u00e9 le 19 mai 1928, \u00e0 Keanae, (Maui, Hawaii), fils de Yim et Victoria (Wong) Young, sur la paroisse Saint Gabriel. Avec son dipl\u00f4me de Saint Louis Coll\u00e8ge d\u2019Honolulu, il servit dans la Reserve National Guard avec le titre de brigadier, de 1948 \u00e0 1952. Il fit ses premiers v\u0153ux en 1953 et sa profession d\u00e9finitive en 1957.<\/span><\/span><\/p>\n<p style=\"text-align: justify;\"><span style=\"font-family: Arial; font-size: small;\"><span lang=\"FR\"> \u00a0Sous l\u2019inspiration de M\u00e8re T\u00e9r\u00e9sa et du P\u00e8re Damien, un missionnaire l\u00e9gendaire pour son travail \u00e0 Hawaii, le Fr\u00e8re Tony a pass\u00e9 toute sa vie comme fr\u00e8re ouvrier. Il a commenc\u00e9 son service effectif en 1954, en tant que gestionnaire, dans la communaut\u00e9 marianiste du noviciat de Santa Cruz (Californie). Il fut ensuite charg\u00e9 de l\u2019entretien et de l\u2019am\u00e9nagement \u00e0 West Hills et Gardena (Californie) et \u00e0 Honolulu ( Hawaii). Plus tard, il retourna en Californie, o\u00f9, de 1988 \u00e0 2003, il assura un service d\u2019assistant social au Newman Catholic Center de l\u2019Universit\u00e9 de Californie de\u00a0 Santa Cruz.<\/span><\/span><\/p>\n<p style=\"text-align: justify;\"><span style=\"font-family: Arial; font-size: small;\"><span lang=\"FR\"> \u00a0Bien qu\u2019il ait travaill\u00e9 dans la construction et la comptabilit\u00e9, il \u00e9tait particuli\u00e8rement admir\u00e9 pour ses talents d\u2019am\u00e9nagement et de cuisinier dont il faisait largement b\u00e9n\u00e9ficier les gens et les organisations avec lesquelles il travaillait. \u00ab\u00a0Il \u00e9tait d\u00e9licat et tout donn\u00e9 aux \u00e9tudiants\u00a0\u00bb, dit le P. Roland Bunda, un camarade hawa\u00ef\u00efen\u00a0 qui a travaill\u00e9 avec le Fr\u00e8re Tony au Newman Center. \u00ab\u00a0Ils ne partaient jamais avec la faim. Il pr\u00e9parait toujours une masse d\u2019aliments pour eux et s\u2019assurait qu\u2019on avait bien tout pr\u00e9vu.\u00a0\u00bb<\/span><\/span><\/p>\n<p style=\"text-align: justify;\"><span style=\"font-family: Arial; font-size: small;\">\u00a0<span lang=\"FR\">En \u00e9cho \u00e0 la remarque du P. Bunda, Bridget Smith, la\u00efque marianiste associ\u00e9e \u00e0 Santa Cruz, disait : \u201c Le Fr\u00e8re Tony \u00e9tait dur \u00e0 la t\u00e2che et faisait grosse impression sur les \u00e9tudiants. Il avait la conviction que son travail ne consistait pas simplement \u00e0 leur apprendre \u00e0 \u00e9tudier, mais \u00e0 leur apprendre \u00e0 s\u2019entraider. Tout \u00e9tudiant avec lequel il a \u00e9t\u00e9 en contact, a mieux r\u00e9alis\u00e9 sa vocation, quelle qu\u2019elle soit, \u00e0 cause de lui\u201d.<\/span><\/span><\/p>\n<p style=\"text-align: justify;\"><span style=\"font-family: Arial; font-size: small;\">\u00a0<span lang=\"FR\">En plus du Newman Center de Santa Cruz, le fr\u00e8re Tony d\u00e9ployait aussi son activit\u00e9 aux Newman Centers de Cabrillo College \u00e0 Aptos, (Californie), et de l\u2019Universit\u00e9 d\u2019\u00e9tat de Californie \u00e0\u00a0 Monterey Bay. Il apportait encore son concours \u00e0 beaucoup d\u2019autres organisations de Santa Cruz et du dioc\u00e8se catholique de Monterey\u00a0:\u00a0 la Soupe populaire Saint Fran\u00e7ois, l\u2019Habitat pour l\u2019Humanit\u00e9, le Home J\u00e9sus, Marie et Joseph pour les femmes et les enfants, le Home maternel de Siena et le Monast\u00e8re des Pauvres Clarisses, entre autres.<\/span><\/span><\/p>\n<p style=\"text-align: justify;\"><span style=\"font-family: Arial; font-size: small;\"><span lang=\"FR\"> \u00a0L\u2019une des exp\u00e9riences les plus gratifiantes pour le Fr\u00e8re Tony fut la visite \u00e0 la terre natale du Bienheureux P\u00e8re Chaminade, \u00e0 Bordeaux, ( France). Wayne Shaffer, associ\u00e9 la\u00efque marianiste, accompagna le Fr\u00e8re Tony dans ce voyage et dans beaucoup d\u2019autres excursions qu\u2019il fit dans sa ch\u00e8re patrie de Hawaii. \u00ab\u00a0Le Fr\u00e8re Tony appelait cela \u2018vacances\u00a0\u2018, mais il \u00e9tait de ceux qui ne savent jamais dire \u2018non\u2019. Nous travaillions toute la journ\u00e9e, allant d\u2019une place \u00e0 l\u2019autre, ici pour une r\u00e9paration, l\u00e0 pour un coup de main \u00e0 la tonte de la pelouse ou la plantation du jardin. Il manquera, car il a fait tant de choses pour tant de gens.\u00a0\u00bb<\/span><\/span><\/p>\n<p style=\"text-align: justify;\"><span style=\"font-family: Arial; font-size: small;\"><span lang=\"FR\"> \u00a0Une autre des grandes passions du fr\u00e8re Tony \u00e9tait d\u2019encourager les vocations. Il parlait souvent des vocations et priait pour que des hommes et des femmes s\u2019engagent au service de l\u2019Eglise. L\u2019un de ses r\u00eaves \u00e9tait de voir l\u2019un de ceux qu\u2019il c\u00f4toyait choisir la vocation marianiste.\u00a0 Les anciens du Newman Center de Santa Cruz sont en train de cr\u00e9er une bourse \u00e0 son nom\u00a0: \u00ab\u00a0Le fonds Fr\u00e8re Antony\u00a0 Young pour l\u2019excellence\u00a0\u00bb (Brother <\/span> \u00a0Anthony Young Scholarship Fund for Student Leadership.)<\/span><\/p>\n<p style=\"text-align: justify;\"><span style=\"font-family: Arial; font-size: small;\">\u00a0<span lang=\"FR\">Le Fr\u00e8re Tony fut mis \u00e0 l\u2019honneur par le Newman Center de Santa Cruz, lors de son repas annuel, le 22 janvier 2005. Il re\u00e7ut \u00e9galement une lettre de f\u00e9licitations du maire de Santa Cruz pour ses nombreuses ann\u00e9es de services\u00a0 \u00e0 la commune. \u00ab\u00a0Il connaissait tout le monde \u00e0 Santa Cruz\u00a0\u00bb, aux dires du P. Bunda.\u00a0\u00bb Nous disions souvent qu\u2019il pourrait se pr\u00e9senter comme candidat \u00e0 la mairie. Tony \u00e9tait un homme de foi et de pri\u00e8re, un homme qui a dispos\u00e9 de ses talents pour construire le Royaume de Dieu.\u00a0\u00bb<\/span><\/span><\/p>\n<p style=\"text-align: justify;\"><span style=\"font-family: Arial; font-size: small;\"><span lang=\"FR\"> \u00a0Le Fr\u00e8re Tony a f\u00eat\u00e9 ses noces d\u2019or en 2003. Durant les deux derni\u00e8res ann\u00e9es, il a \u00e9t\u00e9 soign\u00e9 pour des probl\u00e8mes cons\u00e9cutifs \u00e0 des op\u00e9rations pour le c\u0153ur et le dos et il a d\u00fb rejoindre la communaut\u00e9 de la Villa St.Joseph \u00e0 Cupertino (Californie). Il laisse deux s\u0153urs, Rina Moore \u00e0 San Diego (Californie) et Victoria Kanoa \u00e0 Wailuku (Maui). Qu\u2019il repose dans la paix.<\/span><\/span><\/p>\n&nbsp;\n<h3><span lang=\"en-us\"><a name=\"2005-22\"><\/a><span style=\"font-size: small;\">2005-22<\/span><\/span><\/h3>\n&nbsp;\n<p align=\"justify\"><span style=\"font-family: Arial; font-size: small;\">La Province de Madrid recommande \u00e0 nos pri\u00e8res fraternelles notre cher Fr\u00e8re <b>BERNARDO <span lang=\"FR\">\u00c1<\/span>LVAREZ GUTI\u00c9RREZ<\/b>, d\u00e9c\u00e9d\u00e9 au service de la Tr\u00e8s Sainte Vierge le 16 novembre 2005 \u00e0 Madrid, Espagne, dans la 88e ann\u00e9e de son \u00e2ge et 1e 72e de sa profession religieuse.<\/span><\/p>\n<p align=\"justify\"><span style=\"font-family: Arial; font-size: small;\"><span lang=\"FR\"><b>Bernardo \u00c1lvarez<\/b>, est n\u00e9 le 28 ao\u00fbt 1918 \u00e0 Villar\u00edn de Campos, province de Zamora (Espagne). A 12 ans, il entre au postulat d\u2019 Escoriaza (Guip\u00fazcoa); en 1933, il commence le noviciat \u00e0 Elorrio et \u00e9met ses premiers v\u0153ux le 1er septembre 1934. Ses ann\u00e9es de formation se d\u00e9roulent \u00e0 Elorrio et Segovie. Ses \u00e9tudes le destinent \u00e0 un travail professionnel en arts graphiques, de fait, la reliure. Il fait sa profession d\u00e9finitive le 15 ao\u00fbt 1940.<\/span><\/span><\/p>\n<p align=\"justify\"><span style=\"font-family: Arial; font-size: small;\"><span lang=\"FR\">En 1949, il rejoint la communaut\u00e9 du 22 Via Latina, au service de l\u2019AG. Il effectue aussi divers travaux pour le Vatican\u00a0: durant l\u2019ann\u00e9e Sainte de 1950, il participe \u00e0 la vente de timbres au p\u00e8lerins qui viennent \u00e0 Rome. En 1958, il va \u00e0 Valladolid pour assurer des cours de reliure \u00e0 quelques postulants. Cinq ann\u00e9es plus tard, il travaille aux \u00e9ditions SM, o\u00f9 il restera jusqu\u2019\u00e0 se retraite. C\u2019est l\u00e0 qu\u2019il r\u00e9v\u00e8le son caract\u00e8re pacifique, serein, serviable. Il sait se faire aimer.<\/span><\/span><\/p>\n<p align=\"justify\"><span style=\"font-family: Arial; font-size: small;\"><span lang=\"FR\">Atteint par le diab\u00e8te, Bernard commence \u00e0 perdre la vue. En 1982, tout en continuant \u00e0 travailler \u00e0 l\u2019Editorial, il doit changer de m\u00e9tier en raison de ses difficult\u00e9s de vision. Les m\u00e9decins pronostiquent une perte progressive de la vue, jusqu\u2019\u00e0 la c\u00e9cit\u00e9 totale en quelques ann\u00e9es. Pour faire face \u00e0 cette infirmit\u00e9, il suit pendant trois mois un cours organis\u00e9 par la Ligue nationale des Aveugles\u00a0: c\u2019est l\u00e0 qu\u2019il apprend les moyens pratiques pour se d\u00e9brouiller de fa\u00e7on autonome quand la vue est perdue.<\/span><\/span><\/p>\n<p align=\"justify\"><span style=\"font-family: Arial; font-size: small;\"><span lang=\"FR\">Quand il prend conscience de son infirmit\u00e9, Bernard accepte dans la paix les pr\u00e9visions des m\u00e9decins qui lui pr\u00e9disent qu\u2019il va entrer dans un \u00e9tat plein de restrictions. Personne ne l\u2019entend se plaindre. Il se pr\u00e9pare \u00e0 vivre avec ses limites et \u00e0 les affronter. Il les vit dans la paix et t\u00e2che de se rendre utile autant qu\u2019il le peut.<\/span><\/span><\/p>\n<p align=\"justify\"><span style=\"font-family: Arial; font-size: small;\"><span lang=\"FR\">Bien qu\u2019aveugle, il veut continuer \u00e0 se rendre utile. Il rejoint la communaut\u00e9 de l\u2019Administration provinciale. Il y tient le standard t\u00e9l\u00e9phonique avec gentillesse et efficacit\u00e9. Peu \u00e0 peu ses forces l\u2019abandonnent, il perd le sens de l\u2019orientation et la notion du temps. En 1988, il faut l\u2019envoyer \u00e0 l\u2019infirmerie provinciale.<\/span><\/span><\/p>\n<p align=\"justify\"><span style=\"font-family: Arial; font-size: small;\"><span lang=\"FR\">Au bout de quelques mois, la d\u00e9t\u00e9rioration croissante de sa sant\u00e9 l\u2019oblige \u00e0 rester en chambre, sans pouvoir se lever. La maladie et ses cons\u00e9quences progressent. Son niveau de conscience diminue jusqu\u2019\u00e0 un point quasiment imperceptible. Cinq ans vont ainsi passer, jusqu\u2019\u00e0 ce qu\u2019il d\u00e9c\u00e8de le soir du mercredi 16 novembre.<\/span><\/span><\/p>\n<p align=\"justify\"><span style=\"font-family: Arial; font-size: small;\"><span lang=\"FR\">\u00ab\u00a0Le Seigneur est ma lumi\u00e8re et mon salut\u00a0\u00bb, tel fut le cantique qui nous accompagna au moment des obs\u00e8ques. Bernard l\u2019avant chant\u00e9 si souvent durant sa vie\u00a0: \u00e0 mesure que la lumi\u00e8re ext\u00e9rieure d\u00e9sertait ses yeux, il dirigeait sa contemplation vers Celui qui est la Lumi\u00e8re. Pendant les obs\u00e8ques, nous avons entendu l\u2019invitation de Paul\u00a0: \u00ab\u00a0Comportons nous en fils de la lumi\u00e8re dont les fruits sont bont\u00e9, droiture et v\u00e9rit\u00e9\u00a0\u00bb. Celui qui a su vivre dans l\u2019obscurit\u00e9 physique durant tant d\u2019ann\u00e9es aura su rencontre la Lumi\u00e8re et devenir lumi\u00e8re\u00a0.<\/span><\/span><\/p>\n<p align=\"justify\"><span style=\"font-family: Arial; font-size: small;\"><span lang=\"FR\">Lui, un \u00eatre simple et chaleureux, puisse-t-il entendre maintenant l\u2019appel que nous rapporte l\u2019\u00e9p\u00eetre aux \u00c9ph\u00e9siens\u00a0: \u00ab\u00a0R\u00e9veille-toi, toi qui dors, l\u00e8ve toi d\u2019entre les morts et le Christ sera ta lumi\u00e8re\u00a0\u00bb.<\/span><\/span><\/p>\n&nbsp;\n<h3><span lang=\"en-us\"><a name=\"2005-21\"><\/a><span style=\"font-size: small;\">2005-21<\/span><\/span><\/h3>\n&nbsp;\n<p style=\"text-align: justify;\"><span style=\"font-family: Arial; font-size: small;\"><span lang=\"FR\"> La R\u00e9gion du Colombie-Equateur recommande \u00e0 nos pri\u00e8res fraternelles notre cher Fr\u00e8re, <\/span><b>MIGUEL LETE ALDAY<\/b><span lang=\"FR\">, pr\u00eatre, d\u00e9c\u00e9d\u00e9 au service de la Tr\u00e8s Sainte Vierge le 14 novembre 2005 \u00e0 San Clemente, Colombie, dans la <\/span><span lang=\"ES\">80 <\/span><span lang=\"FR\">\u00e8me ann\u00e9e de son \u00e2ge et la <\/span><span lang=\"ES\">63 <\/span><span lang=\"FR\">\u00e8me de sa profession religieuse.<\/span><\/span><\/p>\n<p class=\"MsoNormal\" style=\"text-align: justify;\"><span lang=\"FR\" style=\"font-family: Arial;\"><span style=\"font-size: small;\">Miguel \u00e9tait n\u00e9 le 4 juillet 1926 \u00e0 Arcarazo, en Espagne. Il a fait\u00a0 son postulat de 1938 \u00e0 1942 \u00e0 Escoriaza, apr\u00e8s quoi il entra au noviciat\u00a0o\u00f9 il a \u00e9mis ses premiers v\u0153ux le 12 septembre 1943. Il a poursuivi sa formation, \u00e9tant scolastique \u00e0 S\u00e9govie et \u00e0 Carabanchel.\u00a0 Et c\u2019est en 1946 qu\u2019il obtint son baccalaur\u00e9at \u00e0 Madrid. <\/span><\/span><\/p>\n<p class=\"MsoNormal\" style=\"text-align: justify;\"><span lang=\"FR\" style=\"font-family: Arial;\"><span style=\"font-size: small;\">\u00a0Au cours des ann\u00e9es suivantes, Miguel fut enseignant \u00e0 San S\u00e9bastian. En 1952, il a commenc\u00e9 des \u00e9tudes en vue du sacerdoce au s\u00e9minaire international marianiste \u00e0 Fribourg.\u00a0 Apr\u00e8s son ordination,\u00a0 le 17 juillet 1955, Miguel poursuivit des \u00e9tudes \u00e0 Fribourg jusqu\u2019en 1957. Puis, pendant les sept ann\u00e9es suivantes, il s\u2019est adonn\u00e9 \u00e0 l\u2019enseignement\u00a0 tout en \u00e9tant responsable du recrutement \u00e0 Escoriaza.<\/span><\/span><\/p>\n<p class=\"MsoNormal\" style=\"text-align: justify;\"><span lang=\"FR\" style=\"font-family: Arial;\"><span style=\"font-size: small;\">\u00a0Dans la suite, une longue p\u00e9riode d\u2019environ quarante ann\u00e9es, le P\u00e8re Miguel travaillait tant\u00f4t \u00e0 Escoriaza, tant\u00f4t \u00e0 San S\u00e9bastian, \u00e0 la fois comme professeur et aum\u00f4nier.\u00a0 Puis, \u00e0 l\u2019\u00e2ge de 66 ans, il a offert g\u00e9n\u00e9reusement ses services aux Colombiens.\u00a0 Apr\u00e8s son arriv\u00e9e \u00e0 Bogot\u00e1 en 1994, il y resta une ann\u00e9e, puis se rendit \u00e0 San Clemente, en Colombie. Et\u00a0 l\u00e0, le P\u00e8re Miguel s\u2019est d\u00e9vou\u00e9 aux Colombiens avec une tr\u00e8s grande affection durant plus de dix ans. <\/span><\/span><\/p>\n<p class=\"MsoNormal\" style=\"text-align: justify;\"><span lang=\"FR\" style=\"font-family: Arial;\"><span style=\"font-size: small;\">\u00a0Le 14 novembre 2005, il est d\u00e9c\u00e9d\u00e9 \u00e0 Bogot\u00e1 \u00e0 l\u2019h\u00f4pital de l\u2019Universit\u00e9 Saint\u00a0 Ignace de Loyola. Il avait souffert d\u2019une pneumonie particuli\u00e8rement grave. Et c\u2019est dans une grande paix et sans douleur qu\u2019il a pu passer sur l\u2019autre rive et recevoir sa r\u00e9compense \u00e9ternelle.<\/span><\/span><\/p>\n<p class=\"MsoNormal\" style=\"text-align: justify;\"><span lang=\"FR\" style=\"font-family: Arial;\"><span style=\"font-size: small;\">\u00a0Les fun\u00e9railles du P\u00e8re Miguel ont \u00e9t\u00e9 c\u00e9l\u00e9br\u00e9es le 15 novembre dans la paroisse de Notre Dame de la Charit\u00e9 \u00e0 Bogot\u00e1,\u00a0 et c\u2019est ce m\u00eame jour qu\u2019il fut inhum\u00e9 au cimeti\u00e8re central. <\/span><\/span><\/p>\n<p class=\"MsoNormal\" style=\"text-align: justify;\"><span lang=\"FR\" style=\"font-family: Arial;\"><span style=\"font-size: small;\">\u00a0Qu\u2019il repose dans la paix\u00a0!\u00a0 <\/span><\/span><\/p>\n&nbsp;\n<p style=\"text-align: justify;\"><span style=\"font-size: small;\">\u00a0<\/span><\/p>\n\n<h3><span lang=\"en-us\"><a name=\"2005-20\"><\/a><span style=\"font-size: small;\">2005-20<\/span><\/span><\/h3>\n&nbsp;\n<p style=\"text-align: justify;\"><span style=\"font-family: Arial; font-size: small;\"><span lang=\"FR\"> La R\u00e9gion du Japon recommande \u00e0 nos pri\u00e8res fraternelles notre cher Fr\u00e8re, <\/span><b><span lang=\"ES\">IWAO JEAN NAGATA<\/span><\/b><span lang=\"FR\">, d\u00e9c\u00e9d\u00e9 au service de la Tr\u00e8s Sainte Vierge le 7 novembre 2005 \u00e0 Tokyo, dans la 96\u00e8me ann\u00e9e de son \u00e2ge et la 77\u00e8me de sa profession religieuse.<\/span><\/span><\/p>\n<p style=\"text-align: justify;\"><span style=\"font-family: Arial; font-size: small;\"><span lang=\"FR\"> <b>Iwao Jean Nagata<\/b>, fils de Kanematsu Louis et de Jimi Maria Nagata, est n\u00e9 dans l\u2019\u00eele de Kuroshima dans le d\u00e9partement de Nagasaki. Sa date de naissance officielle, celle retenue dans les registres par les autorit\u00e9s locales, est le 1er juin 1910 alors qu\u2019en r\u00e9alit\u00e9 il naquit le 19 mai 1910 et fut baptis\u00e9 d\u00e8s le lendemain, le vingt mai. Il est entr\u00e9 dans l\u2019Institut Sainte Marie (l\u2019Ecole Apostolique \u00e0 Urakimi) comme postulant en avril 1924 et y \u00e9mit ses premiers v\u0153ux le 24 mars 1929.<\/span><\/span><\/p>\n<p style=\"text-align: justify;\"><span style=\"font-family: Arial; font-size: small;\"><span lang=\"FR\"> \u00a0Il a termin\u00e9 les \u00e9tudes \u00e0 l\u2019\u00e9cole secondaire Gyosei \u00e0 Tokyo en mars 1932 et fut envoy\u00e9 comme enseignant \u00e0 l\u00a0\u2018Ecole Commerciale \u00e0 Osaka d\u00e8s avril de la m\u00eame ann\u00e9e. Il a \u00e9mis ses v\u0153ux d\u00e9finitifs le 24 ao\u00fbt 1935. En septembre 1942, il termina des \u00e9tudes de g\u00e9ographie et d\u2019histoire \u00e0 l\u2019Ecole Normale associ\u00e9e \u00e0 l\u2019Universit\u00e9 de Nihon. Le Fr\u00e8re Nagata \u00e9tait dou\u00e9 d\u2019une m\u00e9moire \u00e9tonnante. D\u00e8s que, au cours des repas de la communaut\u00e9 ou en d\u2019autres circonstances, on abordait des faits remontant au pass\u00e9, peut-\u00eatre d\u00e9j\u00e0 un peu oubli\u00e9s, ce fut lui alors qui en rappelait tous les d\u00e9tails. Il le faisait tr\u00e8s volontiers, \u00e9tant par nature assez bavard. Il fut l\u2019un des \u00ab\u00a0narrateurs\u00bb dans la R\u00e9gion du Japon. Il s\u2019exprimait avec vivacit\u00e9 et clairement ce qui faisait la joie de ses auditeurs.<\/span><\/span><\/p>\n<p style=\"text-align: justify;\"><span style=\"font-family: Arial; font-size: small;\"><span lang=\"FR\"> Une fois qu\u2019il eut obtenu son dipl\u00f4me universitaire, il fut nomm\u00e9 \u00e0 l\u2019\u00e9cole Kaisei \u00e0 Nagasaki. Cependant, en juin 1944, \u00e2g\u00e9 alors de 34 ans, il fut mobilis\u00e9 dans l\u2019arm\u00e9e japonaise comme bien d\u2019autres de ses confr\u00e8res au cours de ces ann\u00e9es de guerre. Il fut envoy\u00e9 au front m\u00e9ridional. Un jour \u00e0 cette \u00e9poque, le convoi de 17 bateaux dans lequel il voyageait fut attaqu\u00e9. Tous les navires, \u00e0 l\u2019exception d\u2019un seul, furent coul\u00e9s et des milliers de soldats y p\u00e9rirent. Cette exp\u00e9rience de seul \u00ab\u00a0survivant\u00a0\u00bb le marqua tr\u00e8s profond\u00e9ment et l\u2019\u00e9v\u00e9nement allait constituer un chapitre \u00e0 part dans son fonds d\u2019histoires. Pourquoi avait-il surv\u00e9cu l\u00e0 o\u00f9 tant d\u2019autres avaient laiss\u00e9 leur vie\u00a0?<\/span><\/span><\/p>\n<p style=\"text-align: justify;\"><span style=\"font-family: Arial; font-size: small;\"><span lang=\"FR\"> Apr\u00e8s sa d\u00e9mobilisation en mai 1946, il lui fut demand\u00e9 d\u2019enseigner un temps assez bref \u00e0 l\u2019\u00e9cole Taisei \u00e0 Fukuoka, \u00e9cole tenue \u00e0 l\u2019\u00e9poque par des Marianistes. Plus tard, il a enseign\u00e9 encore plusieurs ann\u00e9es dans l\u2019\u00e9cole Kaisei (1948-1951)\u00a0; 1967-1970). Puis il a pass\u00e9 l\u2019ann\u00e9e 1970-71 comme responsable d\u2019un internat, qui n\u2019aura gu\u00e8re dur\u00e9, dans l\u2019\u00e9cole Chaminade \u00e0 Tokyo.<\/span><\/span><\/p>\n<span style=\"font-family: Arial; font-size: small;\"><span lang=\"FR\">La majeure partie cependant de sa carri\u00e8re d\u2019enseignant apr\u00e8s la guerre, s\u2019est pass\u00e9e \u00e0 l\u2019\u00e9cole Osaka Meisei (1951-1967; 1977-1988). Au cours de cette p\u00e9riode il fut durant plusieurs ann\u00e9es le responsable de la discipline. On rapporte que les \u00e9l\u00e8ves de Meisei, voire des \u00e9tudiants d\u2019autres \u00e9coles du proche voisinage,\u00a0l\u2019avaient surnomm\u00e9 \u00ab\u00a0shachi\u00a0\u00bb ou \u00ab\u00a0tueur de baleines\u00a0\u00bb : c\u2019est qu\u2019il abordait avec une f\u00e9rocit\u00e9 certaine, que ce f\u00fbt sur le terrain de l\u2019\u00e9cole ou en dehors de celui-ci, tout \u00e9l\u00e8ve qui \u00e0 son gr\u00e9 n\u2019observait pas les r\u00e8glements de l\u2019\u00e9cole.<\/span><\/span>\n<p style=\"text-align: justify;\"><span style=\"font-family: Arial; font-size: small;\"><span lang=\"FR\"> En mai 1967,\u00a0la Pr\u00e9fecture d\u2019Osaka lui accorda une \u00ab\u00a0R\u00e9compense pour services \u00e9minents dans le domaine de l\u2019\u00e9ducation\u00a0\u00bb. Apr\u00e8s qu\u2019il se fut officiellement retir\u00e9 de Meisei en mars 1988, il continuait \u00e0 vivre dans la communaut\u00e9 marianiste de Meisei tout en rendant des services dans la biblioth\u00e8que de l\u2019\u00e9cole. Il partit \u00e0 Chaminade \u00e0 Tokyo (dans le b\u00e2timent pour les personnes requ\u00e9rant des soins) le 7 octobre 1993. C\u2019est suite \u00e0 une attaque cardiaque qu\u2019il est d\u00e9c\u00e9d\u00e9 t\u00f4t le matin du 7 novembre 2005. Sur un mur de sa chambre il avait coll\u00e9 une feuille de papier sur laquelle figurait en grands caract\u00e8res manuscrits japonais (vu la faiblesse de ses yeux \u00e0 cause de la cataracte)\u00a0: \u00ab J\u00e9sus, Marie, Joseph, je vous confie mon esprit\u00a0; J\u00e9sus, Marie, Joseph, aidez-moi \u00e0 mon heure derni\u00e8re\u00a0; J\u00e9sus, Marie, Joseph, puiss\u00e9-je mourir paisiblement sous votre protection.\u00a0\u00bb<\/span><\/span><\/p>\n&nbsp;\n<h3><span lang=\"en-us\"><a name=\"2005-19\"><\/a><span style=\"font-size: small;\">2005-19<\/span><\/span><\/h3>\n&nbsp;\n<p style=\"text-align: justify;\"><span style=\"font-family: Arial; font-size: small;\">La Province de <span lang=\"ES\">Zaragoza<\/span> recommande \u00e0 nos pri\u00e8res fraternelles notre cher Fr\u00e8re <b><span lang=\"ES\">FRANCISCO P\u00c9REZ DE MENDIGUREN<\/span><\/b>, pr\u00eatre, d\u00e9c\u00e9d\u00e9 au service de la Tr\u00e8s Sainte Vierge le 4 novembre 2005 \u00e0 <span lang=\"ES\">Vitoria, \u00c1lava,<\/span> dans la 71<sup>e<\/sup> ann\u00e9e de son \u00e2ge et 1e 52<sup>e<\/sup> de sa profession religieuse.<\/span><\/p>\n<p class=\"MsoNormal\" style=\"text-align: justify;\"><span style=\"font-family: Arial; font-size: small;\"><span lang=\"FR\"><b>Francisco P\u00e9rez de Mendiguren Ruiz de Lazcano<\/b> est n\u00e9 le 24 octobre 1935 \u00e0 Trespuentes (\u00c1lava). Ses parents s\u2019appelaient Ezequiel et Luc\u00eda. Le 30 septembre 1947, il entre au postulat de Escoriaza (Guip\u00fazcoa)\u00a0; le 11 septembre 1953, il commence son noviciat \u00e0 Elorrio (Vizcaya), o\u00f9 il prononce ses premiers v\u0153ux le 12 septembre 1954\u00a0; il fait sa profession d\u00e9finitive le 7 septembre 1960 \u00e0 Vitoria.<\/span><\/span><\/p>\n<p class=\"MsoNormal\" style=\"text-align: justify;\"><span style=\"font-family: Arial; font-size: small;\"><span lang=\"FR\">Il obtient la licence d\u2019histoire \u00e0 l\u2019universit\u00e9 de Valence en 1970. Il enseigne \u00e0 Ntra. Sra. del Pilar, de Valence, de 1957 \u00e0 1962; \u00e0 Santa Mar\u00eda de Saint S\u00e9bastien, de 1962 \u00e0 1966; de nouveau au coll\u00e8ge de Valence de 1967 \u00e0 1969, puis de Saint S\u00e9bastien de 1970 \u00e0 1971 et au postulat de Escoriaza de 1972 \u00e0 1977.<\/span><\/span><\/p>\n<p class=\"MsoNormal\" style=\"text-align: justify;\"><span style=\"font-family: Arial; font-size: small;\"><span lang=\"FR\">De 1977 \u00e0 1998, il est affect\u00e9 en Colombie, o\u00f9 il travaille dans plusieurs villes: Bogot\u00e1 puis Medell\u00edn, o\u00f9 il \u00e9tudie la th\u00e9ologie et re\u00e7oit l\u2019ordination sacerdotale des mains de Mgr Octavio Betancourt. Il retourne ensuite \u00e0 Bogot\u00e1, puis \u00e0 Gu\u00e1tica, cette fois comme cur\u00e9\u00a0; de nouveau \u00e0 Bogot\u00e1, au coll\u00e8ge La Paz, comme directeur des \u00e9tudes, et finalement \u00e0 la paroisse du Perp\u00e9tuel Secours de cette m\u00eame ville, comme cur\u00e9. Il abat partout un travail consid\u00e9rable.<\/span><\/span><\/p>\n<p class=\"MsoNormal\" style=\"text-align: justify;\"><span style=\"font-family: Arial; font-size: small;\"><span lang=\"FR\">De retour en Espagne en septembre 1998, il rejoint la communaut\u00e9 de \u201cLa Chanca\u201d, \u00e0 Almer\u00eda, o\u00f9 il travaille dans les deux paroisses confi\u00e9es aux Marianistes. Il y reste jusqu\u2019en janvier 2005, s\u2019occupant des gitans, des p\u00eacheurs du port, de la CONFER ( Conf\u00e9d\u00e9ration Espagnole des Religieux), de la prison, qu\u2019il visite r\u00e9guli\u00e8rement. S\u2019\u00e9tant port\u00e9 volontaire pour la mission nouvelle \u00e0 Cuba il re\u00e7oit le visa qui lui permet de rejoindre la communaut\u00e9 de Vertientes, dans le dioc\u00e8se de Camag\u00fcey, \u00e0 Cuba, \u00e0 laquelle il avait \u00e9t\u00e9 affect\u00e9.<\/span><\/span><\/p>\n<p class=\"MsoNormal\" style=\"text-align: justify;\"><span style=\"font-family: Arial; font-size: small;\"><span lang=\"FR\">A 69 ans, le voil\u00e0 \u00e0 Cuba, plein de projets, dispos\u00e9 \u00e0 y d\u00e9ployer toute son \u00e9nergie, qui \u00e9tait grande.\u00a0 Mais d\u00e8s septembre, lors d\u2019un s\u00e9jour \u00e0 l\u2019h\u00f4pital de Camag\u00fcey pour une infection des bronches, on d\u00e9tecte des sympt\u00f4mes bien pr\u00e9occupants d\u2019un autre type de maladie, qui conseillent son retour en Espagne. Le 23 de ce mois de septembre, il revient \u00e0 Vitora. Tr\u00e8s vite, on diagnostique un tumeur c\u00e9r\u00e9brale grave qui se pr\u00e9sente tr\u00e8s mal. On lui propose une op\u00e9ration, mais sans garantie, en lui disant que cette sorte de tumeur se reproduit d\u2019ordinaire rapidement. Apr\u00e8s avoir m\u00e9dit\u00e9 durant quelques jours, il d\u00e9cide de ne pas se faire op\u00e9rer, de s\u2019en remettre entre les mains de Dieu et d\u2019accueillir les jours de vie qui lui restent comme une gr\u00e2ce de Dieu pour se pr\u00e9parer \u00e0 la mort. A partir de ce moment, il attendait, en se remplissant de paix. Apr\u00e8s quelques jours d\u2019am\u00e9lioration, durant lesquels il put jouir de sa terre natale, de sa famille, de la compagnie de ses fr\u00e8res, et m\u00eame parler aux \u00e9l\u00e8ves de la mission et c\u00e9l\u00e9brer l\u2019Eucharistie de la Toussaint pour la communaut\u00e9, il lui fallu retourner \u00e0 l\u2019h\u00f4pital, o\u00f9 il mourut au service de la Tr\u00e8s Sainte Vierge, le 4 novembre 2005.\u00a0\u00a0\u00a0\u00a0\u00a0\u00a0\u00a0\u00a0 <\/span><\/span><\/p>\n<span style=\"font-family: Arial; font-size: small;\"><span lang=\"FR\">Il nous laisse le t\u00e9moignage de la fermet\u00e9 dans la foi, de l\u2019esp\u00e9rance et de la paix devant la mort, d\u2019un inlassable z\u00e8le missionnaire plein d\u2019esp\u00e9rances, de son travail avec les pauvres et de son esprit de lutteur.<\/span><\/span>\n\n&nbsp;\n<h3><span lang=\"en-us\"><a name=\"2005-18\"><\/a><span style=\"font-size: small;\">2005-18<\/span><\/span><\/h3>\n&nbsp;\n<p align=\"justify\"><span style=\"font-family: Arial; font-size: small;\">La Province de Madrid recommande \u00e0 nos pri\u00e8res fraternelles notre cher Fr\u00e8re <b>BERNARDO GUEVARA LANDA<\/b>, d\u00e9c\u00e9d\u00e9 au service de la Tr\u00e8s Sainte Vierge le 31 octobre 2005 \u00e0 Madrid, Espagne, dans la 94<sup>e<\/sup> ann\u00e9e de son \u00e2ge et 1e 77<sup>e<\/sup> de sa profession religieuse.<\/span><\/p>\n<p class=\"MsoNormal\" align=\"justify\"><span style=\"font-family: Arial; font-size: small;\"><b> <span lang=\"FR\">Bernard Guevara<\/span><\/b><span lang=\"FR\"> est n\u00e9 le 19 ao\u00fbt \u00e0 Crispijana, Province de Alava en Espagne. Entr\u00e9 \u00e0 12 ans au postulat d\u2019Escoriaza (Guip\u00fazcoa), il commence le noviciat en 1928 et \u00e9met ses premiers v\u0153ux religieux le 6 septembre 1929; cinq ans plus tard, le 2 septembre 1934, il se consacre d\u00e9finitivement dans la Soci\u00e9t\u00e9 de Marie par la profession perp\u00e9tuelle. Cette m\u00eame ann\u00e9e, il termine ses \u00e9tudes d\u2019instituteur.<\/span><\/span><\/p>\n<p class=\"MsoNormal\" align=\"justify\"><span style=\"font-family: Arial; font-size: small;\"> <span lang=\"FR\">A la sortie du scolasticat, il d\u00e9bute comme \u00e9ducateur au Coll\u00e8ge del Pilar de Madrid. Tout de suite apr\u00e8s sa profession perp\u00e9tuelle, il est affect\u00e9 \u00e0 Bues Aires, o\u00f9 il reste jusqu\u2019en 1949. Il passe les 8 ann\u00e9es suivantes au coll\u00e8ge de Santiago du Chili. En 1957, il revient en Espagne, o\u00f9 il poursuivra sa mission pour le reste de sa vie, mis \u00e0 part deux courts s\u00e9jours \u00e0 Tanger ( Maroc). Ce sont les coll\u00e8ges de Ciudad Real et de Cadix qui profitent de son d\u00e9vouement et de sa passion pour l\u2019\u00e9ducation.<\/span><\/span><\/p>\n<p class=\"MsoNormal\" align=\"justify\"><span style=\"font-family: Arial; font-size: small;\"> <span lang=\"FR\">A 68 ans, en 1980, il rejoint la maison de retraite de La Parra, Avila, o\u00f9 il est charg\u00e9 de l\u2019entretien. De 1988 \u00e0 2000, il appartient \u00e0 la communaut\u00e9 de Vitoria: il est venu dans cette ville pour apporter son soutien \u00e0 ses deux fr\u00e8res, tous deux c\u00e9libataires, atteints de la maladie d\u2019Alzheimer, et dont il doit assumer la tutelle. Arrive un moment o\u00f9 sa propre sant\u00e9 se d\u00e9grade, et ne lui permet plus d\u2019assumer cette responsabilit\u00e9. Son fr\u00e8re encore vivant est h\u00e9berg\u00e9 dans une maison adapt\u00e9e \u00e0 son \u00e9tat, et Bernard est int\u00e9gr\u00e9 \u00e0 la communaut\u00e9 de l\u2019Administration provinciale de Madrid. Deux ans plus tard, il faut le transf\u00e9rer \u00e0 la maison provinciale de soins \u00e0 Carabanchel. <\/span><\/span><\/p>\n<p class=\"MsoNormal\" align=\"justify\"><span style=\"font-family: Arial; font-size: small;\"> <span lang=\"FR\">Il conserve une sant\u00e9 physique apparemment excellente, mais ses facult\u00e9s mentales sont tr\u00e8s diminu\u00e9es. Si bien que le 31 octobre, durant les v\u00eapres de la Toussaint, il d\u00e9c\u00e8de \u00e0 l\u2019issue d\u2019un processus tr\u00e8s rapide. Ses derni\u00e8res ann\u00e9es ont \u00e9t\u00e9 tr\u00e8s paisibles. Il vivait en paix avec lui-m\u00eame et avec les autres. Il savait se faire aimer. Rien ne peut mieux le dire que ces mots de quelqu\u2019un qui le connaissait bien: \u201cSi nous \u00e9tions tous comme lui, il n\u2019y aurait pas de guerre dans le monde\u201d. Puissions nous tous recevoir un tel \u00e9loge le jour de notre mort.<\/span><\/span><\/p>\n<p class=\"MsoNormal\" align=\"justify\"><span style=\"font-family: Arial; font-size: small;\"> <span lang=\"FR\">Au cours de sa vie, Bernard a \u00e9t\u00e9 un \u00e9ducateur marianiste convaincu de sa vocation et d\u00e9vou\u00e9 \u00e0 la t\u00e2che qui lui avait \u00e9t\u00e9 confi\u00e9e. Lors de la pr\u00e9paration de ses obs\u00e8ques, un religieux, qui avait \u00e9t\u00e9 son \u00e9l\u00e8ve, rappelait les commentaires sur la Sainte Enfance qu\u2019il avait entendus de la bouche de son jeune professeur durant les classes primaires. Tous ceux qui l\u2019ont connu dans la pl\u00e9nitude de ses moyens le d\u00e9crivent comme un religieux simple, profond\u00e9ment religieux, d\u00e9vou\u00e9, travailleur et serein.<\/span><\/span><\/p>\n<p align=\"justify\"><span lang=\"FR\" style=\"font-family: Arial;\"> <span style=\"font-size: small;\">A Vitoria, o\u00f9 il \u00e9tait charg\u00e9 de ses fr\u00e8res, quand il racontait comment il s\u2019en occupait, il avait coutume de dire\u00a0: \u201cNous, les Guevara, nous avons toujours \u00e9t\u00e9 aust\u00e8res\u201d. Et c\u2019\u00e9tait vrai. C\u2019est une bonne le\u00e7on pour un monde o\u00f9 l\u2019on confond trop souvent bonheur avec confort.<\/span><\/span><\/p>\n&nbsp;\n<h3><span lang=\"en-us\"><a name=\"2005-17\"><\/a><span style=\"font-size: small;\">2005-17<\/span><\/span><\/h3>\n&nbsp;\n<p align=\"justify\"><span lang=\"FR\" style=\"font-family: Arial;\"> <span style=\"font-size: small;\">La R\u00e9gion du Japon recommande \u00e0 nos pri\u00e8res fraternelles notre cher Fr\u00e8re, <\/span><\/span><b><span style=\"font-family: Arial;\"> <span style=\"font-size: small;\">TOKUICHI JOSEPH TOMONAGA<\/span><\/span><\/b><span lang=\"FR\" style=\"font-family: Arial;\"><span style=\"font-size: small;\">, pr\u00eatre, d\u00e9c\u00e9d\u00e9 au service de la Tr\u00e8s Sainte Vierge le 20 octobre 2005 \u00e0 Tokyo, dans la 94\u00e8me ann\u00e9e de son \u00e2ge et la 76\u00e8me de sa profession religieuse.<\/span><\/span><\/p>\n<p align=\"justify\"><span style=\"font-family: Arial; font-size: small;\"><b>Joseph Tokuichi Tomonaga\u00a0 <\/b>est n\u00e9 le 15 ao\u00fbt 1912 \u00e0 Tabira-cho dans la Pr\u00e9fecture de Nagasaki. Il fut le sixi\u00e8me des dix enfants de Pierre Suketaro et d\u2019Agn\u00e8s Tomi Tomonaga. Il est entr\u00e9 au postulat en 1925, \u00e9mit ses premiers v\u0153ux de religion en 1930 et ses v\u0153ux d\u00e9finitifs en 1935. Il \u00e9tudia la philosophie et la th\u00e9ologie \u00e0 Fribourg en Suisse et y fut ordonn\u00e9 pr\u00eatre le 27 juillet 1941. Ce fut au beau milieu de la deuxi\u00e8me guerre mondiale et il se trouvait d\u00e8s lors dans l\u2019impossibilit\u00e9 de retourner au Japon. Il resta en Suisse et enseignait \u00e0 la Villa Saint Jean \u00e0 Fribourg. Pour finir, il retourna au Japon en 1946, puis, apr\u00e8s avoir \u00e9t\u00e9 aum\u00f4nier \u00e0 l\u2019\u00e9cole Sapporo Kosei ainsi qu\u2019\u00e0 l\u2019\u00e9cole Gyosei \u00e0 Tokio, il fut nomm\u00e9 sup\u00e9rieur provincial de la Province du Japon en juillet 1953. Apr\u00e8s avoir rempli cette fonction pendant 10 ans (deux mandats), il devint le directeur du Postulat Kaisei \u00e0 Nagasaki. En mars 1967, il lui fut demand\u00e9 d\u2019exercer temporairement la t\u00e2che de sup\u00e9rieur provincial, t\u00e2che qu\u2019il a remplie jusqu\u2019en\u00a0 octobre de la m\u00eame ann\u00e9e. Apr\u00e8s cet interm\u00e8de, il fut nomm\u00e9 aum\u00f4nier au couvent des Filles de Marie \u00e0 Chofu. En 1969 il retourna \u00e0 l\u2019\u00e9cole Gyosei\u00a0 o\u00f9 il travailla jusqu\u2019en 1981, ann\u00e9e o\u00f9 il fut nomm\u00e9\u00a0 une nouvelle fois aum\u00f4nier des S\u0153urs marianistes \u00e0 Chofu. De 1984 jusqu\u2019en 1993 il fut directeur de la communaut\u00e9 Mariazan et de la maison de retraite \u00e0 Kannami. C\u2019est en 1993 qu\u2019il s\u2019est retir\u00e9 de la\u00a0 \u00ab\u00a0ligne du front\u00a0\u00bb proprement dite, pour s\u2019adonner \u00e0 plein temps \u00e0 la direction spirituelle de la\u00efcs et de divers groupes de pri\u00e8re. De 1995 \u00e0 1998, il fut aum\u00f4nier des Carm\u00e9lites \u00e0 Fukuoka. Au terme de cette p\u00e9riode, il est retourn\u00e9 une fois de plus \u00e0 Gyosei o\u00f9 il a pass\u00e9 beaucoup de temps dans la pri\u00e8re.<\/span><\/p>\n<p align=\"justify\"><span style=\"font-family: Arial; font-size: small;\">Le P\u00e8re Tomonaga \u00e9tait un homme aux talents multiples, il excellait dans les activit\u00e9s sportives, la peinture, la musique et les langues. Dans le domaine sportif, il peut \u00eatre qualifi\u00e9 de \u00ab\u00a0sportif complet\u00a0\u00bb. Non seulement fut-il amateur de tennis, de base-ball, de football, de course \u00e0 pied, d\u2019alpinisme,\u00a0 etc., mais dans tous ces domaines, il d\u00e9passa les confr\u00e8res de sa Province. Lorsqu\u2019il travaillait dans la r\u00e9gion de Tokyo, il entreprenait chaque ann\u00e9e l\u2019ascension du Mont Fuji, qu\u2019il faut ranger dans la s\u00e9rie des montagnes d\u00e9passant les 3000 m. Il avait d\u2019authentiques talents de peintre non pas qu\u2019il aim\u00e2t la peinture \u00e0 l\u2019huile comme ces artistes de week-end\u00a0; par contre il peignait d\u2019excellentes toiles de fond pour des repr\u00e9sentations th\u00e9\u00e2trales et tout particuli\u00e8rement pour les cr\u00e8ches de No\u00ebl\u00a0: toutes ces cr\u00e9ations\u00a0 \u00e9taient un pur d\u00e9lice pour les yeux.<\/span><\/p>\n<p align=\"justify\"><span style=\"font-family: Arial; font-size: small;\">Le P\u00e8re fut un grand d\u00e9vot de Marie. S\u2019il priait lui-m\u00eame, il ne cessait d\u2019encourager autrui \u00e0 faire autant. Vers la fin de sa vie, il s\u2019est lanc\u00e9 avec enthousiasme dans le Mouvement Charismatique et a dirig\u00e9 plusieurs groupes de pri\u00e8re.<\/span><\/p>\n<p align=\"justify\"><span style=\"font-family: Arial; font-size: small;\">Parmi les talents sp\u00e9ciaux du P\u00e8re Tomonaga il faut mentionner sa capacit\u00e9 de \u00ab\u00a0sourcier\u00a0\u00bb. Il avait le don de deviner avec grande pr\u00e9cision la direction que prenaient des sources, ainsi que leur\u00a0 profondeur et la quantit\u00e9 d\u2019eau qu\u2019elles v\u00e9hiculaient sous terre. De tr\u00e8s nombreuses personnes lui sont reconnaissantes pour les puits qui, gr\u00e2ce \u00e0 lui, ont pu \u00eatre creus\u00e9s dans les propri\u00e9t\u00e9s d\u2019\u00e9tablissements religieux\u00a0 et d\u2019\u00e9glises de par le Japon. <\/span><\/p>\n<p align=\"justify\"><span style=\"font-family: Arial;\"><span style=\"font-size: small;\">Ses difficult\u00e9s \u00e0 se mouvoir devenant de plus en plus g\u00eanantes, le P\u00e8re Tomonaga est parti en avril 2003 s\u2019installer \u00e0 Chaminade o\u00f9 il pouvait disposer d\u2019un ascenseur. Tout au d\u00e9but de 2005 son app\u00e9tit diminuait et il \u00e9prouvait de plus en plus de difficult\u00e9s \u00e0 avaler la nourriture. Se sont ajout\u00e9s encore des acc\u00e8s de pneumonie. Il fut d\u00e9cid\u00e9 alors de le nourrir par injections intraveineuses. Sa tension art\u00e9rielle commen\u00e7ait \u00e0 baisser vers la m\u00eame p\u00e9riode. &#8211; Il fut appel\u00e9 aupr\u00e8s du Seigneur le 20 octobre vers 8h10 du soir.<\/span><\/span><\/p>\n&nbsp;\n<h3><span lang=\"en-us\"><a name=\"2005-16\"><\/a><span style=\"font-size: small;\">2005-16<\/span><\/span><\/h3>\n&nbsp;\n<p style=\"text-align: justify;\"><span style=\"font-family: Arial; font-size: small;\">La Province de Madrid recommande \u00e0 nos pri\u00e8res fraternelles notre cher Fr\u00e8re <b>AGUSTIN CALZADA GUTI\u00c9RREZ<\/b>, d\u00e9c\u00e9d\u00e9 au service de la Tr\u00e8s Sainte Vierge le 16 septembre 2005 \u00e0 Pola de Lena, Espagne, dans la 74<sup>e<\/sup> ann\u00e9e de son \u00e2ge et 1e 56<sup>e<\/sup> de sa profession religieuse.<\/span><\/p>\n<p class=\"MsoNormal\" align=\"justify\"><span style=\"font-family: Arial; font-size: small;\"><b> <span lang=\"FR\">Agust\u00edn Calzada<\/span><\/b><span lang=\"FR\">, est n\u00e9 le 5 mai 1932 \u00e0 Avellanosa del P\u00e1ramo, dans la province de Burgos, Espagne. A 13 ans, il entre au postulat d\u2019Escoriaza (Guip\u00fazcoa), il commence son noviciat en 1942 et \u00e9met ses premiers voeux le 12 septembre 1950. Quelques mois plus tard il est envoy\u00e9 au scolasticat de Brandssen en Argentine. Le 16 f\u00e9vrier 1956, il s\u2019engage d\u00e9finitivement dans la Soci\u00e9t\u00e9 de Marie par la profession des v\u0153ux perp\u00e9tuels.<\/span><\/span><\/p>\n<p class=\"MsoNormal\" align=\"justify\"><span style=\"font-family: Arial; font-size: small;\"> <span lang=\"FR\">Augustin fait partie des religieux envoy\u00e9s en Argentine pour y suivre le scolasticat et les \u00e9tudes universitaires qui leur permettent de pr\u00e9parer et r\u00e9aliser leur mission d\u2019\u00e9ducateurs dans les pays andins. Il entre dans la vie active en enseignant \u00e0 Buenos Aires en 1953, o\u00f9 il restera 9 ans. Il travaille encore vingt ans en Am\u00e9rique, jusqu\u2019en 1973. Durant toutes ces ann\u00e9es, les coll\u00e8ges de Nueve de Julio (Argentine), de Linares et de Santiago (Chili) b\u00e9n\u00e9ficient de sa pr\u00e9sence.<\/span><\/span><\/p>\n<p class=\"MsoNormal\" align=\"justify\"><span style=\"font-family: Arial; font-size: small;\"> <span lang=\"FR\">De retour en Europe, il passe une ann\u00e9e de second noviciat \u00e0 Castelgandolfo, apr\u00e8s quoi il est r\u00e9int\u00e9gr\u00e9 dans sa province d\u2019Espagne, o\u00f9 il poursuit son travail d\u2019\u00e9ducateur dans les coll\u00e8ges suivants: Fundaci\u00f3n Rodr\u00edguez Fabr\u00e9s (Salamanque), N\u00aa S\u00aa del Pilar (Madrid), Valladolid et Pola de Lena. Il arrive dans ce dernier coll\u00e8ge en 1981 et y demeure jusqu\u2019\u00e0 son d\u00e9c\u00e8s, comme professeur et secr\u00e9taire, et finalement comme retrait\u00e9.<\/span><\/span><\/p>\n<p class=\"MsoNormal\" align=\"justify\"><span style=\"font-family: Arial; font-size: small;\"> <span lang=\"FR\">Sa sant\u00e9 montre des faiblesses \u00e0 un \u00e2ge relativement pr\u00e9coce. Probl\u00e8mes de circulation sanguine, varices dans les jambe et \u00e0 l\u2019esophage. Les premi\u00e8res sont les plus visibles\u00a0; elles lui rendent la marche p\u00e9nible et exigent de bander ses jambes. Les varices \u00e0 l\u2019esophage sont plus difficile \u00e0 traiter et repr\u00e9sentent un risque s\u00e9rieux pour sa vie.<\/span><\/span><\/p>\n<p class=\"MsoNormal\" align=\"justify\"><span style=\"font-family: Arial; font-size: small;\"> <span lang=\"FR\">Il se sait malade, se pr\u00e9occupe de sa sant\u00e9, doit r\u00e9duire son rythme de travail, mais il continue \u00e0 se maintenir actif. Malgr\u00e9 ses souffrances, il cultive les relations avec les personnes proches de la communaut\u00e9 et s\u2019efforce avant tout d\u2019animer l\u2019Association des anciens \u00e9l\u00e8ves \u00e0 laquelle il d\u00e9die le meilleur de son temps.<\/span><\/span><\/p>\n<p class=\"MsoNormal\" align=\"justify\"><span style=\"font-family: Arial; font-size: small;\"> <span lang=\"FR\">Le matin du 16 septembre, il est atteint d\u2019une forte h\u00e9morragie interne. Une ambulance le transporte imm\u00e9diatement \u00e0 l\u2019h\u00f4pital. Les m\u00e9decins s\u2019efforcent de r\u00e9duire la perte sanguine, mais leurs efforts sont vains et la mort survient quelques heures plus tard.<\/span><\/span><\/p>\n<p class=\"MsoNormal\" align=\"justify\"><span style=\"font-family: Arial; font-size: small;\"> <span lang=\"FR\">Par pure co\u00efncidence, les \u00e9tudiants qui avaient termin\u00e9 leur \u00e9tudes au coll\u00e8ge il y a 25 ans \u00e9taient convoqu\u00e9s pour c\u00e9l\u00e9brer les noces d\u2019argent de leur promotion le samedi 17. Ils avaient pr\u00e9vu de c\u00e9l\u00e9brer ensemble l\u2019Eucharistie. Elle eut lieu dans la chapelle du coll\u00e8ge o\u00f9 l\u2019on avait install\u00e9 la chapelle ardente avec le corps d\u2019Augustin. Mgr. Carlos Osoro, \u00e9v\u00eaque du dioc\u00e8se, pr\u00e9sidait la c\u00e9l\u00e9bration. Il \u00e9tait venu prier pour le religieux d\u00e9funt et accompagner la communaut\u00e9 dans sa peine et son esp\u00e9rance, et put ainsi s\u2019unir \u00e0 la c\u00e9l\u00e9bration de ces anciens \u00e9l\u00e8ves.<\/span><\/span><\/p>\n<p align=\"justify\"><span lang=\"FR\" style=\"font-family: Arial;\"> <span style=\"font-size: small;\">Dans la soir\u00e9e, la paroisse se remplit des amis de la communaut\u00e9 et du coll\u00e8ge: professeurs, parents d\u2019\u00e9l\u00e8ves, anciens, voisins. Il s\u2019unirent \u00e0 la communaut\u00e9 marianiste et \u00e0 la famille d\u2019Augustin pour accompagner notre fr\u00e8re dans l\u2019\u00e9tape d\u00e9finitive de son chemin vers le Seigneur.<\/span><\/span><\/p>\n&nbsp;\n<h3><span lang=\"en-us\"><a name=\"2005-15\"><\/a><span style=\"font-size: small;\">2005-15<\/span><\/span><\/h3>\n&nbsp;\n<p style=\"text-align: justify;\"><span style=\"font-family: Arial; font-size: small;\">Province des Etats-Unis d\u2019Am\u00e9rique recommande \u00e0 nos pri\u00e8res fraternelles notre cher Fr\u00e8re <b>ROBERT KRAFT<\/b>, d\u00e9c\u00e9d\u00e9 au service de la Tr\u00e8s Sainte Vierge le 12 septembre 2005 \u00e0 Troy, Ohio, dans la 74e ann\u00e9e de son \u00e2ge et 1e 33e de sa profession religieuse.<\/span><\/p>\n<p style=\"text-align: justify;\"><span style=\"font-family: Arial; font-size: small;\"><b>Robert C. Kraft <\/b>naquit<b> <\/b>le 4 mars 1932 \u00e0 Cleveland Heights dans l\u2019Ohio, l\u2019un des fils de Daniel Kraft et de Gertrude Feldt. Il a grandi avec son fr\u00e8re Daniel et sa s\u0153ur Doris et fut \u00e9l\u00e8ve dans la High School relevant de la cath\u00e9drale de Cleveland\u00a0; c\u2019est l\u00e0 qu\u2019il fut un membre actif de la Congr\u00e9gation mariale. Mais c\u2019est \u00e0 l\u2019\u00e2ge de 41 ans seulement, le 8 septembre 1973, que le Fr\u00e8re Robert \u00e9mit ses premiers v\u0153ux dans la Soci\u00e9t\u00e9 de Marie \u00e0 Dayton, dans l\u2019Ohio. Il a fait sa profession d\u00e9finitive le 12 ao\u00fbt 1979.<\/span><\/p>\n<p style=\"text-align: justify;\"><span style=\"font-family: Arial; font-size: small;\">Avant d\u2019entrer chez les Marianistes, le Fr\u00e8re Robert fut soldat lors de la guerre de Cor\u00e9e de 1952 \u00e0 1954. C\u2019est en\u00a0cette ann\u00e9e qu\u2019il fut d\u00e9mobilis\u00e9. En 1961 il obtint un dipl\u00f4me de p\u00e9dagogie de l\u2019universit\u00e9 d\u2019\u00e9tat de Kent dans l\u2019Ohio. Et en 1966, l\u2019universit\u00e9 lui accorda le dipl\u00f4me de licenci\u00e9 en p\u00e9dagogie. Dans la suite, sa t\u00e2che fut de participer \u00e0 la formation de futurs professeurs dans un district scolaire du Michigan.<\/span><\/p>\n<p style=\"text-align: justify;\"><span style=\"font-family: Arial; font-size: small;\">La majeure partie de son activit\u00e9 dans la Soci\u00e9t\u00e9 de Marie s\u2019est d\u00e9roul\u00e9e dans l\u2019enseignement de la religion. Le Fr\u00e8re Robert a enseign\u00e9 la religion dans la High School\u00a0de Cleveland de 1974 \u00e0 1976, dans la High School Chaminade-Juilienne \u00e0 Dayton de 1976 \u00e0 1981 et dans la High School Catholique \u00e0 Memphis de 1981 \u00e0 1991. Il a \u00e9galement enseign\u00e9 dans la High School qui porte le nom de l\u2019archev\u00eaque Moeller \u00e0 Cincin<span lang=\"en-us\">n<\/span>ati.<\/span><\/p>\n<p style=\"text-align: justify;\"><span style=\"font-family: Arial; font-size: small;\">\u00ab\u00a0Comme professeur le Fr\u00e8re Robert \u00e9tait populaire aupr\u00e8s des \u00e9l\u00e8ves et aim\u00e9 d\u2019eux, \u00bb d\u00e9clarait le Fr\u00e8re Charles Wanda. \u00ab Son d\u00e9sir de vivre en communaut\u00e9 et sa d\u00e9votion mariale l\u2019avaient incit\u00e9 \u00e0 se d\u00e9vouer dans la Soci\u00e9t\u00e9 de Marie.\u00a0\u00bb<\/span><\/p>\n<span style=\"font-family: Arial;\"><span style=\"font-size: small;\">Le Fr\u00e8re Robert est d\u00e9c\u00e9d\u00e9 suite \u00e0 une congestion cardiaque au centre de sant\u00e9 Harborside \u00e0 Troy. Qu\u2019il repose dans la paix.<\/span><\/span>\n\n&nbsp;\n<h3><span lang=\"en-us\"><a name=\"2005-14\"><\/a><span style=\"font-size: small;\">2005-14<\/span><\/span><\/h3>\n&nbsp;\n<p style=\"text-align: justify;\"><span style=\"font-family: Arial; font-size: small;\">La Province de Zaragoza recommande \u00e0 nos pri\u00e8res fraternelles notre cher Fr\u00e8re <b>BENITO REVUELTA ABECIA<\/b>, d\u00e9c\u00e9d\u00e9 au service de la Tr\u00e8s Sainte Vierge le 7 septembre 2005 \u00e0 Zaragoza, Espagne, dans la 91<sup>e<\/sup> ann\u00e9e de son \u00e2ge et 1e 73<sup>e<\/sup> de sa profession religieuse.<\/span><\/p>\n<p align=\"justify\"><span style=\"font-family: Arial; font-size: small;\"><b><span lang=\"ES\">Beno\u00eet Revuelta Abecia<\/span><\/b><span lang=\"ES\"> est n\u00e9 le 3 avril 1915 \u00e0 Armi\u00f1\u00f3n (\u00c1lava). Ses parents se nommaient Pedro y Cirila. Le 17 novembre 1927, il entre au postulat d\u2019Escoriaza (Guip\u00fazcoa). Il commence son noviciat \u00e0 Elorrio (Vizcaya) le 15 de septembre 1931 et prononce ses premiers voeux dans cette ville le 28 septembre 1932. Apr\u00e8s sa profession il revient \u00e0 Escoriaza pour une ann\u00e9e de scolasticat, puis il est envoy\u00e9 en 1934 par ses sup\u00e9rieurs \u00e0 Segovia pour y poursuivre ses \u00e9tudes.<\/span><\/span><\/p>\n<p align=\"justify\"><span style=\"font-family: Arial; font-size: small;\"><span lang=\"ES\">Durant sa vie religieuse il remplit diverses fonctions dans les lieux et les p\u00e9riodes suivantes:\n&#8211; Coll\u00e8ge \u201cLas Arenas\u201d de Vizcaya, \u00e0 partir de 1935. C\u2019est l\u00e0 qu\u2019en 1936, il est surpris par l\u2019\u00e9clatement de la guerre civile espagnole. Il r\u00e9ussit \u00e0 s\u2019\u00e9vader de Lequeitio (Vizcaya) en octobre de la m\u00eame ann\u00e9e, pour aller \u00e0 Saint Jean de Luz en France. Le 11 novembre 1936, il retourne en Espagne. Le 7 janvier 1937, il est mobilis\u00e9 et sert dans l\u2019arm\u00e9e jusqu\u2019au mois d\u2019ao\u00fbt 1939.\n&#8211; Coll\u00e8ge \u201cNuestra Se\u00f1ora del Pilar\u201d, Madrid, de 1939 \u00e0 1940.\n&#8211; Coll\u00e8ge Catholique \u201cSanta Mar\u00eda\u201d, San Sebasti\u00e1n (Guip\u00fazcoa), de 1940 \u00e0 1941.<\/span><\/span><\/p>\n<p align=\"justify\"><span style=\"font-family: Arial; font-size: small;\"><span lang=\"ES\">Le 15 ao\u00fbt 1941, il fait sa profession d\u00e9finitive \u00e0 Escoriaza.<\/span><\/span><\/p>\n<p align=\"justify\"><span style=\"font-family: Arial; font-size: small;\"><span lang=\"ES\">&#8211; Coll\u00e8ge \u201cSanta Mar\u00eda\u201d de Vitoria (\u00c1lava), de 1941 \u00e0 1952\n&#8211; Coll\u00e8ge Catholique \u201cSanta Mar\u00eda\u201d, San Sebasti\u00e1n (Guip\u00fazcoa), de 1952 \u00e0 1955.\n&#8211; Coll\u00e8ge \u201cSanta Mar\u00eda del Pilar\u201d, Zaragoza, de 1955 \u00e0 1958.\n&#8211; Coll\u00e8ge \u201cSanta Mar\u00eda\u201d, Vitoria (\u00c1lava), de 1958 \u00e0 1961.\nEn septembre 1961 ses sup\u00e9rieurs l\u2019envoient \u00e0 l\u2019Editorial SM de Madrid.\nEn septembre 1969 il est transf\u00e9r\u00e9 \u00e0 la nouvelle succursale de l\u2019Editorial SM \u00e0 Zaragoza jusqu\u2019en 1976.\nEn septembre 1976, il est envoy\u00e9 au Coll\u00e8ge \u201cNuestra Se\u00f1ora del Pilar\u201d de Valencia, comme adjoint de direction jusqu\u2019en 1981.\nEn septembre1981 il retourne au Coll\u00e8ge \u201cSanta Mar\u00eda del Pilar\u201d de Zaragoza, o\u00f9 il restera jusqu\u2019\u00e0 son d\u00e9c\u00e8s en 2005.<\/span><\/span><\/p>\n<p align=\"justify\"><span style=\"font-family: Arial; font-size: small;\"><span lang=\"ES\">Le 7 septembre 2005, \u00e0 10 heures du matin, il entre dans la maison du P\u00e8re. <\/span><\/span><\/p>\n<p align=\"justify\"><span style=\"font-family: Arial; font-size: small;\"><span lang=\"ES\">Beno\u00eet \u00e9tait un homme cordial et sympathique, toujours pr\u00eat \u00e0 rire. Durant sa vie, il remplit diverses fonctions. Il fut professeur, participa \u00e0 la direction de divers coll\u00e8ges et collabora \u00e0 l\u2019Editorial SM, en particulier durant pas mal d\u2019ann\u00e9e \u00e0 la CESMA, la soci\u00e9t\u00e9 distibutrice. Dans toutes ces fonctions, il fit preuve d\u2019une grande vitalit\u00e9 et d\u2019une grande \u00e9nergie. Pendant de nombreuses ann\u00e9es, il ne cessa de souffrir d\u2019une artrose qui rendait ses mouvements difficiles. Il sut toujours s\u2019int\u00e9resser \u00e0 la Soci\u00e9t\u00e9 de Marie, et \u00e0 ses vocations pour lesquelles il priait beaucoup. C\u2019\u00e9tait un homme d\u2019oraison. C\u2019\u00e9tait aussi un grand lecteur. Il v\u00e9cut ses derni\u00e8res ann\u00e9es au Coll\u00e8ge Santa Mar\u00eda del Pilar de Zaragoza, d\u2019abord en rendant les services qu\u2019il pouvait encore assurer, puis, \u00e0 la fin, sans pouvoir sortir de sa chambre. Il ne cessait de remercier les fr\u00e8res pour les soins qu\u2019ils lui prodiguaient durant cette p\u00e9riode de maladie.<\/span><\/span><\/p>\n<p align=\"justify\"><span lang=\"ES\" style=\"font-family: Arial;\"> <span style=\"font-size: small;\">Que le Seigneur et notre M\u00e8re, la Vierge del Pilar, l\u2019accueillent dans le repos et la paix.<\/span><\/span><\/p>\n&nbsp;\n<h3><span lang=\"en-us\"><a name=\"2005-13\"><\/a><span style=\"font-size: small;\">2005-13<\/span><\/span><\/h3>\n&nbsp;\n<p class=\"MsoNormal\" style=\"text-align: justify;\"><span style=\"font-family: Arial; font-size: small;\">Province des Etats-Unis d\u2019Am\u00e9rique recommande \u00e0 nos pri\u00e8res fraternelles notre cher Fr\u00e8re <b>ANTHONY V. SOBOCINSKI<\/b>, d\u00e9c\u00e9d\u00e9 au service de la Tr\u00e8s Sainte Vierge le 17 ao\u00fbt 2005 \u00e0 San Antonio, Texas, dans la 86e ann\u00e9e de son \u00e2ge et 1e 66e de sa profession religieuse.<\/span><\/p>\n<p class=\"MsoNormal\" style=\"text-align: justify;\"><span style=\"font-family: Arial; font-size: small;\"><b><span lang=\"FR\">Anthony V. Sobocinski<\/span><\/b><span lang=\"FR\"> est n\u00e9 le 10 juin 1920 \u00e0 Saint Louis (Missouri), fils de John et de Stella Dejnowska Sobocinski. Il a grandi avec son fr\u00e8re John et sa s\u0153ur Virginia. Il a suivi l\u2019enseignement primaire dans l\u2019\u00e9cole Ste Hedwige et le secondaire dans la High School catholique, qui maintenant porte le nom de Ste Marie. Le Fr\u00e8re Anthony a \u00e9mis ses premiers v\u0153ux le 25 ao\u00fbt 1939, et ses v\u0153ux d\u00e9finitifs le 30 juillet 1944. Dans sa lettre de demande des v\u0153ux d\u00e9finitifs, il dit entre autres ceci\u00a0: \u00ab\u00a0C\u2019est depuis les ann\u00e9es pass\u00e9es dans le secondaire (high school), que j\u2019ai toujours d\u00e9sir\u00e9 m\u2019approcher de Dieu et de Marie\u00a0\u00bb.<\/span><\/span><\/p>\n<p class=\"MsoNormal\" style=\"text-align: justify;\"><span style=\"font-family: Arial; font-size: small;\"><span lang=\"FR\">En 1942, le Fr\u00e8re Anthony obtint le dipl\u00f4me de \u00ab\u00a0bachelier\u00a0\u00bb en p\u00e9dagogie de l\u2019Universit\u00e9 de Dayton. Il s\u2019est sp\u00e9cialis\u00e9 en histoire, en anglais et en latin. Il s\u2019est pr\u00e9par\u00e9 \u00e9galement \u00e0 devenir biblioth\u00e9caire en suivant des cours dans ce but dans l\u2019universit\u00e9 de Notre Dame \u00e0 Notre Dame (Indiana) et dans l\u2019universit\u00e9 du Nord du Texas \u00e0 Denton\u00a0; il a \u00e9tudi\u00e9 le polonais \u00e0 l\u2019universit\u00e9 De Paul \u00e0 Chicago (Illinois), la th\u00e9ologie \u00e0 l\u2019universit\u00e9 Ste Marie \u00e0 San Antonio et le soin des malades \u00e0 l\u2019h\u00f4pital des Fr\u00e8res Alexiens \u00e0 Saint Louis.<\/span><\/span><\/p>\n<p class=\"MsoNormal\" style=\"text-align: justify;\"><span style=\"font-family: Arial; font-size: small;\"><span lang=\"FR\">Il a pass\u00e9 une bonne partie de sa carri\u00e8re dans l\u2019enseignement. Il a enseign\u00e9 dans la High School relevant de la Cath\u00e9drale \u00e0 Belleville (Illinois), dans l\u2019\u00e9tablissement Saint R\u00e9dempteur \u00e0 D\u00e9troit (Michigan), et \u00e0 l\u2019\u00e9cole pr\u00e9paratoire au coll\u00e8ge Chaminade \u00e0 Saint Louis, puis \u00e9galement dans la High School Don Bosco \u00e0 Milwaukee (Wisconsin)<\/span><\/span><\/p>\n<p class=\"MsoListBullet\" style=\"margin-left: 0in; text-indent: 0in; text-align: justify;\"><span style=\"font-family: Arial; font-size: small;\"><span lang=\"FR\">Le Fr\u00e8re Anthony fut nomm\u00e9 assistant du ma\u00eetre des novices \u00e0 Marynook \u00e0 Galesville, dans le Wisconsin, en 1951. En 1957, il passa \u00e0 Maryhurst \u00e0 Saint Louis o\u00f9 il \u00e9tait \u00e0 la fois professeur et infirmier. Dans la suite, il fut biblioth\u00e9caire pendant pr\u00e8s de 20 ans \u2013 dans la High School de l\u2019Assomption \u00e0 East St Louis (Illinois), dans la High School Ste Marie \u00e0 St Louis, et \u00e0 l\u2019universit\u00e9 Ste Marie. Le Fr\u00e8re Anthony a collabor\u00e9 \u00e0 l\u2019organisation de plusieurs biblioth\u00e8ques\u00a0: la biblioth\u00e8que des r\u00e9f\u00e9rences th\u00e9ologiques et celle des documents marianistes, \u00e9galement la biblioth\u00e8que centrale de l\u2019archidioc\u00e8se \u00e0 Saint Louis.<\/span><\/span><\/p>\n<p class=\"MsoListBullet\" style=\"margin-left: 0in; text-indent: 0in; text-align: justify;\"><span style=\"font-family: Arial; font-size: small;\"><span lang=\"FR\">\u00a0Le Fr\u00e8re Anthony est all\u00e9 rejoindre l\u2019\u00e9quipe du centre de retraite \u00e0 Glencoe (Missouri) tout comme il a travaill\u00e9 comme g\u00e9rant dans une paroisse \u00e0 Poplar Bluff (Missouri). En 1988, il est pass\u00e9 dans la r\u00e9sidence marianiste \u00e0 San Antonio au Texas tant pour y apporter son aide au centre de sant\u00e9 que pour s\u2019occuper de la sacristie.<\/span><\/span><\/p>\n<p class=\"MsoListBullet\" style=\"margin-left: 0in; text-indent: 0in; text-align: justify;\"><span style=\"font-family: Arial; font-size: small;\"><span lang=\"FR\">\u00ab\u00a0Le Fr\u00e8re Anthony \u00e9tait l\u2019une des personnes les plus pieuses que j\u2019aie jamais connues. Il avait une vie de pri\u00e8re tr\u00e8s solide\u00a0\u00bb, a dit le Fr\u00e8re Martin McMurtrey. \u00ab\u00a0Tony avait \u00e9t\u00e9 nomm\u00e9 adjoint du ma\u00eetre des novices vu qu\u2019il \u00e9tait un si bel exemple du religieux dans la Soci\u00e9t\u00e9 de Marie. Les jeunes Fr\u00e8res ont appris de lui \u00e9norm\u00e9ment de choses.\u00a0\u00bb<\/span><\/span><\/p>\n<p class=\"MsoListBullet\" style=\"margin-left: 0in; text-indent: 0in; text-align: justify;\"><span style=\"font-family: Arial; font-size: small;\"><span lang=\"FR\">\u00ab\u00a0Le Fr\u00e8re Anthony adorait les activit\u00e9s \u00e0 l\u2019ext\u00e9rieur telles que camper, faire de longues marches, et pique-niquer dans les parcs publics\u00a0\u00bb ajoutait le Fr\u00e8re Edward Loch, qui souvent accompagnait le Fr\u00e8re Anthony. \u00ab\u00a0Il \u00e9tait aussi un grand lecteur, ses livres pr\u00e9f\u00e9r\u00e9s \u00e9tant les romans historiques.\u00a0\u00bb<\/span><\/span><\/p>\n<p class=\"MsoNormal\" style=\"text-align: justify;\"><span style=\"font-family: Arial; font-size: small;\"><span lang=\"FR\">Des complications suite \u00e0 une attaque c\u00e9r\u00e9brale ont provoqu\u00e9 le d\u00e9c\u00e8s du Fr\u00e8re. <\/span>Qu\u2019il repose dans la paix.<\/span><\/p>\n&nbsp;\n<h3><span lang=\"en-us\"><a name=\"2005-12\"><\/a><span style=\"font-size: small;\">2005-12<\/span><\/span><\/h3>\n&nbsp;\n<p align=\"justify\"><span style=\"font-family: Arial;\"><span style=\"font-size: small;\">Province des Etats-Unis d\u2019Am\u00e9rique recommande \u00e0 nos pri\u00e8res fraternelles notre cher Fr\u00e8re <b>PHILIP <span lang=\"en-us\">C. <\/span>HOELLE<\/b>, pr\u00eatre, d\u00e9c\u00e9d\u00e9 au service de la Tr\u00e8s Sainte Vierge le 13 ao\u00fbt 2005 \u00e0 Dayton, Ohio, dans la 94e ann\u00e9e de son \u00e2ge et 1e 75e de sa profession religieuse<\/span><span lang=\"en-us\"><span style=\"font-size: small;\">.<\/span><\/span><\/span><\/p>\n<p class=\"MsoNormal\" style=\"text-align: justify;\"><span style=\"font-family: Arial; font-size: small;\"><b><span lang=\"FR\">Philippe C. Hoelle<\/span><\/b><span lang=\"FR\"> \u00e9tait n\u00e9 le 2 avril 1912 \u00e0 Hamilton (Ohio), fils de Jacques et de Marie (Hogan) Hoelle. Il \u00e9tait l\u2019un des huit enfants de la famille, dont une seule fille qui est entr\u00e9e chez les S\u0153urs de Notre-Dame de Namur. Le futur P\u00e8re Philippe a fr\u00e9quent\u00e9 l\u2019\u00e9cole Ste Marie \u00e0 Hamilton et, plus tard, a \u00e9crit ceci au sujet de sa vocation: \u00abMa vocation de Marianiste est ins\u00e9parable d\u2019une visite qu\u2019a faite \u00e0 Ste Marie le Fr\u00e8re Bernard Reckert. Le sourire si sympathique de ce monsieur rayonnait une paix et une joie tout int\u00e9rieures. C\u2019est alors que pour moi la nuit s\u2019achevait et que la lumi\u00e8re de la foi commen\u00e7ait \u00e0 briller.\u00bb Le P\u00e8re Philippe Hoelle \u00e9tait entr\u00e9 au Postulat de St John \u00e0 Dayton le 14 juillet 1927, \u00e0 l\u2019\u00e2ge de 15 ans. Il a \u00e9mis ses premiers v\u0153ux de religion le 15 ao\u00fbt 1930 et les v\u0153ux d\u00e9finitifs le 13 ao\u00fbt 1934. Dans une lettre au sup\u00e9rieur provincial en 1930, il \u00e9crivait ceci\u00a0: \u00ab\u00a0Je suis bien conscient que de moi-m\u00eame je suis indigne d\u2019une telle vocation, cependant c\u2019est pour la gloire de Dieu et l\u2019honneur de Marie que je souhaite devenir pr\u00eatre.\u00a0\u00bb C\u2019est douze ann\u00e9es plus tard, le 10 ao\u00fbt 1942, qu\u2019il fut ordonn\u00e9 pr\u00eatre \u00e0 Louisville (Kentucky).<\/span><\/span><\/p>\n<p class=\"MsoNormal\" style=\"text-align: justify;\"><span style=\"font-family: Arial; font-size: small;\"><span lang=\"FR\">Le P\u00e8re Philippe \u00e9tait une homme tr\u00e8s cultiv\u00e9. Il termina des \u00e9tudes universitaires \u00e0 Dayton par un dipl\u00f4me de \u2018bachelier\u2019 et, plus tard, obtint de l\u2019Universit\u00e9 de Fribourg en Suisse le dipl\u00f4me de bachelier en th\u00e9ologie. Dans la suite, il obtint de l\u2019Universit\u00e9 Catholique d\u2019Am\u00e9rique \u00e0 Washington, D.C. le dipl\u00f4me de licenci\u00e9 en th\u00e9ologie. A l\u2019universit\u00e9 d\u2019Etat de l\u2019Ohio \u00e0 Columbus, il obtint en 1947 le dipl\u00f4me de licenci\u00e9 d\u2019abord, et en 1953 celui de docteur en langues classiques.<\/span><\/span><\/p>\n<p class=\"MsoNormal\" style=\"text-align: justify;\"><span style=\"font-family: Arial; font-size: small;\"><span lang=\"FR\">Au cours de ses premi\u00e8res ann\u00e9es comme professeur &#8211; de 1933 \u00e0 1939 &#8211; il a pass\u00e9 au coll\u00e8ge latin relevant de la cath\u00e9drale \u00e0 Cleveland (Ohio) et \u00e0 Dayton dans la High School Chaminade ainsi qu\u2019au scolasticat et postulat dans cette m\u00eame ville. Apr\u00e8s la formation re\u00e7ue au s\u00e9minaire \u00e0 Fribourg en Suisse et \u00e0 Washington D.C., le P\u00e8re reprit ses activit\u00e9s d\u2019enseignant \u00e0 Trinity College \u00e0 Sioux City (Iowa) et au coll\u00e8ge latin (Cleveland). Dans le m\u00eame temps il achevait des \u00e9tudes dans l\u2019universit\u00e9 d\u2019Etat d\u2019Ohio. Pendant plus de 10 ans, de 1953 \u00e0 1964, le P\u00e8re Philippe \u00e9tait professeur de th\u00e9ologie \u00e0 l\u2019universit\u00e9 de Dayton. Il \u00e9tait aussi \u00e0 la t\u00eate de la Biblioth\u00e8que mariale de l\u2019universit\u00e9 de 1954 \u00e0 1967, et de 1964 \u00e0 1973, il fut un des membres de l\u2019\u00e9quipe provinciale de l\u2019ancienne Province de Cincinnati comme assistant pour la vie religieuse et l\u2019action apostolique.<\/span><\/span><\/p>\n<p class=\"MsoNormal\" style=\"text-align: justify;\"><span style=\"font-family: Arial; font-size: small;\"><span lang=\"FR\">Homme d\u2019action humble et effac\u00e9, il lui arrivait de citer Saint Fran\u00e7ois\u00a0: \u00abCommencez par faire ce qui est n\u00e9cessaire, puis ce qui est possible, et tout d\u2019un coup vous ferez l\u2019impossible.\u00bb Le P\u00e8re Bert Buby, S.M., un ami de longue date, \u00e9tait en admiration devant les nombreuses activit\u00e9s du P\u00e8re Philipe, activit\u00e9s spirituelles et apostoliques. \u00abLe P\u00e8re Philippe fut un grand sage\u00bb, a dit de lui le P\u00e8re Bert. \u00abIl savait comment impliquer les gens dans des apostolats qui b\u00e9n\u00e9ficieraient aux pauvres et aux marginaux.\u00bb<\/span><\/span><\/p>\n<p class=\"MsoNormal\" style=\"text-align: justify;\"><span style=\"font-family: Arial; font-size: small;\"><span lang=\"FR\">En 1962, le P\u00e8re Philipe a fond\u00e9 \u00ab\u00a0Front Line\u00a0\u00bb (Ligne de front), un ensemble de cours en vue de l\u2019initiation de missionnaires la\u00efcs. Avec des volontaires, il a cr\u00e9\u00e9 en 1965 le \u00abDakota Center\u00bb, \u00e0 l\u2019ouest de Dayton, un petit centre communautaire et humanitaire. Puis, en 2001, ce \u00abDakota Center\u00bb a pu s\u2019installer dans de nouveaux locaux d\u2019un co\u00fbt de 1.500.000 dollars comprenant un gymnase, des salles de classe, des salles de r\u00e9union et des jardins. Le P\u00e8re Philippe est le premier \u00e0 avoir re\u00e7u la r\u00e9compense qu\u2019a pr\u00e9vue le fondateur de cette \u0153uvre, pour quiconque aura \u0153uvr\u00e9 pendant trente ann\u00e9es au service de jeunes non encore majeurs.<\/span><\/span><\/p>\n<p class=\"MsoNormal\" style=\"text-align: justify;\"><span style=\"font-family: Arial; font-size: small;\"><span lang=\"FR\">C\u2019est en 1973 que le P\u00e8re Philippe\u00a0a commenc\u00e9 \u00e0 s\u2019associer (pour vingt ans) au Centre des \u00abConf\u00e9rences Bergamo\u00bb \u00e0 Mont St Jean \u00e0 Dayton, o\u00f9 il a pr\u00each\u00e9 des retraites, travaill\u00e9 comme conseiller, tout en participant \u00e0 des activit\u00e9s pastorales. C\u2019est encore lui qui fut l\u2019initiateur d\u2019une retraite annuelle charismatique et d\u2019un centre pour l\u2019\u00e9tude de l\u2019Ecriture\u00a0; il \u00e9tait \u00e9galement le conseiller \u00e9cout\u00e9 pour l\u2019organisation de sessions de pastorale pour la\u00efcs. En 1980 il participa \u00e0 la cr\u00e9ation d\u2019une association \u00abAide aux vieux parents\u00bb \u00e0 Bergamo, qui pendant des ann\u00e9es se r\u00e9unissait mensuellement. &#8211; En outre, il a mis en route un groupe marial appel\u00e9 la \u00abGuilde Miriam\u00bb, fort semblable aux affili\u00e9s la\u00efcs marianistes.<\/span><\/span><\/p>\n<p class=\"MsoNormal\" style=\"text-align: justify;\"><span style=\"font-family: Arial; font-size: small;\"><span lang=\"FR\">Le P\u00e8re Philippe \u00e9tait l\u2019un des membres fondateurs du groupe de dialogue entre chr\u00e9tiens et juifs \u00e0 Dayton, tout comme il s\u2019\u00e9tait investi dans les pr\u00e9paratifs en vue du premier atelier international concernant les relations entre chr\u00e9tiens et juifs, qui s\u2019\u00e9tait tenu \u00e0 Bergamo en 1973. En 1986, la Conf\u00e9rence Nationale des Chr\u00e9tiens et Juifs l\u2019a mis \u00e0 l\u2019honneur en reconnaissance de l\u2019engagement de toute une vie dans ce minist\u00e8re de r\u00e9conciliation. <\/span><\/span><\/p>\n<p class=\"MsoNormal\" style=\"text-align: justify;\"><span style=\"font-family: Arial; font-size: small;\"><span lang=\"FR\">Pour ses multiples initiatives le P\u00e8re Philippe a re\u00e7u en 1993 de l\u2019Association des anciens de l\u2019Universit\u00e9 de Dayton la m\u00e9daille du service chr\u00e9tien\u00a0; il a eu beaucoup d\u2019autres distinctions, y compris une citation pr\u00e9sidentielle venant de la Maison Blanche.<\/span><\/span><\/p>\n<p class=\"MsoNormal\" style=\"text-align: justify;\"><span style=\"font-family: Arial; font-size: small;\"><span lang=\"FR\">En 1993, le P\u00e8re Philippe s\u2019est retir\u00e9 tout en entrant dans l\u2019\u00e9quipe pastorale appel\u00e9e \u00abLe Franciscain\u00bb dans la communaut\u00e9 de St L\u00e9onard. Il a continu\u00e9 son travail avec le Centre Dakota en tant que volontaire et membre de la direction. &#8211; Mais il \u00e9tait \u00e9galement un ardent supporter de l\u2019\u00e9quipe de football \u00abNotre-Dame\u00bb comme aussi de l\u2019\u00e9quipe de baseball des \u00abRouges de Cincinnati\u00bb.<\/span><\/span><\/p>\n<p class=\"MsoNormal\" style=\"text-align: justify;\"><span style=\"font-family: Arial; font-size: small;\"><span lang=\"FR\">\u00abLe P\u00e8re Philippe a \u00e9t\u00e9 un grand ap\u00f4tre de Marie, un homme d\u2019une foi profonde et aimante\u00bb, disait de lui le P\u00e8re Bert. \u00abIl s\u2019est trouv\u00e9 \u00e0 l\u2019origine de nombreuses bonnes initiatives dans la Soci\u00e9t\u00e9 de Marie\u00bb. Le P\u00e8re Philippe est d\u00e9c\u00e9d\u00e9 la veille du jour o\u00f9 il devait c\u00e9l\u00e9brer lors d\u2019une rencontre \u00e0 Dayton le soixante-quinzi\u00e8me anniversaire de sa premi\u00e8re profession religieuse.<\/span><\/span><\/p>\n&nbsp;\n<h3><span lang=\"en-us\"><a name=\"2005-11\"><\/a><span style=\"font-size: small;\">2005-11<\/span><\/span><\/h3>\n&nbsp;\n<p align=\"justify\"><span style=\"font-family: Arial;\"><span style=\"font-size: small;\">Province des Etats-Unis d\u2019Am\u00e9rique recommande \u00e0 nos pri\u00e8res fraternelles notre cher Fr\u00e8re <b>RICHARD<span lang=\"en-us\"> K.<\/span> KNUGE<\/b>, pr\u00eatre, d\u00e9c\u00e9d\u00e9 au service de la Tr\u00e8s Sainte Vierge le 6 ao\u00fbt 2005 \u00e0 Dayton, Ohio, dans la 80e ann\u00e9e de son \u00e2ge et 1e 61e de sa profession religieuse<\/span><span lang=\"en-us\"><span style=\"font-size: small;\">.<\/span><\/span><\/span><\/p>\n<p class=\"MsoNormal\" style=\"text-align: justify;\"><span style=\"font-family: Arial; font-size: small;\">Le P\u00e8re <b>Richard K. Knuge<\/b> est n\u00e9 \u00e0 Dayton le 3 avril 1926, fils de Ralph et de Doroth\u00e9e (Burman) Knuge. Sa s\u0153ur cadette s\u2019appelait Dolores. El\u00e8ve de 3i\u00e8me, le futur P\u00e8re Richard a propos\u00e9 aux religieuses de les aider \u00e0 la sacristie. \u00ab\u00a0Ce fut chose excitante pour moi\u00a0\u00bb, a-t-il \u00e9crit dans une lettre en 1944. \u00ab\u00a0Peut-\u00eatre est-ce l\u00e0 qu\u2019a germ\u00e9 ma vocation\u00a0\u00bb. Au terme de ses \u00e9tudes secondaires \u00e0 la Chaminade High School \u00e0 Dayton en 1943, Richard est entr\u00e9 au noviciat \u00e0 Beacon (New York). Il y a prononc\u00e9 ses premiers v\u0153ux le 19 ao\u00fbt 1944 et ses v\u0153ux d\u00e9finitifs le 20 ao\u00fbt 1949. Son ordination sacerdotale eut lieu le 22 juillet 1956 \u00e0 Fribourg en Suisse \u2013 ce fut la r\u00e9alisation d\u2019un d\u00e9sir remontant au temps de son \u00e9cole primaire. Le P\u00e8re Richard obtint de l\u2019Universit\u00e9 de Dayton un dipl\u00f4me en p\u00e9dagogie en 1947 et une licence en p\u00e9dagogie en 1962 de l\u2019Universit\u00e9 Xavier \u00e0 Cincinatti avec sp\u00e9cialisation en guidance professionnelle.<\/span><\/p>\n<p class=\"MsoNormal\" style=\"text-align: justify;\"><span style=\"font-family: Arial; font-size: small;\">Le d\u00e9but de son activit\u00e9 d\u2019enseignant remonte \u00e0 la fin des ann\u00e9es 40 dans le nord-est, d\u2019abord \u00e0 St Michel \u00e0 Baltimore, suivi de trois passages \u00e0 New York\u00a0: au Home St Jean (Rockaway), \u00e0 la High School de la Sainte Trinit\u00e9 (Brooklyn) et \u00e0 la Chaminade High School (Mineola)<span lang=\"en-us\">.<\/span><\/span><\/p>\n<p class=\"MsoNormal\" style=\"text-align: justify;\"><span style=\"font-family: Arial; font-size: small;\">Apr\u00e8s son ordination, le P\u00e8re Richard s\u2019est retrouv\u00e9 dans l\u2019enseignement. Durant une vingtaine d\u2019ann\u00e9es, de 1958 \u00e0 1977, il a rempli des fonctions diverses dans ce secteur\u00a0: directeur, professeur, aum\u00f4nier, conseiller p\u00e9dagogique dans de nombreux \u00e9tablissements marianistes, dans l\u2019Ohio, le Kentucky et la Floride, sans oublier la High School catholique Hamilton, les High Schools Purcell et Moeller \u00e0 Cincinnati, le coll\u00e8ge relevant de la cath\u00e9drale \u00e0 Cleveland, la High School catholique Covington dans le Kentucky et, pour terminer, la High School\u00a0Chaminade \u00e0 Hollywood (Floride). Il y enseignait l\u2019anglais et l\u2019histoire, ses deux branches pr\u00e9f\u00e9r\u00e9es. \u00ab\u00a0Le P\u00e8re Dick adorait la langue anglaise, si vous vouliez \u00e9claircir un point de grammaire, c\u2019est chez lui qu\u2019il fallait aller\u00a0\u00bb, disait le Fr\u00e8re Ron Overman. \u00ab\u00a0Il aimait particuli\u00e8rement lire des romans historiques et en discuter avec les confr\u00e8res au repas du soir.\u00a0\u00bb<\/span><\/p>\n<p class=\"MsoNormal\" style=\"text-align: justify;\"><span style=\"font-family: Arial; font-size: small;\">C\u2019est en 1977 qu\u2019un tournant majeur est intervenu dans la carri\u00e8re du P\u00e8re Richard, lorsqu\u2019il devint directeur de la Mission marianiste \u00e0 Dayton, organisme charg\u00e9 de recueillir des fonds pour les Marianistes. Cette fonction, il l\u2019assura pendant plus de neuf ann\u00e9es. \u00ab\u00a0Ce boulot a constitu\u00e9 pour moi un v\u00e9ritable apprentissage\u00a0\u00bb,\u00a0a \u00e9crit le P\u00e8re Richard dans une autobiographie, publi\u00e9e \u00e0 l\u2019occasion de ses soixante ans de vie religieuse.\u00a0 \u00ab\u00a0Il m\u2019a \u00e9t\u00e9 donn\u00e9 de rendre visite \u00e0 des implantations marianistes en Afrique, en Cor\u00e9e, au Japon et en Australie.\u00a0\u00bb Dans la suite, il a travaill\u00e9 pendant cinq ann\u00e9es dans les services de l\u2019Universit\u00e9 de Dayton, qui travaillent au d\u00e9veloppement de celle-ci et au placement des \u00e9tudiants au terme de leurs \u00e9tudes.\u00a0 <\/span><\/p>\n<p class=\"MsoNormal\" style=\"text-align: justify;\"><span style=\"font-family: Arial; font-size: small;\">De 1992 \u00e0 1994, le P\u00e8re Richard s\u2019est retrouv\u00e9 dans le monde scolaire comme pr\u00e9sident de l\u2019Ecole Pr\u00e9paratoire Hollywood en Floride.<\/span><\/p>\n<p class=\"MsoNormal\" style=\"text-align: justify;\"><span style=\"font-family: Arial; font-size: small;\">Le P\u00e8re Richard a regard\u00e9 comme particuli\u00e8rement int\u00e9ressant son travail d\u2019aum\u00f4nier, dans les ann\u00e9es 90, dans l\u2019h\u00f4pital Miami Valley \u00e0 Dayton. \u00ab\u00a0Affronter journellement la vie et la mort fut pour moi une b\u00e9n\u00e9diction. J\u2019y ai connu des exp\u00e9riences que je n\u2019oublierai jamais,\u00a0\u00bb voil\u00e0 encore un passage de son autobiographie. Retrait\u00e9 \u00e0 mi-temps dans la communaut\u00e9 Meyer Hall \u00e0 Dayton, le P\u00e8re s\u2019adonnait \u00e0 des jeux d\u2019int\u00e9rieur, faisait de la lecture et rendait des services dans les paroisses voisines. Il correspondait avec de nombreux amis. \u00ab\u00a0C\u2019\u00e9tait un extraverti, heureux d\u2019accueillir l\u2019autre et cherchant toujours de nouveaux amis,\u00a0\u00bb disait le Fr\u00e8re Ron. \u00ab\u00a0Il est \u00e0 l\u2019origine de bien des amiti\u00e9s durables\u00a0\u00bb.<\/span><\/p>\n<p class=\"MsoNormal\" style=\"text-align: justify;\"><span style=\"font-family: Arial; font-size: small;\">\u00a0\u00ab\u00a0Je fus attir\u00e9 vers les Marianistes par l\u2019exemple impressionnant de vie communautaire que j\u2019avais pu constater du temps que j\u2019\u00e9tais \u00e9l\u00e8ve dans la High School Chaminade \u00e0 Dayton\u00a0\u00bb, lit-on dans son autobiographie, tout comme ceci\u00a0: \u00ab\u00a0Partager mon amour pour Marie avec les autres avait \u00e9t\u00e9 un partie importante de ma vie\u2026 Encore maintenant, j\u2019apprends d\u2019elle chaque jour.\u00a0\u00bb<\/span><\/p>\n<p class=\"MsoNormal\" style=\"text-align: justify;\"><span style=\"font-family: Arial; font-size: small;\">Le P\u00e8re Richard est mort suite \u00e0 une pneumonie et \u00e0 des complications canc\u00e9reuses \u00e0 l\u2019h\u00f4pital Miami Valley. Qu\u2019il repose dans la paix.<\/span><\/p>\n&nbsp;\n<h3><span lang=\"en-us\"><a name=\"2005-10\"><\/a><span style=\"font-size: small;\">2005-10<\/span><\/span><\/h3>\n&nbsp;\n<p class=\"MsoNormal\" style=\"text-align: justify;\"><span style=\"font-family: Arial; font-size: small;\">La Province des Etats-Unis d\u2019Am\u00e9rique recommande \u00e0 nos pri\u00e8res fraternelles notre cher Fr\u00e8re <b> <span style=\"text-transform: uppercase;\">JOHN SCHNEIDER<\/span><\/b>, d\u00e9c\u00e9d\u00e9 au service de la Tr\u00e8s Sainte Vierge le 21 juin 2005 \u00e0 Dayton, Ohio, dans la 76<sup>e<\/sup> ann\u00e9e de son \u00e2ge et la 58<sup>e<\/sup> de sa profession religieuse.<\/span><\/p>\n<p class=\"MsoNormal\" align=\"justify\"><span style=\"font-family: Arial;\"><b><span style=\"font-size: small;\"> John J. Schneider<\/span><\/b><span style=\"font-size: small;\"> est n\u00e9 le 14 septembre 1929 \u00e0 Cincinatti (Ohio)\u00a0: ses parents furent\u00a0 Roman Schneider et son \u00e9pouse Augusta Rudloff.\u00a0 Il avait une s\u0153ur jumelle du nom de Jeanne et une autre appel\u00e9e Rose-Marie. John a suivi les cours \u00e0 l\u2019\u00e9cole Corpus Christi, dans la High School Chaminade, puis encore \u00e0 l\u2019Ecole Normale Mont Saint Jean \u00e0 Dayton.\u00a0 Il est entr\u00e9 dans la Soci\u00e9t\u00e9 de Marie \u00e0 Beacon (New York), o\u00f9 il \u00e9mit ses premiers v\u0153ux le 17 ao\u00fbt 1947, et ses v\u0153ux d\u00e9finitifs le 17 ao\u00fbt 1951. <\/span><\/span><\/p>\n<p class=\"MsoNormal\" align=\"justify\"><span style=\"font-family: Arial; font-size: small;\">Le Fr\u00e8re John aimait beaucoup l\u2019\u00e9tude. Il obtint le grade de bachelier en \u00e9ducation de l\u2019Universit\u00e9 de Dayton, une licence en anglais dans l\u2019universit\u00e9 de Pittsburgh et une autre licence dans l\u2019universit\u00e9 de Cleveland dans l\u2019Ohio. Le Fr\u00e8re John a particip\u00e9 \u00e0 des s\u00e9minaires \u00e0 l\u2019Ecole Wharton, attach\u00e9e \u00e0 l\u2019universit\u00e9 de Pennsylvanie.\u00a0 Il obtint \u00e9galement un certificat d\u2019\u00e9tudes th\u00e9ologiques de l\u2019Institut pour Spiritualit\u00e9 rattach\u00e9 \u00e0 l\u2019Institut j\u00e9suite de th\u00e9ologie, \u00e0 l\u2019Universit\u00e9 de Californie (Berkeley).\u00a0 <\/span><\/p>\n<p class=\"MsoNormal\" align=\"justify\"><span style=\"font-family: Arial; font-size: small;\">Il commen\u00e7a son enseignement comme professeur d\u2019anglais et d\u2019\u00e9tudes sociales dans la High School \u00ab\u00a0Sainte Trinit\u00e9\u00a0\u00bb \u00e0 Brooklyn, \u00e0 New York. Il fut professeur aussi au coll\u00e8ge attach\u00e9 \u00e0 la Cath\u00e9drale \u00e0 Cleveland; professeur dans la High School Chaminade \u00e0 Dayton, \u00e9galement directeur, professeur\u00a0 et \u00e9conome dans la High School Mangu \u00e0 Thika, au Kenya.<\/span><\/p>\n<p class=\"MsoNormal\" align=\"justify\"><span style=\"font-family: Arial; font-size: small;\"> Administrateur respect\u00e9 et efficace, le Fr\u00e8re John a \u00e9t\u00e9 directeur de la communaut\u00e9 marianiste \u00e0 Dublin en Irlande; il fut directeur aussi \u00e0 Bergamo East \u00e0 Marcy, New York; assistant provincial pour les probl\u00e8mes socio-\u00e9conomiques et \u00e9conome provincial de l\u2019ancienne province marianiste de Cincinatti\u00a0; assistant du vice-pr\u00e9sident pour le d\u00e9veloppement de l\u2019Universit\u00e9 marianiste \u00e0 Dayton; directeur ex\u00e9cutif de l\u2019Office nord-am\u00e9ricain de la Conf\u00e9rence marianiste \u00e0 Silver Spring, directeur associ\u00e9\u00a0 de la Conf\u00e9rence des Sup\u00e9rieurs Majeurs \u00e0 Silver Spring, dans le Maryland. Directeur de la communaut\u00e9 pour religieux malades et handicap\u00e9s \u00e0 Saint L\u00e9onard \u00e0 Centerville (Ohio), directeur de l\u2019ancien Service provincial de Cincinatti pour le bien-\u00eatre des personnes \u00e2g\u00e9es et directeur du d\u00e9veloppement du centre universitaire marianiste \u00e0 Honolulu, aux \u00eeles Hawa\u00ef.<\/span><\/p>\n<p class=\"MsoNormal\" align=\"justify\"><span style=\"font-family: Arial; font-size: small;\">Le Fr\u00e8re \u00e9tait dou\u00e9 aussi pour le design. C\u2019est \u00e0 lui qu\u2019incombait la charge de \u00ab\u00a0repr\u00e9sentant du propri\u00e9taire\u00a0\u00bb lors de la construction de la r\u00e9sidence <i>Hale Malia <\/i> pour la communaut\u00e9 marianiste \u00e0 Honolulu. La soci\u00e9t\u00e9 am\u00e9ricaine des architectes d\u2019int\u00e9rieur \u00e0 conf\u00e9r\u00e9 la distinction du M\u00e9rite \u00e0 cet\u00a0 immeuble.\u00a0 \u00ab\u00a0J\u2019ai connu le Fr\u00e8re John depuis le d\u00e9but des ann\u00e9es 1960\u00a0\u00bb\u00a0 disait de lui le Fr\u00e8re James Vorndran.\u00a0 \u00abC\u2019\u00e9tait un homme exceptionnel, remarquable comme chef, mais aussi comme professeur et ami.\u00a0 Pour lui-m\u00eame et pour les autres, John se montrait tr\u00e8s exigeant. Il \u00e9tait perfectionniste. Il aimait lire et \u00e9couter la musique classique. Et il s\u2019int\u00e9ressait \u00e9galement aux nouveaux courants th\u00e9ologiques et \u00e0 l\u2019avenir de la vie religieuse.\u00a0\u00bb<\/span><\/p>\n<p class=\"MsoNormal\" align=\"justify\"><span style=\"font-family: Arial; font-size: small;\">\u00ab\u00a0Le Fr\u00e8re John a embrass\u00e9 un tr\u00e8s large \u00e9ventail de t\u00e2ches complexes et\u00a0 les traitait avec d\u00e9vouement et comp\u00e9tence\u00a0\u00bb disait de lui le P\u00e8re William Behringer. \u00ab\u00a0Ce fut un \u00e9ducateur expert\u00a0 qui parvenait \u00e0 tirer un maximum de ses \u00e9l\u00e8ves. John avait un grand sens de justice sociale. C\u2019est sa foi qui \u00e9tait la base de tout ce qu\u2019il entreprenait.\u00a0\u00bb<\/span><\/p>\n<p align=\"justify\"><span style=\"font-family: Arial;\"><span style=\"font-size: small;\">Le Fr\u00e8re John est d\u00e9c\u00e9d\u00e9 \u00e0 l\u2019h\u00f4pital du <i>Bon Samaritain <\/i>\u00e0 Dayton suite aux complications d\u2019une attaque c\u00e9r\u00e9brale. Puisse-t-il reposer en paix<\/span><span lang=\"en-us\"><span style=\"font-size: small;\">.<\/span><\/span><\/span><\/p>\n&nbsp;\n<h3><span lang=\"en-us\"><a name=\"2005-09\"><\/a><span style=\"font-size: small;\">2005-09<\/span><\/span><\/h3>\n&nbsp;\n\n<span style=\"font-family: Arial;\"><span style=\"font-size: small;\">La Province des Etats-Unis d\u2019Am\u00e9rique recommande \u00e0 nos pri\u00e8res fraternelles notre cher Fr\u00e8re <b><span style=\"text-transform: uppercase;\">ricHArd w. rose<\/span><\/b>, d\u00e9c\u00e9d\u00e9 au service de la Tr\u00e8s Sainte Vierge le 23 mai 2005 \u00e0 Dayton, Ohio, dans la 64<sup>e<\/sup> ann\u00e9e de son \u00e2ge et la 45<sup>e<\/sup> de sa profession religieuse.<\/span><\/span>\n<p class=\"MsoNormal\" style=\"text-align: justify;\"><span style=\"font-family: Arial; font-size: small;\"><b><span lang=\"FR\">Richard William Rose <\/span> <\/b><span lang=\"FR\">\u00e9tait n\u00e9 le 12 mars 1942 \u00e0 Pittsburgh, en Pensylvanie comme fils de John Rose et d\u2019Anne Lauff. Il avait un fr\u00e8re John et une s\u0153ur Beverly; il a suivi les cours de l\u2019\u00e9cole primaire \u00e0 l\u2019\u00e9cole St Pierre. El\u00e8ve plus tard dans la High School catholique \u00e0 Pittsburgh, il fut attir\u00e9 par le charisme extraordinaire des Marianistes. Le futur Fr\u00e8re Richard a d\u00e8s lors rejoint la Soci\u00e9t\u00e9 de Marie en \u00e9mettant ses premiers v\u0153ux de religion le 11 f\u00e9vrier 1961 \u00e0 Marcy, (New York) et ses v\u0153ux d\u00e9finitifs le 15 ao\u00fbt 1965 \u00e0 Dayton.<\/span><\/span><\/p>\n<p class=\"MsoNormal\" style=\"text-align: justify;\"><span style=\"font-family: Arial; font-size: small;\"><span lang=\"FR\">Le Fr\u00e8re Richard obtint le dipl\u00f4me de bachelier \u00e0 l\u2019Universit\u00e9 de Dayton, avec une mention en secr\u00e9tariat et en anglais.<\/span><\/span><\/p>\n<p class=\"MsoNormal\" style=\"text-align: justify;\"><span style=\"font-family: Arial; font-size: small;\"><span lang=\"FR\">Ma\u00eetre respect\u00e9 et aim\u00e9, le Fr\u00e8re Richard a enseign\u00e9 dans la High School Chaminade \u00e0 Dayton\u00a0; dans la High School Purcell \u00e0 Cincinnati, (Ohio)\u00a0; la High School St Joseph \u00e0 Cleveland (Ohio), et le coll\u00e8ge pr\u00e9paratoire \u00e0 Cleveland. Il a travaill\u00e9 comme caissier, comptable, secr\u00e9taire en chef, et responsable administratif dans plusieurs \u00e9coles \u00e0 Cleveland. Pendant une dizaine d\u2019ann\u00e9es, le Fr\u00e8re Richard a occup\u00e9 plusieurs fonctions au coll\u00e8ge pr\u00e9paratoire, en fait jusqu\u2019\u00e0 la fermeture de celui-ci en 1979. Il s\u2019est investi \u00e9galement tant \u00e0 St Joseph que dans la High School \u00ab<i>Archev\u00eaque Moeller\u00bb <\/i>\u00e0 Cincinatti \u00a0en vue de recueillir aupr\u00e8s des anciens des dons en faveur de ces \u00e9tablissements; il a travaill\u00e9 en outre au centre des vocations marianistes \u00e0 Dayton. <\/span><\/span><\/p>\n<p class=\"MsoNormal\" style=\"text-align: justify;\"><span style=\"font-family: Arial; font-size: small;\"><span lang=\"FR\">\u00ab\u00a0Richard fut le premier fr\u00e8re dont j\u2019ai fait la connaissance dans la communaut\u00e9\u00a0; il avait pour t\u00e2che de pr\u00e9parer les \u00e9l\u00e8ves \u00e0 l\u2019entr\u00e9e dans la High School,\u00bb disait de lui le Fr\u00e8re Joe Kamis. \u00ab\u00a0Il \u00e9tait comme le mod\u00e8le du fr\u00e8re serviable tel que le pr\u00e9voit notre r\u00e8gle. Pour lui, c\u2019\u00e9taient les personnes qui importaient au plus haut degr\u00e9. Il aidait toujours les autres. Richard avait un r\u00e9seau tr\u00e8s \u00e9tendu de personnes avec qui il communiquait r\u00e9guli\u00e8rement, que ce soit la famille, des amis ou les confr\u00e8res. Il correspondait r\u00e9guli\u00e8rement avec eux et envoyait des cartes lors d\u2019occasions sp\u00e9ciales, telles qu\u2019anniversaires et vacances\u00a0\u00bb. <\/span><\/span><\/p>\n<p class=\"MsoNormal\"><span style=\"font-family: Arial; font-size: small;\"><span lang=\"FR\">Le Fr\u00e8re Richard est d\u00e9c\u00e9d\u00e9 suite \u00e0 un arr\u00eat cardiaque dans la communaut\u00e9 <\/span><i> <span lang=\"FR\">Mercy Siena <\/span><\/i><span lang=\"FR\">\u00e0 Dayton. Qu\u2019il repose en paix.<\/span><\/span><\/p>\n&nbsp;\n<h3><span lang=\"en-us\"><a name=\"2005-08\"><\/a><span style=\"font-size: small;\">2005-08<\/span><\/span><\/h3>\n&nbsp;\n<p style=\"text-align: justify;\"><span style=\"font-family: Arial; font-size: small;\">La Province des Etats-Unis d\u2019Am\u00e9rique recommande \u00e0 nos pri\u00e8res fraternelles notre cher Fr\u00e8re <b><span style=\"text-transform: uppercase;\">NORMAN ECKL<\/span><\/b>, d\u00e9c\u00e9d\u00e9 au service de la Tr\u00e8s Sainte Vierge le 14 mai 2005 \u00e0 Dayton, Ohio, dans la 79<sup>e<\/sup> ann\u00e9e de son \u00e2ge et la 59<sup>e<\/sup> de sa profession religieuse.<\/span><\/p>\n<p align=\"justify\"><span style=\"font-family: Arial; font-size: small;\">Le Fr\u00e8re <b>Norman Eckl<\/b> \u00e9tait n\u00e9 le 17 novembre 1926, \u00e0 Buffalo, New York, fils de Charles et de Madeleine Schmitt Eckl. Il avait un fr\u00e8re, Edouard, et deux s\u0153urs, Marie Anne et Doroth\u00e9e. Apr\u00e8s avoir suivi les classes de\u00a0 l\u2019enseignement primaire dans l\u2019\u00e9cole Saint G\u00e9rard, il a pass\u00e9 dans l\u2019enseignement secondaire dans la High School Burgard, un \u00e9tablissement pour vocations religieuses. Le Fr\u00e8re Norman a \u00e9mis ses premiers v\u0153ux le 18 ao\u00fbt 1946, \u00e0 Beacon, (New York) et les v\u0153ux\u00a0 d\u00e9finitifs le 17 ao\u00fbt 1950 \u00e0 Dayton. <\/span><\/p>\n<p align=\"justify\"><span style=\"font-family: Arial; font-size: small;\">Il s\u2019est principalement d\u00e9vou\u00e9 aux t\u00e2ches relevant de l\u2019\u00e9conomat. C\u2019est lui qui \u00e9tait charg\u00e9 de la grange et du b\u00e9tail dans la propri\u00e9t\u00e9 de Mont Saint Jean \u00e0 Dayton. Il y fut aussi le responsable dipl\u00f4m\u00e9 pour toutes les t\u00e2ches mat\u00e9rielles, l\u2019entretien\u00a0en particulier; il avait la haute main sur l\u2019entretien des b\u00e2timents et le bon fonctionnement des installations. C\u2019est encore lui qui, en un premier temps, supervisait la planification, puis la construction du Centre Bergamo pour l\u2019apprentissage \u00e0 vie. Le Fr\u00e8re Norman a rempli des fonctions semblables dans l\u2019\u00e9cole pr\u00e9paratoire Chaminade \u00e0 Marcy, New York, tout comme il fut responsable de l\u2019entretien et des installations \u00e0 l\u2019universit\u00e9 de Dayton, fonction qu\u2019il il a remplie pendant 26 ans. Apr\u00e8s s\u2019\u00eatre retir\u00e9 en 1991, il continuait \u00e0 travailler et s\u2019occupait de l\u2019entretien des pelouses tout en consacrant davantage de temps \u00e0 son hobby d\u2019artiste en c\u00e9ramique.<\/span><\/p>\n<p align=\"justify\"><span style=\"font-family: Arial; font-size: small;\">A l\u2019occasion de son\u00a0 50<sup>\u00e8me<\/sup> anniversaire de vie religieuse dans la Soci\u00e9t\u00e9 de Marie, le Fr\u00e8re Norman disait\u00a0: \u00ab\u00a0C\u2019est la pri\u00e8re qui doit servir de pierre d\u2019angle \u00e0 nos activit\u00e9s et aux projets que nous nourrissons. Elle est comme le carburant qui maintient le moteur en marche.\u00a0\u00bb<\/span><\/p>\n<p align=\"justify\"><span style=\"font-family: Arial; font-size: small;\">D\u2019apr\u00e8s ses confr\u00e8res, le Fr\u00e8re Norman fur un homme de bonne humeur, direct et de tr\u00e8s bon conseil. \u00ab\u00a0Pour moi, Norman \u00e9tait comme un p\u00e8re\u00a0\u00bb disait le Fr\u00e8re Jack Somerville. \u00ab\u00a0Il m\u2019a pris sous ses ailes et m\u2019a enseign\u00e9 des choses qu\u2019on ne trouverait pas dans un manuel.\u00a0\u00bb<\/span><\/p>\n<p align=\"justify\"><span style=\"font-family: Arial; font-size: small;\">Et de poursuivre\u00a0: \u00ab\u00a0\u2018N\u2019importe qui peut l\u00e2cher\u2019 me disait-il un jour quand je ne parvenais pas \u00e0 faire fonctionner un circuit \u00e9lectrique. Norm est retourn\u00e9 au chantier avec moi pour me montrer ce qu\u2019il fallait faire. \u00bb\u00a0 <\/span><\/p>\n<p align=\"justify\"><span style=\"font-family: Arial; font-size: small;\">\u00ab\u00a0Norm savait donner de son temps \u00e0 la famille et aux amis \u00bb, disait de lui le Fr\u00e8re Tom Payne. \u00ab\u00a0D\u00e9licatement, il vous faisait profiter de ce qu\u2019il aimait.\u00a0\u00bb \u00a0<\/span><\/p>\n<p align=\"justify\"><span style=\"font-family: Arial;\"><span style=\"font-size: small;\">Le Fr\u00e8re Norman est d\u00e9c\u00e9d\u00e9 des suites d\u2019une pneumonie \u00e0 l\u2019h\u00f4pital de Miami Valley \u00e0 Dayton. Puisse-t-il reposer en paix\u00a0!<\/span><\/span><\/p>\n&nbsp;\n<h3><span lang=\"en-us\"><a name=\"2005-07\"><\/a><span style=\"font-size: small;\">2005-07<\/span><\/span><\/h3>\n&nbsp;\n<p align=\"justify\"><span style=\"font-family: Arial; font-size: small;\">La Province des Etats-Unis d\u2019Am\u00e9rique recommande \u00e0 nos pri\u00e8res fraternelles notre cher Fr\u00e8re <b>JAMES RILEY<\/b>, d\u00e9c\u00e9d\u00e9 au service de la Tr\u00e8s Sainte Vierge le 29 avril 2005 \u00e0 Cupertino, California, dans la 63<sup>e<\/sup> ann\u00e9e de son \u00e2ge et la 43<sup>e<\/sup> de sa profession religieuse.<\/span><\/p>\n<p align=\"justify\"><span style=\"font-family: Arial; font-size: small;\">Le Fr\u00e8re <b>James W. Riley<\/b> \u00e9tait n\u00e9 le 23 juin 1942 \u00e0 Far Rockaway, New York, comme fils des \u00e9poux Joseph et Jenny Mateyko Riley. Apr\u00e8s avoir grandi avec son fr\u00e8re Joseph, il alla faire ses \u00e9tudes secondaires dans la High School Chaminade \u00e0 Minneola, New York. Au terme de ces \u00e9tudes, il est entr\u00e9 au noviciat o\u00f9 il \u00e9mit ses premiers v\u0153ux le 15 ao\u00fbt 1962 \u00e0 Santa Cruz en Californie. Il passa ensuite au scolasticat marianiste de Honolulu et pronon\u00e7a ses v\u0153ux d\u00e9finitifs \u00e0 San Jos\u00e9 en Californie le 28 ao\u00fbt 1966.<\/span><\/p>\n<p align=\"justify\"><span style=\"font-family: Arial; font-size: small;\">Le Fr\u00e8re James s\u2019est d\u00e9vou\u00e9 dans l\u2019\u00e9quipe administrative du provincialat marianiste \u00e0 Santa Cruz, \u00e9galement comme responsable des services administratifs dans la High School portant le nom de l\u2019archev\u00eaque Mitty. Ces trente derni\u00e8res ann\u00e9es il s\u2019est d\u00e9vou\u00e9 dans une agence de voyages qui dessert les Marianistes de toute l\u2019Am\u00e9rique. Travaillant comme agent de la firme Travel Advisors \u00e0 Las Gatos en Californie, il organisa des randonn\u00e9es tant pour les religieux marianistes que pour le grand public.<\/span><\/p>\n<p align=\"justify\"><span style=\"font-family: Arial; font-size: small;\">\u00ab\u00a0Les services rendus par lui \u00e0 la Province furent immenses\u00a0\u00bb, disait de lui le Fr\u00e8re Stanley Murakami. \u00abOn pouvait compter sur lui, il \u00e9tait loyal et extr\u00eamement fid\u00e8le \u00bb.\u00a0<\/span><\/p>\n<p align=\"justify\"><span style=\"font-family: Arial; font-size: small;\">\u00ab\u00a0Le Fr\u00e8re James avait le don de se rappeler le nom d\u2019un chacun, qu\u2019il s\u2019agisse de confr\u00e8res, de la famille, d\u2019amis et de clients\u00bb, disait de lui le Fr\u00e8re John Haster. \u00ab\u00a0Son habitude \u00e9tait de leur envoyer des cartes \u00e0 l\u2019occasion de leurs anniversaires et des vacances. Il s\u2019est d\u00e9vou\u00e9 en outre aux religieuses appel\u00e9es les Pauvres Claires\u00a0\u00bb, poursuivait le Fr\u00e8re John. \u00ab\u00a0Chaque dimanche, il allait \u00e0 la messe avec elles et il les aidait pour leurs courses et certains travaux plus p\u00e9nibles\u00a0\u00bb.<\/span><\/p>\n<p align=\"justify\"><span style=\"font-family: Arial; font-size: small;\">Le Fr\u00e8re James est d\u00e9c\u00e9d\u00e9 suite \u00e0 une attaque cardiaque le matin au cours de la messe dans la communaut\u00e9 marianiste \u00e0 Cupertino. Qu\u2019il repose dans la paix.<\/span><\/p>\n&nbsp;\n<h3><span lang=\"en-us\"><a name=\"2005-06\"><\/a><span style=\"font-size: small;\">2005-06<\/span><\/span><\/h3>\n&nbsp;\n<p align=\"justify\"><span style=\"font-family: Arial; font-size: small;\">La Province des Etats-Unis d\u2019Am\u00e9rique recommande \u00e0 nos pri\u00e8res fraternelles notre cher Fr\u00e8re <b>GEORGE WHISTON<\/b>, d\u00e9c\u00e9d\u00e9 au service de la Tr\u00e8s Sainte Vierge le 18 avril 2005 \u00e0 Dayton, Ohio, dans la 74e ann\u00e9e de son \u00e2ge et la 55e de sa profession religieuse.<\/span><\/p>\n<p align=\"justify\"><span style=\"font-family: Arial; font-size: small;\"><span lang=\"FR\">Le Fr\u00e8re <b> Georges J. Whiston<\/b> dont les parents s\u2019appelaient Walter et Catherine Valliere Whiston, \u00e9tait n\u00e9 le 26 juin 1931 \u00e0 Long Island, New York. Il a grandi avec sa s\u0153ur Loretta et Marguerite, une s\u0153ur de lait. Encore enfant, il a perdu son p\u00e8re, suite \u00e0 quoi sa m\u00e8re \u00e9pousa Edwin Webb, que le futur Fr\u00e8re Georges appelait affectueusement \u00ab\u00a0Pops\u00a0\u00bb. Le Fr\u00e8re Georges fut \u00e9l\u00e8ve \u00e0 l\u2019\u00e9cole \u00ab\u00a0PS71\u00a0\u00bb [\u00e9cole publique] et l\u2019\u00e9cole primaire St Joseph \u00e0 Long Island. Il a commenc\u00e9 sa formation dans la Soci\u00e9t\u00e9 de Marie \u00e0 Mont Saint Jean \u00e0 Dayton, et \u00e9mit ses premiers v\u0153ux le 8 septembre 1950, et ses v\u0153ux d\u00e9finitifs le 15 ao\u00fbt 1956.<\/span><\/span><\/p>\n<p align=\"justify\"><span style=\"font-family: Arial; font-size: small;\">L\u2019essentiel de l\u2019activit\u00e9 du Fr\u00e8re George se situait dans le secteur alimentaire \u2013 comme cuisinier, ma\u00eetre coq, di\u00e9t\u00e9ticien, comptable et administrateur. Il a exerc\u00e9 ses talents de cuisinier en bien des endroits, tels que la High School marianiste Purcell \u00e0 Cincinatti dans l\u2019Ohio, le noviciat pr\u00e9paratoire \u00e0 Marcy (New York), la Maison de Retraite marianiste \u00e0 Dayton, l\u2019universit\u00e9 de Dayton et le S\u00e9minaire Marianiste \u00e0 Toronto au Canada. <\/span><\/p>\n<p align=\"justify\"><span style=\"font-family: Arial; font-size: small;\">Lors du 50\u00e8me anniversaire de sa profession religieuse dans la Soci\u00e9t\u00e9 de Marie, le Fr\u00e8re Georges signala qu\u2019au d\u00e9part il s\u2019\u00e9tait d\u00e9clar\u00e9 d\u2019accord pour travailler un an dans la High School Purcell vu que l\u2019\u00e9tablissement manquait de cuisiniers. \u00ab\u00a0Les 38 ann\u00e9es suivantes, j\u2019ai fait la cuisine et j\u2019ai assur\u00e9 l\u2019intendance dans ce secteur. Avec Marie, tout est possible.\u00a0\u00bb<\/span><\/p>\n<p align=\"justify\"><span style=\"font-family: Arial; font-size: small;\">\u00ab\u00a0Le Fr\u00e8re Georges fut un excellent cuisinier\u00a0\u00bb, disait de lui le Fr\u00e8re Ronald Overman. \u00ab\u00a0L\u2019une de ses sp\u00e9cialit\u00e9s \u00e9tait le pain de ma\u00efs\u00a0que tout le monde appr\u00e9ciait\u00a0; aussi en faisait-il souvent\u00a0\u00bb<\/span><\/p>\n<p align=\"justify\"><span style=\"font-family: Arial; font-size: small;\">Le Fr\u00e8re Georges avait travaill\u00e9 aussi au service d\u2019accueil du centre de placement \u00e0 l\u2019Universit\u00e9 de Dayton, appel\u00e9 \u00e0 pr\u00e9sent Service des Carri\u00e8res, \u00e9galement dans le service charg\u00e9 du logement des \u00e9tudiants. \u00ab\u00a0Il adorait parler aux jeunes\u00a0\u00bb, disait encore de lui le Fr\u00e8re Ronald. \u00ab\u00a0Ce fut un homme ouvert aux autres, chaleureux et aimant le rire.\u00a0\u00bb<\/span><\/p>\n<p align=\"justify\"><span style=\"font-family: Arial; font-size: small;\">Parmi ces hobbies on peut compter\u00a0la prestidigitation et le jardinage. \u00ab\u00a0Il \u00e9tait connu pour sa grande dext\u00e9rit\u00e9. Je me souviens comment un jour il extrayait des graines de pistache des oreilles d\u2019une petite fille\u00a0\u00bb, disait de lui le Fr\u00e8re Ronald. Le d\u00e9funt organisait des spectacles de magie pour enfants et pour des groupes de\u00a0 handicap\u00e9s \u00e0 Dayton.<\/span><\/p>\n<p align=\"justify\"><span style=\"font-family: Arial; font-size: small;\">C\u2019est suite \u00e0 une attaque cardiaque que le Fr\u00e8re Georges est d\u00e9c\u00e9d\u00e9 \u00e0 Dayton \u00e0 l\u2019H\u00f4pital du Bon Samaritain. Qu\u2019il repose dans la paix.<\/span><\/p>\n&nbsp;\n<h3><a name=\"2005-05\"><\/a><span style=\"font-size: small;\">200<span lang=\"en-us\">5<\/span>-05<\/span><\/h3>\n&nbsp;\n<p style=\"text-align: justify;\"><span style=\"font-family: Arial; font-size: small;\">La Province de Madrid recommande \u00e0 nos pri\u00e8res fraternelles notre cher Fr\u00e8re, <b> <span lang=\"ES-TRAD\">ANGEL CHOM<\/span><span style=\"text-transform: uppercase;\">\u00f3<\/span>N<\/b>, d\u00e9c\u00e9d\u00e9 au service de la Tr\u00e8s Sainte Vierge le 22 janvier 2005 \u00e0 Madrid, Espagne, dans la 99e ann\u00e9e de son \u00e2ge et 1e 82e de sa profession religieuse.<\/span><\/p>\n<p style=\"text-align: justify;\"><span style=\"font-family: Arial; font-size: small;\"><span lang=\"FR\"> <b>\u00c1ngel Chom\u00f3n<\/b> est n\u00e9 le 2 septembre 1906 \u00e0 Villanueva de Bricia, Province de Burgos, en Espagne. Apr\u00e8s quelques ann\u00e9es de postulat, il entre au noviciat de Vitoria. A la fin du noviciat, il \u00e9met ses premiers v\u0153ux religieux le 1er septembre 1923. C&#8217;est le m\u00eame jour de 1930 qu&#8217;il s&#8217;engage d\u00e9finitivement dans la Soci\u00e9t\u00e9 de Marie par la profession de v\u0153ux perp\u00e9tuels.<\/span><\/span><\/p>\n<p style=\"text-align: justify;\"><span style=\"font-family: Arial; font-size: small;\"><span lang=\"FR\"> Apr\u00e8s le scolasticat, il effectue ses premi\u00e8res ann\u00e9es de vie active comme professeur \u00e0 Ciudad Real, Vitoria, Tetu\u00e1n, dont il assure la direction durant quatre ans, et C\u00e1diz. En 1937, il est charg\u00e9 de l&#8217;\u00e9conomat du Coll\u00e8ge de Tetu\u00e1n, tout en continuant son activit\u00e9 professorale. Quatre ans plus tard, il part \u00e0 C\u00e1diz, assumer la m\u00eame fonction. En 1950, il commence une grande \u00e9tape de 25 ans comme Econome Provincial, au cours de laquelle il contribue de fa\u00e7on notable au d\u00e9veloppement de la Province.<\/span><\/span><\/p>\n<p style=\"text-align: justify;\"><span style=\"font-family: Arial; font-size: small;\"><span lang=\"FR\"> La Province de Madrid lui doit beaucoup pour ses qualit\u00e9s personnelles et sa d\u00e9termination. La contribution la plus visible qu&#8217;il nous a laiss\u00e9e est son engagement dans le d\u00e9veloppement des coll\u00e8ges. C&#8217;est sous son \u00e9conomat \u00e0 C\u00e1diz que surgit le nouveau b\u00e2timent. Ses ann\u00e9es \u00e0 l&#8217;Economat provincial co\u00efncident avec une p\u00e9riode de grande expansion de la Province. Il est l&#8217;homme cl\u00e9 de la construction ou de l&#8217;agrandissement de presque tous les coll\u00e8ges, de la r\u00e9sidence actuelle de l&#8217;Administration provinciale et des deux coll\u00e8ges universitaires dans lesquels la Province a \u00e9t\u00e9 impliqu\u00e9e. Partout, c&#8217;est la signature de D. Angel, qui a permis de surmonter les difficult\u00e9s financi\u00e8res inh\u00e9rentes \u00e0 toutes ces constructions.<\/span><\/span><\/p>\n<p style=\"text-align: justify;\"><span style=\"font-family: Arial; font-size: small;\"><span lang=\"FR\"> Pour tout cela, il trouva force et stimulant dans sa vocation religieuse. Il avait conscience de sa responsabilit\u00e9 vis \u00e0 vis de ses fr\u00e8res et de la soci\u00e9t\u00e9. Il cherchait \u00e0 vivre en cherchant \u00e0 faire le plus grand bien possible. La pri\u00e8re constante et confiante lui donnait le courage de r\u00e9aliser les t\u00e2ches dans lesquelles il fut impliqu\u00e9 sans quasiment aucune pr\u00e9paration pr\u00e9alable.<\/span><\/span><\/p>\n<p style=\"text-align: justify;\"><span style=\"font-family: Arial; font-size: small;\"><span lang=\"FR\"> Avec des d\u00e9fauts, comme \u00e0 chacun de nous, il \u00e9tait pers\u00e9v\u00e9rant, minutieux, tout donn\u00e9 \u00e0 ce qu&#8217;il avait \u00e0 faire. Gros travailleur, dot\u00e9 de grandes qualit\u00e9s humaines d&#8217;attention et de respect des personnes, du d\u00e9sir de bien faire et de rendre service, tr\u00e8s affectueux derri\u00e8re une certaine s\u00e9cheresse de caract\u00e8re. Il aimait les autres et savait se faire aimer. Petite stature et grand c\u0153ur, il passait inaper\u00e7u jusqu&#8217;\u00e0 son entr\u00e9e dans la conversation par une parole br\u00e8ve, claire et chaleureuse. Net et simple, toujours sinc\u00e8re, capable d&#8217;exprimer avec clart\u00e9 et courage ses accords et d\u00e9saccords sur les avis et d\u00e9cisions qu&#8217;il entendait.<\/span><\/span><\/p>\n<p style=\"text-align: justify;\"><span style=\"font-family: Arial; font-size: small;\"><span lang=\"FR\"> Il continua \u00e0 \u00eatre actif, tr\u00e8s actif, mais sut pourtant c\u00e9der le pas \u00e0 ceux qui venaient apr\u00e8s lui. Quand il arriva \u00e0 75 ans, il \u00e9crivit \u00e0 son Provincial: &#8220;A mon \u00e2ge, il n&#8217;est pas facile d&#8217;abandonner ses fa\u00e7on de comprendre et de s&#8217;adapter aux conceptions nouvelles. Je ne voudrais pas \u00eatre un frein au d\u00e9sengagement logique, normal et progressif de la Province.&#8221;<\/span><\/span><\/p>\n<p style=\"text-align: justify;\"><span style=\"font-family: Arial; font-size: small;\"><span lang=\"FR\"> Tout en maintenant cette attitude, il ne se d\u00e9sint\u00e9ressa pas pour autant de la marche de la Province. En 2000 encore, \u00e0 93 ans, il envoya une motion au Chapitre provincial, concernant la Fondation Domingo L\u00e1zaro que nous \u00e9tions en train de mettre sur pied pour am\u00e9liorer et assurer la gestion et le fonctionnement des coll\u00e8ges.<\/span><\/span><\/p>\n<span style=\"font-family: Arial; font-size: small;\"><span lang=\"FR\">Ainsi durant pr\u00e8s de 100 ann\u00e9es pleines de vie et de f\u00e9condit\u00e9, il nous a transmis \u00e0 tous l&#8217;esp\u00e9rance et l&#8217;amour de Dieu avec l&#8217;enthousiasme et le sens des responsabilit\u00e9 pour la mission.<\/span><\/span>\n\n&nbsp;\n<h3><a name=\"2005-04\"><\/a><span style=\"font-size: small;\">200<span lang=\"en-us\">5<\/span>-04<\/span><\/h3>\n&nbsp;\n<p style=\"text-align: justify;\"><span style=\"font-family: Arial; font-size: small;\">La Province de Zaragoza recommande \u00e0 nos pri\u00e8res fraternelles notre cher Fr\u00e8re, <b> <span lang=\"ES-TRAD\">EMILIO ORTEGA SEBASTI<span style=\"text-transform: uppercase;\">\u00e1<\/span>N<\/span><\/b>, <span lang=\"FR\">pr\u00eatre<\/span>, d\u00e9c\u00e9d\u00e9 au service de la Tr\u00e8s Sainte Vierge le 17 janvier 2005 \u00e0 Zaragoza, Espagne, dans la 77e ann\u00e9e de son \u00e2ge et 1e 61e de sa profession religieuse.<\/span><\/p>\n<p align=\"justify\"><span style=\"font-family: Arial; font-size: small;\"><span lang=\"FR\"><b>Emilio Ortega Sebasti\u00e1n<\/b> est n\u00e9 le 18 mai 1928 \u00e0 Castrillo de Murcia (Burgos).\u00a0 Ses parents s&#8217;appelaient Jules et Nathalie. Il \u00e9tait tout \u00e0 fait le type du &#8220;vieux castillan&#8221;, qui appelle les choses par leur nom, &#8220;le pain, pain et le vin, vin&#8221;. Le 12 f\u00e9vrier 1941, il entre au postulat de Escoriaza (Guip\u00fazcoa), commence son noviciat \u00e0 Elorrio (Vizcaya) le 11 septembre 1943, et y fait sa premi\u00e8re profession religieuse le 21 septembre 1944. Il poursuit ses \u00e9tudes au scolasticat de S\u00e9govie puis de Carabanchel Alto (Madrid).<\/span><\/span><\/p>\n<p align=\"justify\"><span style=\"font-family: Arial; font-size: small;\"><span lang=\"FR\">Il obtint des grades acad\u00e9miques suivants:\n&#8211; Baccalaur\u00e9at, juillet 1947, \u00e0 l&#8217;Universit\u00e9 de Madrid\n&#8211; Licence en th\u00e9ologie, juillet 1957, \u00e0 l&#8217;Universit\u00e9 de Fribourg (Suisse)\n&#8211; Licence en philosophie, septembre 1958, \u00e0 l&#8217;Universit\u00e9 de Valence\n&#8211; Licence en philologie anglaise, septembre 1977, \u00e0 l&#8217;Universit\u00e9 de Saragosse, \u00e0 un \u00e2ge d\u00e9j\u00e0 avanc\u00e9, pour pouvoir offrir un meilleur service au coll\u00e8ge<\/span><\/span><\/p>\n<p align=\"justify\"><span style=\"font-family: Arial; font-size: small;\"><span lang=\"FR\">Toute sa vie religieuse se d\u00e9roula dans les fonctions, lieux et p\u00e9riodes \u00e9num\u00e9r\u00e9s ci-dessous:\n&#8211; Coll\u00e8ge \u201cNuestra Se\u00f1ora del Pilar\u201d de Valencia, de 1947 \u00e0 1953.\nLe 12 avril 1950, il fit sa profession d\u00e9finitive \u00e0 Saragosse\n&#8211; S\u00e9minaire de Fribourg (Suisse), de 1953 \u00e0 1957.\nIl fut ordonn\u00e9 pr\u00eatre en 1956.\n&#8211; Coll\u00e8ge \u201cNuestra Se\u00f1ora del Pilar\u201d de Valencia, de 1957 \u00e0 1962.\n&#8211; Postulat de Escoriaza (Guip\u00fazcoa), de 1962 \u00e0 1964.\n&#8211; Coll\u00e8ge \u201cSanta Mar\u00eda\u201d de Vitoria (\u00c1lava), de 1964 \u00e0 1967.\n&#8211; R\u00e9sidence des Apprentis de Vitoria (\u00c1lava), de 1967 \u00e0 1969.\n&#8211; Coll\u00e8ge \u201cNuestra Se\u00f1ora del Pilar\u201d de Valencia, directeur, de 1969 \u00e0 1971.\n&#8211; Coll\u00e8ge Santa Mar\u00eda del Pilar\u201d de Saragosse, de 1971 \u00e0 1984.\n&#8211; Editions SM de Madrid, de 1984 \u00e0 1993. Et directeur de la communaut\u00e9, de 1985 \u00e0 1993.\n&#8211; \u201cSt. Lawrence College\u201d Dubl\u00edn (Irlande), de 1993 \u00e0 1994.\n&#8211; Coll\u00e8ge \u201cSanta Mar\u00eda del Pilar\u201d de Saragosse, de 1994 \u00e0 2000. Et directeur de la communaut\u00e9 de 1998 \u00e0 2000.\n&#8211; Il passa l&#8217;ann\u00e9e 2000-2001 dans la communaut\u00e9 de V\u00e9lez Blanco (Almeria), comme cur\u00e9 de Ca\u00f1adas. Sa disponibilit\u00e9 lui fit accepter, \u00e0 72 ans, cette charge toute nouvelle par rapport \u00e0 ce qu&#8217;il avait fait auparavant.\n&#8211; Coll\u00e8ge\u00a0 \u201cSanta Mar\u00eda del Pilar\u201d de Saragosse, de 2001 jusqu&#8217;\u00e0 sa mort en 2005.\nLe 17 janvier 2005, \u00e0 deux heures de l&#8217;apr\u00e8s-midi, il entrait dans la maison du P\u00e8re.<\/span><\/span><\/p>\n<p align=\"justify\"><span style=\"font-family: Arial; font-size: small;\"><span lang=\"FR\">Emilio \u00e9tait serviable, enthousiaste et \u00e9clectique. Toute sa vie, il se lan\u00e7a dans des activit\u00e9s tr\u00e8s diverses et des centres d&#8217;int\u00e9r\u00eats de toute esp\u00e8ce. Mais il faisait tout avec c\u0153ur, en s&#8217;y donnant \u00e0 fond. Sa franchise et sa bonne humeur le rendaient proche des gens et lui permirent de cultiver des tas d&#8217;amiti\u00e9s. Durant les derni\u00e8res ann\u00e9es de sa vie, son enthousiasme le fit basculer dans l&#8217;art de l&#8217;\u00e9criture, et les services pastoraux qui se pr\u00e9sentaient. Il a laiss\u00e9 des centaines de po\u00e8mes, de contes pour enfants, de biographies de fondateurs, de sculptures en fer forg\u00e9, de lettres de f\u00e9licitation aux \u00e9l\u00e8ves et aux personnels du coll\u00e8ge, aux amis d&#8217;Espagne, d&#8217;Irlande, des Etats Unis.<\/span><\/span><\/p>\n<p align=\"justify\"><span style=\"font-family: Arial; font-size: small;\"><span lang=\"FR\">Il manifestait un grand amour pour la Province et se proposait pour r\u00e9diger les biographies des fr\u00e8res d\u00e9c\u00e9d\u00e9s. Il venait de dire au Provincial qu&#8217;il \u00e9tait pr\u00eat \u00e0 \u00e9crire la biographie de Timoteo Soto d\u00e9c\u00e9d\u00e9 quelques jours auparavant.<\/span><\/span><\/p>\n<p align=\"justify\"><span style=\"font-family: Arial; font-size: small;\"><span lang=\"FR\">La mort le surprit subitement, alors qu&#8217;il venait de visiter les classes des petits du coll\u00e8ge, comme il le faisait souvent, et de commencer \u00e0 pr\u00e9senter la figure du P. Chaminade pour la &#8220;Semaine Chaminade&#8221; organis\u00e9e par le Coll\u00e8ge Santa Mar\u00eda del Pilar de Saragosse.<\/span><\/span><\/p>\n<p align=\"justify\"><span style=\"font-family: Arial; font-size: small;\"><span lang=\"FR\">Que le Seigneur et notre m\u00e8re, la Vierge del Pilar l&#8217;accueillent, et qu&#8217;il repose dans la paix.<\/span><\/span><\/p>\n&nbsp;\n<h3><a name=\"2005-03\"><\/a><span style=\"font-size: small;\">200<span lang=\"en-us\">5<\/span>-03<\/span><\/h3>\n&nbsp;\n<p style=\"text-align: justify;\"><span style=\"font-family: Arial; font-size: small;\"><span lang=\"FR\"> La Province de Zaragoza recommande \u00e0 nos pri\u00e8res fraternelles notre cher Fr\u00e8re, <\/span><b><span lang=\"ES-TRAD\">TIMOTEO SOTO ANGULO<\/span><\/b><span lang=\"FR\">, d\u00e9c\u00e9d\u00e9 au service de la Tr\u00e8s Sainte Vierge le 8 janvier 2005 \u00e0 Zaragoza, Espagne, dans la 79e ann\u00e9e de son \u00e2ge et 1e 62e de sa profession religieuse.<\/span><\/span><\/p>\n<p class=\"MsoNormal\" style=\"text-align: justify;\"><span style=\"font-family: Arial; font-size: small;\"><span lang=\"FR\"><b>Timoteo Soto Angulo<\/b> est n\u00e9 le 22 ao\u00fbt 1926 \u00e0 Hermosilla de Bureba (Burgos). Ses parents s&#8217;appelaient Symphorien et Anne. Il entra au postulat d&#8217;Escoriaza (Guip\u00fazcoa) le 30 septembre 1938, commen\u00e7a son noviciat \u00e0 Elorrio (Vizcaya) le 4 septembre 1942 et pronon\u00e7a ses premiers v\u0153ux le 13 septembre 1943. Apr\u00e8s sa profession il accomplit son scolasticat \u00e0 S\u00e9govie puis \u00e0 Carabanchel Alto (Madrid)<\/span><\/span><\/p>\n<p class=\"MsoNormal\" style=\"text-align: justify;\"><span style=\"font-family: Arial; font-size: small;\"><span lang=\"FR\">Il \u00e9tait titulaire des dipl\u00f4mes acad\u00e9miques suivants:\n&#8211; dipl\u00f4me d&#8217;instituteur obtenu en septembre 1952 \u00e0 l&#8217;Ecole normale de Guadalajara\n&#8211; dipl\u00f4me de langue fran\u00e7aise de l&#8217;Alliance Fran\u00e7aise (Paris) <\/span><\/span><\/p>\n<p class=\"MsoNormal\" style=\"text-align: justify;\"><span style=\"font-family: Arial; font-size: small;\"><span lang=\"FR\">Sa vie religieuse se d\u00e9roula en divers services, lieux et p\u00e9riodes comme ci-dessous:\n&#8211; Coll\u00e8ge \u201cNuestra Se\u00f1ora del Prado\u201d de Ciudad Real 1945-1947\n&#8211; Coll\u00e8ge \u201cSanta Mar\u00eda del Pilar\u201d de Saragosse de 1947 \u00e0 1949\n&#8211; Coll\u00e8ge \u201cNuestra Se\u00f1ora del Pilar\u201d de Valence de 1949 \u00e0 1958\nLe 12 avril 1950, il fit sa profession d\u00e9finitive \u00e0 Saragosse.\n&#8211; Il passa l&#8217;ann\u00e9e scolaire 1958-1959 au second noviciat de Castelgandolfo (Italie)\n&#8211; Coll\u00e8ge Santa Mar\u00eda\u201d de Vitoria (\u00c1lava), de 1959 \u00e0 1960\n&#8211; Coll\u00e8ge Catholique &#8221; Santa Mar\u00eda\u201d de San Sebasti\u00e1n de 1960 \u00e0 1962\n&#8211; Coll\u00e8ge \u201cNuestra Se\u00f1ora del Pilar\u201d de Valence de 1962 \u00e0 1967\n&#8211; Coll\u00e8ge Catholique Santa Mar\u00eda\u201d de San Sebasti\u00e1n de 1967 \u00e0 1973\n&#8211; Mission de Odienn\u00e9 (C\u00f4te d&#8217;Ivoire) d&#8217;octobre 1979 \u00e0 1981\n&#8211; Noviciat de Saragosse, durant l&#8217;ann\u00e9e scolaire 1981-1982, en convalescence\n&#8211; Coll\u00e8ge Nuestra Se\u00f1ora del Pilar\u201d de Logro\u00f1o de 1982 \u00e0 1999\n&#8211; Administration provinciale de Saragosse, de 1999 \u00e0 2005, ann\u00e9e de son d\u00e9c\u00e8s.\nLe 8 janvier 2005 au soir, il entrait dans la maison du p\u00e8re.<\/span><\/span><\/p>\n<p class=\"MsoNormal\" style=\"text-align: justify;\"><span style=\"font-family: Arial; font-size: small;\"><span lang=\"FR\">Timoth\u00e9e \u00e9tait passionn\u00e9 par la mission. Ses deux ann\u00e9es en Afrique l&#8217;avaient profond\u00e9ment marqu\u00e9. Il parlait de la mission marianiste surtout aux enfants. Ce d\u00e9vouement aux \u00e9l\u00e8ves, fruit de sa vocation d&#8217;\u00e9ducateur, l&#8217;a accompagn\u00e9 jusqu&#8217;\u00e0 la fin de sa vie. La joie et la bonne humeur furent aussi ses traits de caract\u00e8re.<\/span><\/span><\/p>\n<p class=\"MsoNormal\" style=\"text-align: justify;\"><span style=\"font-family: Arial; font-size: small;\"><span lang=\"FR\">La mort l&#8217;a surpris subitement, en pleine jouissance de ses facult\u00e9s. Il est pass\u00e9 d&#8217;une vie heureuse de religieux marianiste \u00e0 la vie pleine du Royaume de Dieu<\/span><\/span><\/p>\n<span style=\"font-family: Arial; font-size: small;\"><span lang=\"FR\">Que le Seigneur et notre m\u00e8re la Vierge du Pilier l&#8217;accueillent et qu&#8217;il repose dans la paix.<\/span><\/span>\n\n&nbsp;\n<h3><a name=\"2005-02\"><\/a><span style=\"font-size: small;\">200<span lang=\"en-us\">5<\/span>-02<\/span><\/h3>\n&nbsp;\n<p style=\"text-align: justify;\"><span style=\"font-family: Arial;\"> <span style=\"font-size: small;\">La R\u00e9gion de P\u00e9rou recommande \u00e0 nos pri\u00e8res fraternelles notre cher Fr\u00e8re <b><span style=\"text-transform: uppercase;\">MARCELLUS JOSEPH ROSS<\/span><\/b>, d\u00e9c\u00e9d\u00e9 au service de la Tr\u00e8s Sainte Vierge le 2 janvier 2005 \u00e0 Lima, P\u00e9rou, dans la 84<sup>e<\/sup> ann\u00e9e de son \u00e2ge et la 65<sup>e<\/sup> de sa profession religieuse.<\/span><\/span><\/p>\n<p class=\"MsoNormal\" style=\"text-align: justify;\"><span style=\"font-family: Arial; font-size: small;\"><b>Marcel Ross<\/b> est n\u00e9 le 14 janvier 1921 \u00e0 Alton, Illinois, USA. Il \u00e9tait le troisi\u00e8me des huit fils de Hubert et Rose Ross. La famille Ross d\u00e9m\u00e9nagea \u00e0 Saint Louis, Missouri, la m\u00e9tropole voisine, o\u00f9 elle ne cessa d&#8217;\u00eatre un exemple de foi et de sa pratique religieuse. Tr\u00e8s t\u00f4t le jeune Mark donna des signes \u00e9vidents de son attrait pour la vie religieuse, et \u00e0 la fin de ses \u00e9tudes secondaires dans le coll\u00e8ge dirig\u00e9 par les Marianistes, il exprima le d\u00e9sir d&#8217;\u00eatre fr\u00e8re. Fin juin 1939, il entra au noviciat de Saint Louis. Apr\u00e8s son ann\u00e9e de noviciat, il pronon\u00e7a ses premiers v\u0153ux le 25 ao\u00fbt 1940. Il fr\u00e9quenta ensuite l&#8217;Universit\u00e9 de Dayton, Ohio, o\u00f9 il obtint un dipl\u00f4me en Sciences de l&#8217;Education, dans la sp\u00e9cialit\u00e9 Administration des affaires. Il pronon\u00e7a ses v\u0153ux d\u00e9finitifs la m\u00eame ann\u00e9e, en 1943 et d\u00e9buta sa carri\u00e8re d&#8217;enseignant dans la High school du Saint R\u00e9dempteur \u00e0 D\u00e9troit, Michigan.<\/span><\/p>\n<p class=\"MsoNormal\" style=\"text-align: justify;\"><span style=\"font-family: Arial; font-size: small;\">Le fr\u00e8re Mark se porta volontaire pour la mission qui venait d&#8217;\u00eatre lanc\u00e9e au P\u00e9rou. Mais vu sa sp\u00e9cialit\u00e9 o\u00f9 il y avait plus de besoins que de disponibilit\u00e9s parmi les professeurs marianistes, il fut difficile de le remplacer comme professeur. On put finalement acc\u00e9der \u00e0 ses d\u00e9sirs et il partit pour le P\u00e9rou en 1948. Son envoi au P\u00e9rou co\u00efncida avec celui du P\u00e8re Robert Heil, S.M., qui venait d&#8217;\u00eatre ordonn\u00e9 pr\u00eatre, et ils arriv\u00e8rent \u00e0 quelques jours d&#8217;intervalle. Ils furent tous deux envoy\u00e9s au Coll\u00e8ge Santa Maria, alors situ\u00e9 \u00e0 San Isidro (o\u00f9 se trouve aujourd&#8217;hui le Coll\u00e8ge Maria Reina).<\/span><\/p>\n<p class=\"MsoNormal\" style=\"text-align: justify;\"><span style=\"font-family: Arial; font-size: small;\">Le Fr\u00e8re Mark, jeune, \u00e9tait roux, avec une certaine r\u00e9serve; mince de stature, mais au corps solide et souple, il \u00e9tait n\u00e9 pour assurer la coordination des sports; il pratiquait le basket, le foot, le base-ball, le tennis, le hand-ball, etc&#8230; Bien s\u00fbr, tout cela en plus des cours de math\u00e9matiques, de religion, d&#8217;anglais, et, \u00e0 cette \u00e9poque, d&#8217;initiation professionnelle, car il \u00e9tait un excellent menuisier \u00e9b\u00e9niste, et un peu m\u00e9canicien. Les meubles de sacristie des chapelles des coll\u00e8ges Maria Reina et Santa Maria, sont, avec la croix d&#8217;aluminium de Santa Maria, des exemples de son travail. Sa camionnette Chevrolet &#8220;Apache&#8221; de 1961, par son bon \u00e9tat de conservation, t\u00e9moigne de son habilet\u00e9 en m\u00e9canique automobile. Il poss\u00e9dait une voix exceptionnelle pour le chant, mais il la r\u00e9servait habituellement \u00e0 la pratique de la liturgie&#8230; et au lancement de l&#8217;Hymne national et de l&#8217;hymne du coll\u00e8ge lors des assembl\u00e9es d&#8217;\u00e9l\u00e8ves.<\/span><\/p>\n<p class=\"MsoNormal\" style=\"text-align: justify;\"><span style=\"font-family: Arial; font-size: small;\">Depuis son arriv\u00e9e au P\u00e9rou en 1948, le Fr\u00e8re Mark est rest\u00e9 tout le temps \u00e0 Santa Maria, mises \u00e0 part quelques tr\u00e8s br\u00e8ves interruptions: de 1958 \u00e0 1961, un trimestre en 1965 et l&#8217;ann\u00e9e 1968. Durant ces interruptions, il fut professeur au Coll\u00e8ge San Jos\u00e9 Obrero; six mois de recyclage religieux; \u00e0 Cuernavaca, Mexique, \u00e9tudiant en espagnol, il termina l&#8217;ann\u00e9e comme secr\u00e9taire du Directeur de l&#8217;Institut, Ivan Illich. En 1968, la derni\u00e8re ann\u00e9e du noviciat marianiste du P\u00e9rou, le fr\u00e8re Mark fut appel\u00e9 \u00e0 la charge de fr\u00e8re-ma\u00eetre, pour assister le P\u00e8re Ma\u00eetre des novices. Il s&#8217;acquitta de cette charge avec un grand d\u00e9vouement, mais sans perdre de vue ses chers \u00e9l\u00e8ves de Santa Maria qui d\u00e9j\u00e0 fonctionnait dans le local pr\u00e8s de Chacarilla. A quatre reprises, on lui confia la responsabilit\u00e9 de sup\u00e9rieur de la communaut\u00e9 marianiste qui animait le Coll\u00e8ge Santa Maria, preuve de l&#8217;estime o\u00f9 on le tenait pour ses qualit\u00e9s. L&#8217;ann\u00e9e 1969 lui apporta l&#8217;une de ses plus grandes satisfactions comme entra\u00eeneur de la s\u00e9lection des juniors de foot du Coll\u00e8ge Santa Maria. La championnat interscolaire de cette ann\u00e9e fut patronn\u00e9 par Coca-Cola qui offrit comme premier prix \u00e0 l&#8217;\u00e9quipe victorieuse un voyage \u00e0 Buenos-Aires et \u00e0 Santiago du Chili.<\/span><\/p>\n<p class=\"MsoNormal\" style=\"text-align: justify;\"><span style=\"font-family: Arial; font-size: small;\">Plus encore que les \u00e9l\u00e8ves, ses fr\u00e8res marianistes ont pu appr\u00e9cier la qualit\u00e9 de vie religieuse qui fut toujours la caract\u00e9ristique de Mark. Sa d\u00e9votion au Seigneur dans l&#8217;Eucharistie et \u00e0 la Vierge Marie \u00e9tait particuli\u00e8rement remarqu\u00e9e. Il avait coutume de se coucher t\u00f4t pour pouvoir se lever une heure avant la communaut\u00e9 et se consacrer \u00e0 l&#8217;oraison. Sa mani\u00e8re d&#8217;entonner le chant gr\u00e9gorien du &#8220;Salve Regina&#8221; inspirait la d\u00e9votion de tous.<\/span><\/p>\n<p class=\"MsoNormal\" style=\"text-align: justify;\"><span style=\"font-family: Arial; font-size: small;\">Alors qu&#8217;il n&#8217;enseignait plus depuis des ann\u00e9es, il se maintenait en activit\u00e9 comme Directeur des sports et d\u00e9l\u00e9gu\u00e9 \u00e0 ADECORE (Association Sportive des Coll\u00e8ges Religieux). Il repr\u00e9senta Santa Maria comme membre fondateur de ADECORE, dont il fut le premier vice-pr\u00e9sident. Il n&#8217;arr\u00eata jamais d&#8217;y participer activement, comme d\u00e9l\u00e9gu\u00e9, directeur technique de l&#8217;\u00e9quipe de foot de tout niveau, chauffeur des \u00e9quipes du coll\u00e8ge, responsable du local fourni.<\/span><\/p>\n<p align=\"justify\"><span lang=\"FR\" style=\"font-family: Arial;\"> <span style=\"font-size: small;\">Bien que le fr\u00e8re Mark ait eu quelques probl\u00e8mes de sant\u00e9 dans le pass\u00e9, il les avait toujours surmont\u00e9s. La pneumonie qu&#8217;il contracta quelques semaines avant son d\u00e9c\u00e8s paraissait ma\u00eetris\u00e9e et en voie de gu\u00e9rison, quand des complications aggrav\u00e8rent son \u00e9tat, et malgr\u00e9 les efforts des m\u00e9decins, il mourut le dimanche 2 janvier, vers deux heures de l&#8217;apr\u00e8s-midi, sans avoir repris conscience. Il fut enterr\u00e9 au cimeti\u00e8re paysag\u00e9 de La Paz \u00e0 Lima, le 4 janvier. La messe des fun\u00e9railles fut c\u00e9l\u00e9br\u00e9e par Mgr Jean Luis Cipriani, Cardinal Archev\u00eaque de Lima, et ancien \u00e9l\u00e8ve de Mark; assist\u00e9 par Mgr Adriano (Pacifique) Tomasi, OFM, \u00e9v\u00eaque auxiliaire et compagnon de Mark, en plus de ses fr\u00e8res marianistes, ses coll\u00e8gues professeurs, ses \u00e9l\u00e8ves et anciens \u00e9l\u00e8ves, les parents, le personnel de la maison, et les amis, d\u00e9sireux de manifester leur estime pour le Fr\u00e8re Mark, et leur reconnaissance pour tant d&#8217;ann\u00e9es de d\u00e9vouement et de prier pour son repos dans le Seigneur.<\/span><\/span><\/p>\n&nbsp;\n<h3><a name=\"2005-01\"><\/a><span style=\"font-size: small;\">200<span lang=\"en-us\">5<\/span>-01<\/span><\/h3>\n&nbsp;\n<p style=\"text-align: justify;\"><span style=\"font-family: Arial;\"> <span style=\"font-size: small;\">La R\u00e9gion de Suisse et son Secteur du Togo recommandent \u00e0 nos fraternelles pri\u00e8res notre cher Fr\u00e8re, <b>PIERRE DEVANTHEY<\/b>, d\u00e9c\u00e9d\u00e9 au service de la Tr\u00e8s Sainte Vierge le 2 janvier 2005 <\/span><\/span> <span style=\"font-size: small;\"><span lang=\"FR\" style=\"font-family: Arial;\">\u00e0<\/span><\/span><span style=\"font-family: Arial;\"><span style=\"font-size: small;\"> Sierre, Suisse, dans la 87e ann\u00e9e de son \u00e2ge et 1e 70e de sa profession religieuse.<\/span><\/span><\/p>\n<p style=\"text-align: justify;\"><span style=\"font-family: Arial; font-size: small;\"><span lang=\"FR\"> Pierre Devanthey est n\u00e9 \u00e0 Monthey (Valais), le 29 novembre 1918. Il est le neuvi\u00e8me d\u2019une famille de dix enfants. A l\u2019\u00e2ge de 14 ans, Pierre entre au postulat de Martigny, \u00e0 16, il commence son noviciat en Belgique, \u00e0 St-R\u00e9my-Signeulx. Un an plus tard, le 12 septembre 1935, il se consacre \u00e0 Dieu dans la Soci\u00e9t\u00e9 de Marie. Le 2 ao\u00fbt 1941, le jeune fr\u00e8re se donne pour toujours \u00e0 Dieu et fait alliance avec Marie.La majeure partie de sa vie, Pierre Devanthey la passe \u00e0 enseigner \u00e0 Sion: \u00e0 l\u2019\u00e9cole industrielle pr\u00e8s de 15 ans (1939-1953), puis \u00e0 l\u2019\u00e9cole normale des instituteurs tout en faisant ses \u00e9tudes de lettres \u00e0 l\u2019universit\u00e9 de Fribourg. En 1972, il couronne sa formation par un doctorat en histoire, avec une th\u00e8se intitul\u00e9e La R\u00e9volution bas-valaisanne de 1790. Ses sup\u00e9rieurs lui proposent alors une exp\u00e9rience missionnaire et fr\u00e8re Pierre, \u00e2g\u00e9 de 54 ans, r\u00e9pond \u00e0 l\u2019appel qui lui est adress\u00e9. Huit ans durant, il enseigne au coll\u00e8ge Chaminade de Kara (Togo). Il y a laiss\u00e9 une partie de son c\u0153ur. En effet, chaque fois que l\u2019on \u00e9voquait le continent africain, un grand sourire inondait son visage.<\/span><\/span><\/p>\n<p style=\"text-align: justify;\"><span style=\"font-family: Arial; font-size: small;\"><span lang=\"FR\"> En 1983, Pierre est \u00e0 la retraite. Il s\u2019unit dans la pri\u00e8re aux \u00e9v\u00e9nements du monde ainsi qu\u2019aux joies et peines de sa grande famille. Il porte dans son intercession les personnes qui lui sont proches, aime \u00e0 recevoir des intentions de pri\u00e8re qu\u2019il garde dans son c\u0153ur, surtout les malades qui lui sont confi\u00e9s.<\/span><\/span><\/p>\n<p style=\"text-align: justify;\"><span style=\"font-family: Arial; font-size: small;\"><span lang=\"FR\"> Il va dans une des \u00e9glises de la ville de Sion pour prier le chapelet. C\u2019est ainsi que, sur la demande de quelques participants, il favorise l\u2019\u00e9closion d\u2019un groupe de pri\u00e8re marial qui se r\u00e9unit une fois par semaine dans la chapelle de la communaut\u00e9 depuis 1992.<\/span><\/span><\/p>\n<p style=\"text-align: justify;\"><span style=\"font-family: Arial; font-size: small;\"><span lang=\"FR\"> Atteint dans sa sant\u00e9 depuis plusieurs ann\u00e9es, en union avec Marie, il se pr\u00e9pare \u00e0 son ultime rencontre avec le Seigneur. Je d\u00e9sire r\u00e9aliser la volont\u00e9 de Dieu, confiait-il, le chapelet en main lors de son dernier s\u00e9jour en communaut\u00e9.<\/span><\/span><\/p>\n<p style=\"text-align: justify;\"><span style=\"font-family: Arial; font-size: small;\"><span lang=\"FR\"> Samedi 20 novembre 2004, Pierre Devanthey est hospitalis\u00e9 d\u2019urgence pour des difficult\u00e9s respiratoires. Les m\u00e9decins d\u00e9couvrent que notre cher fr\u00e8re a fait un infarctus. Une semaine plus tard, Pierre est transf\u00e9r\u00e9 \u00e0 la Clinique Ste-Claire \u00e0 Sierre. Il confie alors \u00e0 l\u2019une de ses connaissances: Je m\u2019appr\u00eate \u00e0 faire un long voyage. La derni\u00e8re ligne droite de ce chemin terrestre devient un long voyage \u00e0 l\u00e2cher prise, \u00e0 prendre cong\u00e9 avec ceux qu\u2019il aime, \u00e0 faire confiance en Dieu malgr\u00e9 l\u2019inconnue qui l\u2019attend. Finalement, le jour de la c\u00e9l\u00e9bration de l\u2019Epiphanie, le 2 janvier 2005, il reconna\u00eet l\u2019\u00e9toile, il suit la lumi\u00e8re pour \u00eatre pr\u00e8s du Seigneur. Un t\u00e9moignage envoy\u00e9 peu apr\u00e8s le d\u00e9c\u00e8s de Fr\u00e8re Pierre r\u00e9sume \u00e0 merveille cette longue route: Avec \u00e9motion, nous pensons que la Vierge Marie, M\u00e8re de Dieu, que nous f\u00eations le 1er janvier, l\u2019a juste conduit \u00e0 l\u2019Epiphanie du Seigneur. Qu\u2019il continue pour nous son intercession si pr\u00e9cieuse!<\/span><\/span><\/p>\n<\/td>\n<\/tr>\n<tr>\n<td height=\"102\"><\/td>\n<td><\/td>\n<td><\/td>\n<td><\/td>\n<td><\/td>\n<\/tr>\n<\/tbody>\n<\/table>\t\t\t\t\t\t\t\t<\/div>\n\t\t\t\t<\/div>\n\t\t\t\t\t<\/div>\n\t\t<\/div>\n\t\t\t\t\t<\/div>\n\t\t<\/section>\n\t\t\t\t<\/div>\n\t\t","protected":false},"excerpt":{"rendered":"<p>Nombre Nom Date SM Unit\u00e9 2005-28 Fr\u00e8re Jakob Thalmann \u00a030 D\u00e9cembre 2005 Switzerland\/Togo 2005-27 Fr\u00e8re Bernard Diethorn 27 D\u00e9cembre 2005 USA 2005-26 Fr\u00e8re Paul Nomi 20 D\u00e9cembre 2005 USA 2005-25 Fr\u00e8re Remigio Franch 13 D\u00e9cembre 2005 Italy 2005-24 P\u00e8re Juan Vesga Cuevas \u00a09 D\u00e9cembre 2005 Zaragoza 2005-23 Fr\u00e8re Anthony Young 25 D\u00e9cembre 2005 USA 2005-22 [&hellip;]<\/p>\n","protected":false},"author":1,"featured_media":0,"parent":0,"menu_order":0,"comment_status":"closed","ping_status":"closed","template":"","meta":{"site-sidebar-layout":"no-sidebar","site-content-layout":"page-builder","ast-site-content-layout":"default","site-content-style":"default","site-sidebar-style":"default","ast-global-header-display":"","ast-banner-title-visibility":"","ast-main-header-display":"","ast-hfb-above-header-display":"","ast-hfb-below-header-display":"","ast-hfb-mobile-header-display":"","site-post-title":"disabled","ast-breadcrumbs-content":"","ast-featured-img":"disabled","footer-sml-layout":"","ast-disable-related-posts":"","theme-transparent-header-meta":"default","adv-header-id-meta":"","stick-header-meta":"","header-above-stick-meta":"","header-main-stick-meta":"","header-below-stick-meta":"","astra-migrate-meta-layouts":"default","ast-page-background-enabled":"default","ast-page-background-meta":{"desktop":{"background-color":"","background-image":"","background-repeat":"repeat","background-position":"center center","background-size":"auto","background-attachment":"scroll","background-type":"","background-media":"","overlay-type":"","overlay-color":"","overlay-opacity":"","overlay-gradient":""},"tablet":{"background-color":"","background-image":"","background-repeat":"repeat","background-position":"center center","background-size":"auto","background-attachment":"scroll","background-type":"","background-media":"","overlay-type":"","overlay-color":"","overlay-opacity":"","overlay-gradient":""},"mobile":{"background-color":"","background-image":"","background-repeat":"repeat","background-position":"center center","background-size":"auto","background-attachment":"scroll","background-type":"","background-media":"","overlay-type":"","overlay-color":"","overlay-opacity":"","overlay-gradient":""}},"ast-content-background-meta":{"desktop":{"background-color":"var(--ast-global-color-5)","background-image":"","background-repeat":"repeat","background-position":"center center","background-size":"auto","background-attachment":"scroll","background-type":"","background-media":"","overlay-type":"","overlay-color":"","overlay-opacity":"","overlay-gradient":""},"tablet":{"background-color":"var(--ast-global-color-5)","background-image":"","background-repeat":"repeat","background-position":"center center","background-size":"auto","background-attachment":"scroll","background-type":"","background-media":"","overlay-type":"","overlay-color":"","overlay-opacity":"","overlay-gradient":""},"mobile":{"background-color":"var(--ast-global-color-5)","background-image":"","background-repeat":"repeat","background-position":"center center","background-size":"auto","background-attachment":"scroll","background-type":"","background-media":"","overlay-type":"","overlay-color":"","overlay-opacity":"","overlay-gradient":""}},"footnotes":""},"class_list":["post-5291","page","type-page","status-publish","hentry"],"ams_acf":[],"_links":{"self":[{"href":"https:\/\/marianist.org\/es\/wp-json\/wp\/v2\/pages\/5291","targetHints":{"allow":["GET"]}}],"collection":[{"href":"https:\/\/marianist.org\/es\/wp-json\/wp\/v2\/pages"}],"about":[{"href":"https:\/\/marianist.org\/es\/wp-json\/wp\/v2\/types\/page"}],"author":[{"embeddable":true,"href":"https:\/\/marianist.org\/es\/wp-json\/wp\/v2\/users\/1"}],"replies":[{"embeddable":true,"href":"https:\/\/marianist.org\/es\/wp-json\/wp\/v2\/comments?post=5291"}],"version-history":[{"count":7,"href":"https:\/\/marianist.org\/es\/wp-json\/wp\/v2\/pages\/5291\/revisions"}],"predecessor-version":[{"id":5304,"href":"https:\/\/marianist.org\/es\/wp-json\/wp\/v2\/pages\/5291\/revisions\/5304"}],"wp:attachment":[{"href":"https:\/\/marianist.org\/es\/wp-json\/wp\/v2\/media?parent=5291"}],"curies":[{"name":"wp","href":"https:\/\/api.w.org\/{rel}","templated":true}]}}